{"id":88,"date":"2020-05-26T07:26:13","date_gmt":"2020-05-26T07:26:13","guid":{"rendered":"http:\/\/institutohistoricosl.com.br\/?page_id=88"},"modified":"2021-08-05T13:02:21","modified_gmt":"2021-08-05T13:02:21","slug":"videos","status":"publish","type":"page","link":"https:\/\/institutohistoricosl.com.br\/?page_id=88","title":{"rendered":"V\u00eddeos"},"content":{"rendered":"\n<div style=\"height:36px\" aria-hidden=\"true\" class=\"wp-block-spacer\"><\/div>\n\n\n\n<h3 class=\"has-text-align-left\">CONHE\u00c7A A NOVA S\u00c9RIE DO INSTITUTO MARTIUS-STADEN <\/h3>\n\n\n\n<h2 class=\"has-text-align-center\"><em><strong>Di\u00e1logos Brasil &#8211; Alemanha: passado, presente e futuro<\/strong><\/em><\/h2>\n\n\n\n<div style=\"height:23px\" aria-hidden=\"true\" class=\"wp-block-spacer\"><\/div>\n\n\n\n<div class=\"wp-block-image\"><figure class=\"aligncenter is-resized\"><img loading=\"lazy\" src=\"https:\/\/fmioua.stripocdn.email\/content\/guids\/CABINET_a37d9af1d1c6e70dc1d189615f3ce8dc\/images\/79221627916993357.jpg\" alt=\"\" width=\"443\" height=\"443\"\/><\/figure><\/div>\n\n\n\n<div style=\"height:20px\" aria-hidden=\"true\" class=\"wp-block-spacer\"><\/div>\n\n\n\n<p>&#x1f4cc; <strong>Entrevista com o Prof. Dr. Marcos Witt sobre a pluralidade e atualidade das migra\u00e7\u00f5es alem\u00e3s.<\/strong><\/p>\n\n\n\n<p>&#x1f3a7; Epis\u00f3dios dispon\u00edveis nas principais plataformas.<\/p>\n\n\n\n<p>YouTube: <a href=\"https:\/\/youtu.be\/23oUW2h1FKQ\" target=\"_blank\" rel=\"noreferrer noopener\">https:\/\/youtu.be\/23oUW2h1FKQ<\/a><\/p>\n\n\n\n<p>Spotify: <a href=\"https:\/\/open.spotify.com\/show\/4HWaVwCTGZfhVsO07LyNKN?si=IjxxjzRSQD6pOC20UNk_hw&amp;dl_branch=1\" target=\"_blank\" rel=\"noreferrer noopener\">https:\/\/open.spotify.com\/show\/4HWaVwCTGZfhVsO07LyNKN?si=IjxxjzRSQD6pOC20UNk_hw&amp;dl_branch=1<\/a><\/p>\n\n\n\n<div style=\"height:20px\" aria-hidden=\"true\" class=\"wp-block-spacer\"><\/div>\n","protected":false},"excerpt":{"rendered":"<p>CONHE\u00c7A A NOVA S\u00c9RIE DO INSTITUTO MARTIUS-STADEN Di\u00e1logos Brasil &#8211; Alemanha: passado, presente e futuro &#x1f4cc; Entrevista com o Prof.&hellip; <a class=\"read-more\" href=\"https:\/\/institutohistoricosl.com.br\/?page_id=88\">Continue lendo<\/a><\/p>\n","protected":false},"author":2,"featured_media":0,"parent":0,"menu_order":0,"comment_status":"closed","ping_status":"closed","template":"","meta":[],"_links":{"self":[{"href":"https:\/\/institutohistoricosl.com.br\/index.php?rest_route=\/wp\/v2\/pages\/88"}],"collection":[{"href":"https:\/\/institutohistoricosl.com.br\/index.php?rest_route=\/wp\/v2\/pages"}],"about":[{"href":"https:\/\/institutohistoricosl.com.br\/index.php?rest_route=\/wp\/v2\/types\/page"}],"author":[{"embeddable":true,"href":"https:\/\/institutohistoricosl.com.br\/index.php?rest_route=\/wp\/v2\/users\/2"}],"replies":[{"embeddable":true,"href":"https:\/\/institutohistoricosl.com.br\/index.php?rest_route=%2Fwp%2Fv2%2Fcomments&post=88"}],"version-history":[{"count":6,"href":"https:\/\/institutohistoricosl.com.br\/index.php?rest_route=\/wp\/v2\/pages\/88\/revisions"}],"predecessor-version":[{"id":1052,"href":"https:\/\/institutohistoricosl.com.br\/index.php?rest_route=\/wp\/v2\/pages\/88\/revisions\/1052"}],"wp:attachment":[{"href":"https:\/\/institutohistoricosl.com.br\/index.php?rest_route=%2Fwp%2Fv2%2Fmedia&parent=88"}],"curies":[{"name":"wp","href":"https:\/\/api.w.org\/{rel}","templated":true}]}}