{"id":74,"date":"2020-05-26T07:22:44","date_gmt":"2020-05-26T07:22:44","guid":{"rendered":"http:\/\/institutohistoricosl.com.br\/?page_id=74"},"modified":"2026-04-12T16:58:41","modified_gmt":"2026-04-12T16:58:41","slug":"obras-publicadas","status":"publish","type":"page","link":"https:\/\/institutohistoricosl.com.br\/?page_id=74","title":{"rendered":"Obras publicadas"},"content":{"rendered":"\n<div style=\"height:100px\" aria-hidden=\"true\" class=\"wp-block-spacer\"><\/div>\n\n\n\n<div class=\"wp-block-media-text alignwide is-stacked-on-mobile\" style=\"grid-template-columns:40% auto\"><figure class=\"wp-block-media-text__media\"><img src=\"https:\/\/oikoseditora.com.br\/static\/fotos-catalogo-obra\/1376\/250x360\/Capa-938a.jpg\" alt=\"Alem\u00e3es e descendentes do Rio Grande do Sul na Guerra do Paraguai | - 2\u00aa. edi\u00e7\u00e3o\"\/><\/figure><div class=\"wp-block-media-text__content\">\n<h2>Alem\u00e3es e descendentes do Rio Grande do Sul na Guerra do Paraguai <\/h2>\n\n\n\n<p> 2\u00aa. edi\u00e7\u00e3o<\/p>\n\n\n\n<p>Autor: Klaus Becker | Pref\u00e1cio Miqu\u00e9ias H. M\u00fcgge<br>Categoria: Hist\u00f3ria\/Anais\/Encontros<br>Idioma: Portugu\u00eas<br>P\u00e1ginas: 223<br>Editora: Oikos<br><a href=\"https:\/\/oikoseditora.com.br\/obra\/index\/id\/1376\">https:\/\/oikoseditora.com.br\/obra\/index\/id\/1376<\/a><\/p>\n<\/div><\/div>\n\n\n\n<div style=\"height:100px\" aria-hidden=\"true\" class=\"wp-block-spacer\"><\/div>\n\n\n\n<div class=\"wp-block-media-text alignwide is-stacked-on-mobile\" style=\"grid-template-columns:34% auto\"><figure class=\"wp-block-media-text__media\"><img src=\"https:\/\/oikoseditora.com.br\/static\/fotos-catalogo-obra\/1374\/250x360\/Capa-933a.jpg\" alt=\"Breve Hist\u00f3ria das Migra\u00e7\u00f5es Alem\u00e3s para o Brasil\"\/><\/figure><div class=\"wp-block-media-text__content\">\n<h2 class=\"has-text-align-center\">Breve Hist\u00f3ria das Migra\u00e7\u00f5es Alem\u00e3s para o Brasil<\/h2>\n\n\n\n<p>Autor: Martin N. Dreher<br>Categoria: Hist\u00f3ria\/Anais\/Encontros<br>Idioma: Portugu\u00eas<br>P\u00e1ginas: 286<br>Editora: Oikos<br><strong><a href=\"https:\/\/oikoseditora.com.br\/new\/obra\/index\/id\/1374\">https:\/\/oikoseditora.com.br\/new\/obra\/index\/id\/1374<\/a><\/strong><\/p>\n<\/div><\/div>\n\n\n\n<div style=\"height:100px\" aria-hidden=\"true\" class=\"wp-block-spacer\"><\/div>\n\n\n\n<div class=\"wp-block-media-text alignwide is-stacked-on-mobile\" style=\"grid-template-columns:48% auto\"><figure class=\"wp-block-media-text__media\"><img src=\"https:\/\/oikoseditora.com.br\/static\/fotos-catalogo-obra\/1407\/250x360\/Capa-954a.jpg\" alt=\"S\u00e3o Leopoldo: comemora\u00e7\u00f5es, reflex\u00f5es e atualidades (1974-2024) | Edi\u00e7\u00e3o especial\/comemorativa\"\/><\/figure><div class=\"wp-block-media-text__content\">\n<h2>S\u00e3o Leopoldo:  comemora\u00e7\u00f5es, reflex\u00f5es e atualidades (1974-2024) <\/h2>\n\n\n\n<p>Edi\u00e7\u00e3o especial\/comemorativa<\/p>\n\n\n\n<p>Autor: Marluza Marques Harres e Ren\u00e9 E. Gertz (orgs.)<br>Categoria: Hist\u00f3ria\/Anais\/Encontros<br>Idioma: Portugu\u00eas<br>P\u00e1ginas: 369<br>Editora: Oikos<br><a href=\"https:\/\/oikoseditora.com.br\/obra\/index\/id\/1407\" target=\"_blank\" rel=\"noreferrer noopener\">https:\/\/oikoseditora.com.br\/obra\/index\/id\/1407<\/a><\/p>\n<\/div><\/div>\n\n\n\n<div style=\"height:100px\" aria-hidden=\"true\" class=\"wp-block-spacer\"><\/div>\n\n\n\n<div class=\"wp-block-media-text alignwide is-stacked-on-mobile\" style=\"grid-template-columns:43% auto\"><figure class=\"wp-block-media-text__media\"><img src=\"https:\/\/oikoseditora.com.br\/static\/fotos-catalogo-obra\/1406\/250x360\/Capa-953a.jpg\" alt=\"Col\u00f4nia Alem\u00e3 de S\u00e3o Leopoldo: 200 anos de Hist\u00f3ria (1824-2024) | Um Almanaque -  Edi\u00e7\u00e3o especial\/comemorativa\"\/><\/figure><div class=\"wp-block-media-text__content\">\n<h2>Col\u00f4nia Alem\u00e3 de S\u00e3o Leopoldo: 200 anos de Hist\u00f3ria (1824-2024) Um Almanaque &#8211; Edi\u00e7\u00e3o especial\/comemorativa<\/h2>\n\n\n\n<p>Autor: Martin N. Dreher e Erny M\u00fcgge (orgs.)<br>Categoria: Hist\u00f3ria\/Anais\/Encontros<br>Idioma: Portugu\u00eas<br>P\u00e1ginas: 600<br>Editora: Oikos<br><a href=\"https:\/\/oikoseditora.com.br\/obra\/index\/id\/1406\" target=\"_blank\" rel=\"noreferrer noopener\">https:\/\/oikoseditora.com.br\/obra\/index\/id\/1406<\/a><\/p>\n<\/div><\/div>\n\n\n\n<div style=\"height:100px\" aria-hidden=\"true\" class=\"wp-block-spacer\"><\/div>\n\n\n\n<div class=\"wp-block-media-text alignwide is-stacked-on-mobile\" style=\"grid-template-columns:37% auto\"><figure class=\"wp-block-media-text__media\"><img src=\"https:\/\/oikoseditora.com.br\/static\/fotos-catalogo-obra\/1404\/250x360\/Capa-951a.jpg\" alt=\"Dona Leopoldina: a primeira imperatriz do Brasil | Narrativa baseada em dados ver\u00eddicos\"\/><\/figure><div class=\"wp-block-media-text__content\">\n<h2>Dona Leopoldina: a primeira imperatriz do Brasil<\/h2>\n\n\n\n<p>Narrativa baseada em dados ver\u00eddicos<\/p>\n\n\n\n<p>Autor: Heinrich Sch\u00fcler (autor) | Liti Belinha Rheinheimer (tradutora)<br>Categoria: Hist\u00f3ria\/Anais\/Encontros<br>Idioma: Portugu\u00eas<br>P\u00e1ginas: 511<br>Editora: Oikos<\/p>\n\n\n\n<p><a href=\"https:\/\/oikoseditora.com.br\/obra\/index\/id\/1404\">https:\/\/oikoseditora.com.br\/obra\/index\/id\/1404<\/a><\/p>\n<\/div><\/div>\n\n\n\n<div style=\"height:100px\" aria-hidden=\"true\" class=\"wp-block-spacer\"><\/div>\n\n\n\n<div class=\"wp-block-media-text alignwide is-stacked-on-mobile\" style=\"grid-template-columns:36% auto\"><figure class=\"wp-block-media-text__media\"><img src=\"https:\/\/oikoseditora.com.br\/static\/fotos-catalogo-obra\/1433\/250x360\/Capa-984a.jpg\" alt=\"Jammerthal, o Vale da Lamenta\u00e7\u00e3o: <br&gt; A minha Guerra Mucker\"\/><\/figure><div class=\"wp-block-media-text__content\">\n<h1 id=\"block-855e3342-8096-40eb-b16b-1dcbe2df5d06\">Jammerthal, o Vale da Lamenta\u00e7\u00e3o: A minha Guerra Mucker<\/h1>\n\n\n\n<p>Autor: Jo\u00e3o Biehl<br>Categoria: Hist\u00f3ria\/Anais\/Encontros<br>Idioma: Portugu\u00eas<br>P\u00e1ginas: 313<br>Editora: Oikos<\/p>\n\n\n\n<p><a href=\"https:\/\/oikoseditora.com.br\/obra\/index\/id\/1433\">https:\/\/oikoseditora.com.br\/obra\/index\/id\/1433<\/a><\/p>\n<\/div><\/div>\n\n\n\n<div style=\"height:100px\" aria-hidden=\"true\" class=\"wp-block-spacer\"><\/div>\n\n\n\n<div class=\"wp-block-media-text alignwide is-stacked-on-mobile\" style=\"grid-template-columns:45% auto\"><figure class=\"wp-block-media-text__media\"><img src=\"https:\/\/oikoseditora.com.br\/static\/fotos-catalogo-obra\/1417\/250x360\/Capa-964a.jpg\" alt=\"A Galerinha da Escola em: Coloniza\u00e7\u00e3o Alem\u00e3\"\/><\/figure><div class=\"wp-block-media-text__content\">\n<h2>A Galerinha da Escola em: Coloniza\u00e7\u00e3o Alem\u00e3<\/h2>\n\n\n\n<p>Autor: Vania In\u00eas Avila Priamo<br>Categoria: Hist\u00f3ria\/Anais\/Encontros<br>Idioma: Portugu\u00eas<br>P\u00e1ginas: 40<br>Editora: Oikos<\/p>\n\n\n\n<p><a href=\"https:\/\/oikoseditora.com.br\/obra\/index\/id\/1417\">https:\/\/oikoseditora.com.br\/obra\/index\/id\/1417<\/a><\/p>\n<\/div><\/div>\n\n\n\n<div style=\"height:100px\" aria-hidden=\"true\" class=\"wp-block-spacer\"><\/div>\n\n\n\n<div class=\"wp-block-media-text alignwide is-stacked-on-mobile\" style=\"grid-template-columns:43% auto\"><figure class=\"wp-block-media-text__media\"><img src=\"https:\/\/oikoseditora.com.br\/static\/fotos-catalogo-obra\/1429\/250x360\/Capa-979a.jpg\" alt=\"Grimms S\u00fc\u00fcgs up Pomerisch (Os Contos de Grimm em pomerano)\"\/><\/figure><div class=\"wp-block-media-text__content\">\n<h2>Grimms S\u00fc\u00fcgs up Pomerisch (Os Contos de Grimm em pomerano)<\/h2>\n\n\n\n<p>Autor: Dai Bruirers Grimm e Anivaldo Kuhn<br>Categoria: Poesia\/Literatura<br>Idioma: Portugu\u00eas<br>P\u00e1ginas: 88<br>Editora: Oikos<\/p>\n\n\n\n<p><a href=\"https:\/\/oikoseditora.com.br\/obra\/index\/id\/1429\">https:\/\/oikoseditora.com.br\/obra\/index\/id\/1429<\/a><\/p>\n<\/div><\/div>\n\n\n\n<div style=\"height:100px\" aria-hidden=\"true\" class=\"wp-block-spacer\"><\/div>\n\n\n\n<div class=\"wp-block-media-text alignwide is-stacked-on-mobile\" style=\"grid-template-columns:35% auto\"><figure class=\"wp-block-media-text__media\"><img src=\"https:\/\/oikoseditora.com.br\/static\/fotos-catalogo-obra\/1427\/250x360\/Capa-983a.jpg\" alt=\"\u201cO \u00faltimo continente livre\u201d. A pol\u00edtica alem\u00e3 para a Am\u00e9rica Latina no contexto das rela\u00e7\u00f5es transnacionais, 1918-1933\"\/><\/figure><div class=\"wp-block-media-text__content\">\n<h2>\u201cO \u00faltimo continente livre\u201d. A pol\u00edtica alem\u00e3 para a Am\u00e9rica Latina no contexto das rela\u00e7\u00f5es transnacionais, 1918-1933<\/h2>\n\n\n\n<p>Autor: Stefan Rinke<br>Categoria: Hist\u00f3ria\/Anais\/Encontros<br>Idioma: Portugu\u00eas<br>P\u00e1ginas: 908<br>Editora: Oikos<\/p>\n\n\n\n<p><a href=\"https:\/\/oikoseditora.com.br\/obra\/index\/id\/1427\">https:\/\/oikoseditora.com.br\/obra\/index\/id\/1427<\/a><\/p>\n<\/div><\/div>\n\n\n\n<div style=\"height:100px\" aria-hidden=\"true\" class=\"wp-block-spacer\"><\/div>\n\n\n\n<div class=\"wp-block-media-text alignwide is-stacked-on-mobile\" style=\"grid-template-columns:34% auto\"><figure class=\"wp-block-media-text__media\"><img src=\"https:\/\/oikoseditora.com.br\/static\/fotos-catalogo-obra\/1426\/250x360\/Capa-977a.jpg\" alt=\"Hist\u00f3ria das migra\u00e7\u00f5es no contexto dos 200 anos de migra\u00e7\u00f5es alem\u00e3s para o Brasil\"\/><\/figure><div class=\"wp-block-media-text__content\">\n<h2>Hist\u00f3ria das migra\u00e7\u00f5es no contexto dos 200 anos de migra\u00e7\u00f5es alem\u00e3s para o Brasil<\/h2>\n\n\n\n<p>Autor: Karen Pupp Spinass\u00e9, Marcos Ant\u00f4nio Witt e Wilhelm Wachholz (orgs.)<br>Categoria: Hist\u00f3ria\/Anais\/Encontros<br>Idioma: Portugu\u00eas<br>P\u00e1ginas: 303<br>Editora: Oikos<\/p>\n\n\n\n<p><a href=\"https:\/\/oikoseditora.com.br\/obra\/index\/id\/1426\">https:\/\/oikoseditora.com.br\/obra\/index\/id\/1426<\/a><\/p>\n<\/div><\/div>\n\n\n\n<div style=\"height:100px\" aria-hidden=\"true\" class=\"wp-block-spacer\"><\/div>\n\n\n\n<div class=\"wp-block-media-text alignwide is-stacked-on-mobile\" style=\"grid-template-columns:33% auto\"><figure class=\"wp-block-media-text__media\"><img src=\"https:\/\/oikoseditora.com.br\/static\/fotos-catalogo-obra\/1425\/250x360\/Capa-976a.jpg\" alt=\"A imagem do Brasil na propaganda alem\u00e3 destinada \u00e0 emigra\u00e7\u00e3o (s\u00e9culo XIX)\"\/><\/figure><div class=\"wp-block-media-text__content\">\n<h2>A imagem do Brasil na propaganda alem\u00e3 destinada \u00e0 emigra\u00e7\u00e3o (s\u00e9culo XIX)<\/h2>\n\n\n\n<p>Autor: D\u00e9bora Bendocchi Alves<br>Categoria: Hist\u00f3ria\/Anais\/Encontros<br>Idioma: Portugu\u00eas<br>P\u00e1ginas: 302<br>Editora: Oikos<\/p>\n\n\n\n<p><a href=\"https:\/\/oikoseditora.com.br\/obra\/index\/id\/1425\">https:\/\/oikoseditora.com.br\/obra\/index\/id\/1425<\/a><\/p>\n<\/div><\/div>\n\n\n\n<div style=\"height:100px\" aria-hidden=\"true\" class=\"wp-block-spacer\"><\/div>\n\n\n\n<div class=\"wp-block-media-text alignwide is-stacked-on-mobile\" style=\"grid-template-columns:35% auto\"><figure class=\"wp-block-media-text__media\"><img src=\"https:\/\/oikoseditora.com.br\/static\/fotos-catalogo-obra\/1424\/250x360\/Capa-975a.jpg\" alt=\"Emigra\u00e7\u00e3o como projeto nacionalista: a \u201cgermanidade\u201d e discursos coloniais no sul do Brasil (1824-1941)\"\/><\/figure><div class=\"wp-block-media-text__content\">\n<h2>Emigra\u00e7\u00e3o como projeto nacionalista: a \u201cgermanidade\u201d e discursos coloniais no sul do Brasil (1824-1941)<\/h2>\n\n\n\n<p>Autor: Frederik Schulze<br>Categoria: Hist\u00f3ria\/Anais\/Encontros<br>Idioma: Portugu\u00eas<br>P\u00e1ginas: 428<br>Editora: Oikos<\/p>\n\n\n\n<p><a href=\"https:\/\/oikoseditora.com.br\/obra\/index\/id\/1424\">https:\/\/oikoseditora.com.br\/obra\/index\/id\/1424<\/a><\/p>\n<\/div><\/div>\n\n\n\n<div style=\"height:63px\" aria-hidden=\"true\" class=\"wp-block-spacer\"><\/div>\n\n\n\n<div class=\"wp-block-media-text alignwide is-stacked-on-mobile\" style=\"grid-template-columns:33% auto\"><figure class=\"wp-block-media-text__media\"><img src=\"https:\/\/oikoseditora.com.br\/static\/fotos-catalogo-obra\/1423\/250x360\/Capa-974a.jpg\" alt=\"Vi\u00favas neerlandesas: Mulheres migrantes e fronteira agr\u00e1ria no Vale do Taquari\/RS\"\/><\/figure><div class=\"wp-block-media-text__content\">\n<h2 class=\"has-text-align-center\">Vi\u00favas neerlandesas: Mulheres migrantes e fronteira agr\u00e1ria no Vale do Taquari\/RS<\/h2>\n\n\n\n<p>Autor: J\u00e9ferson Lu\u00eds Schaeffer<br>Categoria: Hist\u00f3ria\/Anais\/Encontros<br>Idioma: Portugu\u00eas<br>P\u00e1ginas: 304<br>Editora: Oikos<\/p>\n\n\n\n<p><a href=\"https:\/\/oikoseditora.com.br\/obra\/index\/id\/1423\">https:\/\/oikoseditora.com.br\/obra\/index\/id\/1423<\/a><\/p>\n<\/div><\/div>\n\n\n\n<div style=\"height:100px\" aria-hidden=\"true\" class=\"wp-block-spacer\"><\/div>\n\n\n\n<div class=\"wp-block-media-text alignwide is-stacked-on-mobile\" style=\"grid-template-columns:34% auto\"><figure class=\"wp-block-media-text__media\"><img src=\"https:\/\/oikoseditora.com.br\/static\/fotos-catalogo-obra\/1341\/250x360\/Capa-912a.jpg\" alt=\"Sa\u00fade, doen\u00e7a e morte: pr\u00e1ticas curativas nas col\u00f4nias alem\u00e3s (1890-1970)\"\/><\/figure><div class=\"wp-block-media-text__content\">\n<p class=\"has-text-align-center\"><strong>Sa\u00fade, doen\u00e7a e morte: pr\u00e1ticas curativas nas col\u00f4nias alem\u00e3s (1890-1970)<\/strong><\/p>\n\n\n\n<p>Autor: Sandro Blume<br>Categoria: Hist\u00f3ria\/Anais\/Encontros<br>Idioma: Portugu\u00eas<br>P\u00e1ginas: 343<br>Editora: Oikos<\/p>\n\n\n\n<p><a href=\"https:\/\/oikoseditora.com.br\/new\/obra\/index\/id\/1341\">https:\/\/oikoseditora.com.br\/new\/obra\/index\/id\/1341<\/a><\/p>\n<\/div><\/div>\n\n\n\n<div style=\"height:60px\" aria-hidden=\"true\" class=\"wp-block-spacer\"><\/div>\n\n\n\n<div class=\"wp-block-media-text alignwide is-stacked-on-mobile\" style=\"grid-template-columns:30% auto\"><figure class=\"wp-block-media-text__media\"><img loading=\"lazy\" width=\"250\" height=\"355\" src=\"https:\/\/institutohistoricosl.com.br\/wp-content\/uploads\/2023\/06\/Capa-897a.jpg\" alt=\"\" class=\"wp-image-1200 size-full\" srcset=\"https:\/\/institutohistoricosl.com.br\/wp-content\/uploads\/2023\/06\/Capa-897a.jpg 250w, https:\/\/institutohistoricosl.com.br\/wp-content\/uploads\/2023\/06\/Capa-897a-211x300.jpg 211w\" sizes=\"(max-width: 250px) 100vw, 250px\" \/><\/figure><div class=\"wp-block-media-text__content\"><p class=\"fonts-plugin-block\" style=\"font-weight: normal;\"><strong>OS PRIM\u00d3RDIOS DA COL\u00d4NIA ALEM\u00c3 DE S\u00c3O LEOPOLDO | REPRODU\u00c7\u00c3O FAC-SIMILE DA REVISTA DO ARCHIVO PUBLICO DO RIO GRANDE DO SUL \u2013 1924 COM RELATOS DE JO\u00c3O DANIEL HILLEBRAND E OUTRAS PERSONALIDADES<\/strong><br><br>Autor: Martin N. Dreher e Erny M\u00fcgge (Apresenta\u00e7\u00e3o)<br>Categoria: Hist\u00f3ria\/Anais\/Encontros<br>Idioma: Portugu\u00eas<br>P\u00e1ginas: 536<br>Editora: Oikos<br><br><a rel=\"noreferrer noopener\" href=\"https:\/\/oikoseditora.com.br\/obra\/index\/id\/1319\" target=\"_blank\">https:\/\/oikoseditora.com.br\/obra\/index\/id\/1319<\/a><\/p><\/div><\/div>\n\n\n\n<div style=\"height:100px\" aria-hidden=\"true\" class=\"wp-block-spacer\"><\/div>\n\n\n\n<div class=\"wp-block-media-text alignwide is-stacked-on-mobile\" style=\"grid-template-columns:31% auto\"><figure class=\"wp-block-media-text__media\"><img loading=\"lazy\" width=\"250\" height=\"358\" src=\"https:\/\/institutohistoricosl.com.br\/wp-content\/uploads\/2023\/06\/Capa-898a.jpg\" alt=\"\" class=\"wp-image-1198 size-full\" srcset=\"https:\/\/institutohistoricosl.com.br\/wp-content\/uploads\/2023\/06\/Capa-898a.jpg 250w, https:\/\/institutohistoricosl.com.br\/wp-content\/uploads\/2023\/06\/Capa-898a-209x300.jpg 209w\" sizes=\"(max-width: 250px) 100vw, 250px\" \/><\/figure><div class=\"wp-block-media-text__content\">\n<p><strong>IMIGRANTES ALEM\u00c3ES EM S\u00c3O LEOPOLDO 1824-1937<\/strong><\/p>\n\n\n\n<p>Autor: Wilhelm Wolf (autor) e Martin N. Dreher (prefaciador)<br>Categoria: Hist\u00f3ria\/Anais\/Encontros<br>Idioma: Portugu\u00eas<br>P\u00e1ginas: 152<br>Editora: Oikos<br><strong>Pre\u00e7o: R$ 50,00<\/strong><\/p>\n\n\n\n<p><a href=\"https:\/\/oikoseditora.com.br\/obra\/index\/id\/1320\" target=\"_blank\" rel=\"noreferrer noopener\">https:\/\/oikoseditora.com.br\/obra\/index\/id\/1320<\/a><\/p>\n<\/div><\/div>\n\n\n\n<div style=\"height:100px\" aria-hidden=\"true\" class=\"wp-block-spacer\"><\/div>\n\n\n\n<div class=\"wp-block-media-text alignwide is-stacked-on-mobile\" style=\"grid-template-columns:30% auto\"><figure class=\"wp-block-media-text__media\"><img loading=\"lazy\" width=\"250\" height=\"358\" src=\"https:\/\/institutohistoricosl.com.br\/wp-content\/uploads\/2023\/06\/Capa-899a.jpg\" alt=\"\" class=\"wp-image-1196 size-full\" srcset=\"https:\/\/institutohistoricosl.com.br\/wp-content\/uploads\/2023\/06\/Capa-899a.jpg 250w, https:\/\/institutohistoricosl.com.br\/wp-content\/uploads\/2023\/06\/Capa-899a-209x300.jpg 209w\" sizes=\"(max-width: 250px) 100vw, 250px\" \/><\/figure><div class=\"wp-block-media-text__content\"><p class=\"fonts-plugin-block\" style=\"font-weight: normal;\"><strong>DUZENTOS ANOS DE IMIGRA\u00c7\u00c3O ALEM\u00c3 NO BRASIL: FLAGRANTES<\/strong><br><br>Autoria: Arthur Bl. Rambo<br>Categoria: Hist\u00f3ria\/Anais\/Encontros<br>Idioma: Portugu\u00eas<br>P\u00e1ginas: 478<br>Editora: Oikos<br><strong>Pre\u00e7o: R$ 75,00<\/strong><br><br><a href=\"https:\/\/oikoseditora.com.br\/obra\/index\/id\/1321\" target=\"_blank\" rel=\"noreferrer noopener\">https:\/\/oikoseditora.com.br\/obra\/index\/id\/1321<br><\/a><\/p><\/div><\/div>\n\n\n\n<div style=\"height:100px\" aria-hidden=\"true\" class=\"wp-block-spacer\"><\/div>\n\n\n\n<div class=\"wp-block-media-text alignwide is-stacked-on-mobile\" style=\"grid-template-columns:30% auto\"><figure class=\"wp-block-media-text__media\"><img loading=\"lazy\" width=\"246\" height=\"360\" src=\"https:\/\/institutohistoricosl.com.br\/wp-content\/uploads\/2023\/06\/Capa-882a.jpg\" alt=\"\" class=\"wp-image-1191 size-full\" srcset=\"https:\/\/institutohistoricosl.com.br\/wp-content\/uploads\/2023\/06\/Capa-882a.jpg 246w, https:\/\/institutohistoricosl.com.br\/wp-content\/uploads\/2023\/06\/Capa-882a-205x300.jpg 205w\" sizes=\"(max-width: 246px) 100vw, 246px\" \/><\/figure><div class=\"wp-block-media-text__content\"><p class=\"fonts-plugin-block\" style=\"font-weight: normal;\"><strong>COOPERATIVISMO E ASSOCIATIVISMO EM SANTA CATARINA NO CONTEXTO DA IMIGRA\u00c7\u00c3O ALEM\u00c3 PARA O SUL DO BRASIL<\/strong><br><br>Autoria: Elisandra Forneck, Leandro Mayer e Gilvane Kern (orgs.)<br>Idioma: Portugu\u00eas<br>P\u00e1ginas: 438<br>Editora: Oikos<br><br><a href=\"https:\/\/oikoseditora.com.br\/files\/Cooperativismo%20e%20associativismo%20em%20SC%20-%20E-BOOK.pdf\" target=\"_blank\" rel=\"noreferrer noopener\">Baixe aqui o e-book gratuitamente<\/a><br><\/p><\/div><\/div>\n\n\n\n<div style=\"height:100px\" aria-hidden=\"true\" class=\"wp-block-spacer\"><\/div>\n\n\n\n<div class=\"wp-block-media-text alignwide is-stacked-on-mobile\" style=\"grid-template-columns:34% auto\"><figure class=\"wp-block-media-text__media\"><img loading=\"lazy\" width=\"713\" height=\"1024\" src=\"https:\/\/institutohistoricosl.com.br\/wp-content\/uploads\/2023\/02\/Capa-879a-713x1024.jpg\" alt=\"\" class=\"wp-image-1177 size-full\" srcset=\"https:\/\/institutohistoricosl.com.br\/wp-content\/uploads\/2023\/02\/Capa-879a-713x1024.jpg 713w, https:\/\/institutohistoricosl.com.br\/wp-content\/uploads\/2023\/02\/Capa-879a-209x300.jpg 209w, https:\/\/institutohistoricosl.com.br\/wp-content\/uploads\/2023\/02\/Capa-879a-768x1104.jpg 768w, https:\/\/institutohistoricosl.com.br\/wp-content\/uploads\/2023\/02\/Capa-879a.jpg 883w\" sizes=\"(max-width: 713px) 100vw, 713px\" \/><\/figure><div class=\"wp-block-media-text__content\">\n<p><strong>MIGRA\u00c7\u00d5ES, TERRITORIALIDADES E AMBIENTE<\/strong><\/p>\n\n\n\n<p>Autoria: Rosane Marcia Neumann, Welington Augusto Blume (orgs.)<br>Idioma: Portugu\u00eas<br>Editora: Oikos<\/p>\n\n\n\n<p><br><a rel=\"noreferrer noopener\" href=\"http:\/\/institutohistoricosl.com.br\/wp-content\/uploads\/2023\/02\/Migracoes-territorialidades-e-ambiente-E-book_compressed_compressed-2.pdf\" target=\"_blank\">Baixe aqui o e-book gratuitamente<\/a><\/p>\n\n\n\n<p><\/p>\n\n\n\n<p class=\"has-large-font-size\"><\/p>\n<\/div><\/div>\n\n\n\n<div style=\"height:77px\" aria-hidden=\"true\" class=\"wp-block-spacer\"><\/div>\n\n\n\n<div class=\"wp-block-media-text alignwide is-stacked-on-mobile\" style=\"grid-template-columns:35% auto\"><figure class=\"wp-block-media-text__media\"><img loading=\"lazy\" width=\"250\" height=\"332\" src=\"https:\/\/institutohistoricosl.com.br\/wp-content\/uploads\/2022\/11\/image-15.png\" alt=\"\" class=\"wp-image-1167 size-full\" srcset=\"https:\/\/institutohistoricosl.com.br\/wp-content\/uploads\/2022\/11\/image-15.png 250w, https:\/\/institutohistoricosl.com.br\/wp-content\/uploads\/2022\/11\/image-15-226x300.png 226w\" sizes=\"(max-width: 250px) 100vw, 250px\" \/><\/figure><div class=\"wp-block-media-text__content\">\n<p><strong>QUADROS QUE FALAM: NARRATIVAS MIGRAT\u00d3RIAS | 2\u00aa. EDI\u00c7\u00c3O \u2013 2022<\/strong><\/p>\n\n\n\n<p>Autoria: Dalva N. Reinheimer, Eloisa H. C. da Luz Ramos, Erny M\u00fcgge, Isabel C. Arendt e Marcos A. Witt (orgs.)<br>Categoria: Hist\u00f3ria\/Anais\/Encontros<br>Idioma: Portugu\u00eas<br>P\u00e1ginas: 288<br>Editora: Oikos<br><strong>Pre\u00e7o: R$ 150,00<\/strong><br><br><a href=\"https:\/\/oikoseditora.com.br\/new\/obra\/index\/id\/1280\" target=\"_blank\" rel=\"noreferrer noopener\">https:\/\/oikoseditora.com.br\/new\/obra\/index\/id\/1280<\/a><\/p>\n<\/div><\/div>\n\n\n\n<div style=\"height:80px\" aria-hidden=\"true\" class=\"wp-block-spacer\"><\/div>\n\n\n\n<div class=\"wp-block-media-text alignwide is-stacked-on-mobile\" style=\"grid-template-columns:34% auto\"><figure class=\"wp-block-media-text__media\"><img loading=\"lazy\" width=\"249\" height=\"360\" src=\"https:\/\/institutohistoricosl.com.br\/wp-content\/uploads\/2022\/11\/image-11.png\" alt=\"\" class=\"wp-image-1162 size-full\" srcset=\"https:\/\/institutohistoricosl.com.br\/wp-content\/uploads\/2022\/11\/image-11.png 249w, https:\/\/institutohistoricosl.com.br\/wp-content\/uploads\/2022\/11\/image-11-208x300.png 208w\" sizes=\"(max-width: 249px) 100vw, 249px\" \/><\/figure><div class=\"wp-block-media-text__content\">\n<p><strong>ESCRITOS PERDIDOS: VIDA E OBRA DE UM IMIGRANTE INSURGENTE &#8211; JOHANN GEORG KLEIN (1822-1915)<\/strong><\/p>\n\n\n\n<p>Autoria: Jo\u00e3o Biehl e Miqueias M\u00fcgge<br>Categoria: Outros temas<br>Idioma: Portugu\u00eas<br>P\u00e1ginas: 486<br>Editora: Oikos<br><strong>Pre\u00e7o: R$ 75,00<\/strong><br><br><a href=\"https:\/\/oikoseditora.com.br\/new\/obra\/index\/id\/1236\" target=\"_blank\" rel=\"noreferrer noopener\">https:\/\/oikoseditora.com.br\/new\/obra\/index\/id\/1236<\/a><\/p>\n<\/div><\/div>\n\n\n\n<div style=\"height:73px\" aria-hidden=\"true\" class=\"wp-block-spacer\"><\/div>\n\n\n\n<div class=\"wp-block-media-text alignwide is-stacked-on-mobile\" style=\"grid-template-columns:34% auto\"><figure class=\"wp-block-media-text__media\"><img loading=\"lazy\" width=\"250\" height=\"358\" src=\"https:\/\/institutohistoricosl.com.br\/wp-content\/uploads\/2022\/11\/image-10.png\" alt=\"\" class=\"wp-image-1160 size-full\" srcset=\"https:\/\/institutohistoricosl.com.br\/wp-content\/uploads\/2022\/11\/image-10.png 250w, https:\/\/institutohistoricosl.com.br\/wp-content\/uploads\/2022\/11\/image-10-209x300.png 209w\" sizes=\"(max-width: 250px) 100vw, 250px\" \/><\/figure><div class=\"wp-block-media-text__content\">\n<p><strong>VERLORENE SCHRIFTEN: LEBEN UND WERK EINES REBELLISCHEN EINWANDERERS \u2013 JOHANN GEORG KLEIN (1822-1915)<\/strong><\/p>\n\n\n\n<p>Autoria: Jo\u00e3o Biehl e Miqueias M\u00fcgge<br>Categoria: Outros temas<br>Idioma: Alem\u00e3o\/Deutsch<br>P\u00e1ginas: 485<br>Editora: Oikos<br><strong>Pre\u00e7o: R$ 75,00<\/strong><br><br><a href=\"https:\/\/oikoseditora.com.br\/obra\/index\/id\/1261\" target=\"_blank\" rel=\"noreferrer noopener\">https:\/\/oikoseditora.com.br\/obra\/index\/id\/1261<\/a><\/p>\n<\/div><\/div>\n\n\n\n<div style=\"height:78px\" aria-hidden=\"true\" class=\"wp-block-spacer\"><\/div>\n\n\n\n<div class=\"wp-block-media-text alignwide is-stacked-on-mobile\" style=\"grid-template-columns:33% auto\"><figure class=\"wp-block-media-text__media\"><img loading=\"lazy\" width=\"250\" height=\"250\" src=\"https:\/\/institutohistoricosl.com.br\/wp-content\/uploads\/2022\/11\/image-9.png\" alt=\"\" class=\"wp-image-1158 size-full\" srcset=\"https:\/\/institutohistoricosl.com.br\/wp-content\/uploads\/2022\/11\/image-9.png 250w, https:\/\/institutohistoricosl.com.br\/wp-content\/uploads\/2022\/11\/image-9-150x150.png 150w\" sizes=\"(max-width: 250px) 100vw, 250px\" \/><\/figure><div class=\"wp-block-media-text__content\">\n<p><strong>PELLA BETH\u00c2NIA \u2013 130 ANOS: UMA HIST\u00d3RIA DE AMOR AO PR\u00d3XIMO | ED. COMEMORATIVA<\/strong><\/p>\n\n\n\n<p>Autoria: Martin N. Dreher<br>Categoria: Hist\u00f3ria\/Anais\/Encontros<br>Idioma: Portugu\u00eas<br>P\u00e1ginas: 128<br>Editora: Oikos<br><strong>Pre\u00e7o: R$ 49,00<\/strong><br><br><a href=\"https:\/\/oikoseditora.com.br\/obra\/index\/id\/1257\" target=\"_blank\" rel=\"noreferrer noopener\">https:\/\/oikoseditora.com.br\/obra\/index\/id\/1257<\/a><\/p>\n<\/div><\/div>\n\n\n\n<div style=\"height:81px\" aria-hidden=\"true\" class=\"wp-block-spacer\"><\/div>\n\n\n\n<div class=\"wp-block-media-text alignwide is-stacked-on-mobile\" style=\"grid-template-columns:33% auto\"><figure class=\"wp-block-media-text__media\"><img loading=\"lazy\" width=\"250\" height=\"358\" src=\"https:\/\/institutohistoricosl.com.br\/wp-content\/uploads\/2022\/11\/image-8.png\" alt=\"\" class=\"wp-image-1156 size-full\" srcset=\"https:\/\/institutohistoricosl.com.br\/wp-content\/uploads\/2022\/11\/image-8.png 250w, https:\/\/institutohistoricosl.com.br\/wp-content\/uploads\/2022\/11\/image-8-209x300.png 209w\" sizes=\"(max-width: 250px) 100vw, 250px\" \/><\/figure><div class=\"wp-block-media-text__content\">\n<p><strong>HIST\u00d3RIA DE MULHERES CAT\u00d3LICAS ALEM\u00c3S IMIGRANTES NO SUL DO BRASIL (1824-1939)<\/strong><\/p>\n\n\n\n<p>Autoria: Gisela B\u00fcttner Lermen<br>Categoria: Hist\u00f3ria\/Anais\/Encontros<br>Idioma: Portugu\u00eas<br>P\u00e1ginas: 434<br>Editora: Oikos<br><strong>Pre\u00e7o: R$ 95,00<\/strong><br><br><a href=\"https:\/\/www.oikoseditora.com.br\/obra\/index\/id\/1266\" target=\"_blank\" rel=\"noreferrer noopener\">https:\/\/www.oikoseditora.com.br\/obra\/index\/id\/1266<\/a><\/p>\n<\/div><\/div>\n\n\n\n<div style=\"height:75px\" aria-hidden=\"true\" class=\"wp-block-spacer\"><\/div>\n\n\n\n<div class=\"wp-block-media-text alignwide is-stacked-on-mobile\" style=\"grid-template-columns:33% auto\"><figure class=\"wp-block-media-text__media\"><img loading=\"lazy\" width=\"250\" height=\"348\" src=\"https:\/\/institutohistoricosl.com.br\/wp-content\/uploads\/2022\/11\/image-3.png\" alt=\"\" class=\"wp-image-1149 size-full\" srcset=\"https:\/\/institutohistoricosl.com.br\/wp-content\/uploads\/2022\/11\/image-3.png 250w, https:\/\/institutohistoricosl.com.br\/wp-content\/uploads\/2022\/11\/image-3-216x300.png 216w\" sizes=\"(max-width: 250px) 100vw, 250px\" \/><\/figure><div class=\"wp-block-media-text__content\">\n<p><strong>INSTITUTOS TEUTO-BRASILEIROS NO SUL DO BRASIL: FORMA\u00c7\u00c3O DE PROFESSORES E O IDE\u00c1RIO MODERNO EDUCACIONAL PARA O PA\u00cdS (1909-1938)<\/strong><\/p>\n\n\n\n<p>Autoria: Ilson Paulo Ramos Blogoslawski<br>Categoria: Hist\u00f3ria\/Anais\/Encontros<br>Idioma: Portugu\u00eas<br>P\u00e1ginas: 319<br>Editora: Oikos<br><strong>Pre\u00e7o: R$ 95,00<\/strong><br><br><a href=\"https:\/\/www.oikoseditora.com.br\/obra\/index\/id\/1267\">https:\/\/www.oikoseditora.com.br\/obra\/index\/id\/1267<\/a><\/p>\n<\/div><\/div>\n\n\n\n<div style=\"height:73px\" aria-hidden=\"true\" class=\"wp-block-spacer\"><\/div>\n\n\n\n<div class=\"wp-block-media-text alignwide is-stacked-on-mobile\" style=\"grid-template-columns:33% auto\"><figure class=\"wp-block-media-text__media\"><img loading=\"lazy\" width=\"246\" height=\"360\" src=\"https:\/\/institutohistoricosl.com.br\/wp-content\/uploads\/2022\/11\/image-2.png\" alt=\"\" class=\"wp-image-1147 size-full\" srcset=\"https:\/\/institutohistoricosl.com.br\/wp-content\/uploads\/2022\/11\/image-2.png 246w, https:\/\/institutohistoricosl.com.br\/wp-content\/uploads\/2022\/11\/image-2-205x300.png 205w\" sizes=\"(max-width: 246px) 100vw, 246px\" \/><\/figure><div class=\"wp-block-media-text__content\">\n<p><strong>VIAGENS PELA AM\u00c9RICA DO SUL | JOHANN JAKOB VON TSCHUDIVIAGENS PELA AM\u00c9RICA DO SUL | JOHANN JAKOB VON TSCHUDI<\/strong><\/p>\n\n\n\n<p>Autoria: Martin N. Dreher (org.)<br>Categoria: Hist\u00f3ria\/Anais\/Encontros<br>Idioma: Portugu\u00eas<br>P\u00e1ginas: 244<br>Editora: Oikos<br><strong>Pre\u00e7o: R$ 75,00<\/strong><br><br><a href=\"https:\/\/www.oikoseditora.com.br\/obra\/index\/id\/1256\" target=\"_blank\" rel=\"noreferrer noopener\">https:\/\/www.oikoseditora.com.br\/obra\/index\/id\/1256<\/a><\/p>\n<\/div><\/div>\n\n\n\n<div style=\"height:70px\" aria-hidden=\"true\" class=\"wp-block-spacer\"><\/div>\n\n\n\n<div class=\"wp-block-media-text alignwide is-stacked-on-mobile\" style=\"grid-template-columns:33% auto\"><figure class=\"wp-block-media-text__media\"><img loading=\"lazy\" width=\"250\" height=\"358\" src=\"https:\/\/institutohistoricosl.com.br\/wp-content\/uploads\/2022\/11\/image-1.png\" alt=\"\" class=\"wp-image-1145 size-full\" srcset=\"https:\/\/institutohistoricosl.com.br\/wp-content\/uploads\/2022\/11\/image-1.png 250w, https:\/\/institutohistoricosl.com.br\/wp-content\/uploads\/2022\/11\/image-1-209x300.png 209w\" sizes=\"(max-width: 250px) 100vw, 250px\" \/><\/figure><div class=\"wp-block-media-text__content\">\n<p><strong>SOB A SOMBRA DOS COMMONS: CAPITAL SOCIAL, MEIO AMBIENTE E IMIGRA\u00c7\u00c3O ALEM\u00c3 NO BRASIL MERIDIONAL<\/strong><\/p>\n\n\n\n<p>Autoria: Eduardo Relly<br>Categoria: Hist\u00f3ria\/Anais\/Encontros<br>Idioma: Portugu\u00eas<br>P\u00e1ginas: 164<br>Editora: Oikos<br><strong>Pre\u00e7o: R$ 65,00<\/strong><br><br><a href=\"https:\/\/oikoseditora.com.br\/obra\/index\/id\/1234\" target=\"_blank\" rel=\"noreferrer noopener\">https:\/\/oikoseditora.com.br\/obra\/index\/id\/1234<\/a><\/p>\n\n\n\n<p><\/p>\n<\/div><\/div>\n\n\n\n<div style=\"height:61px\" aria-hidden=\"true\" class=\"wp-block-spacer\"><\/div>\n\n\n\n<div class=\"wp-block-media-text alignwide is-stacked-on-mobile\" style=\"grid-template-columns:33% auto\"><figure class=\"wp-block-media-text__media\"><img loading=\"lazy\" width=\"240\" height=\"360\" src=\"https:\/\/institutohistoricosl.com.br\/wp-content\/uploads\/2022\/03\/Capa-803a-1.jpg\" alt=\"\" class=\"wp-image-1118 size-full\" srcset=\"https:\/\/institutohistoricosl.com.br\/wp-content\/uploads\/2022\/03\/Capa-803a-1.jpg 240w, https:\/\/institutohistoricosl.com.br\/wp-content\/uploads\/2022\/03\/Capa-803a-1-200x300.jpg 200w\" sizes=\"(max-width: 240px) 100vw, 240px\" \/><\/figure><div class=\"wp-block-media-text__content\">\n<p><strong>MIGRA\u00c7\u00d5ES ALEM\u00c3S PARA O BRASIL: HIST\u00d3RIA E LITERATURA<\/strong><br><br>Autoria: Gerson R. Neumann, Ernani M\u00fcgge e Miqu\u00e9ias H. M\u00fcgge (orgs.)<br>Categoria: Hist\u00f3ria\/Anais\/Encontros<br>Idioma: Portugu\u00eas<br>P\u00e1ginas: 240<br>Editora: Oikos<br><strong>Pre\u00e7o: R$ 60,00<\/strong> <br><br><a rel=\"noreferrer noopener\" href=\"https:\/\/oikoseditora.com.br\/obra\/index\/id\/1216\" target=\"_blank\">https:\/\/oikoseditora.com.br\/obra\/index\/id\/1216<\/a><\/p>\n\n\n\n<p><\/p>\n\n\n\n<p> <\/p>\n<\/div><\/div>\n\n\n\n<div style=\"height:100px\" aria-hidden=\"true\" class=\"wp-block-spacer\"><\/div>\n\n\n\n<div class=\"wp-block-media-text alignwide is-stacked-on-mobile\" style=\"grid-template-columns:33% auto\"><figure class=\"wp-block-media-text__media\"><img loading=\"lazy\" width=\"243\" height=\"360\" src=\"https:\/\/institutohistoricosl.com.br\/wp-content\/uploads\/2022\/03\/roche.jpg\" alt=\"\" class=\"wp-image-1113 size-full\" srcset=\"https:\/\/institutohistoricosl.com.br\/wp-content\/uploads\/2022\/03\/roche.jpg 243w, https:\/\/institutohistoricosl.com.br\/wp-content\/uploads\/2022\/03\/roche-203x300.jpg 203w\" sizes=\"(max-width: 243px) 100vw, 243px\" \/><\/figure><div class=\"wp-block-media-text__content\">\n<p><strong>A COLONIZA\u00c7\u00c3O ALEM\u00c3 E O RIO GRANDE DO SUL | 2\u00aa ED. COMPLETA, REVISADA E ATUALIZADA<\/strong> <br><br>Autoria: Jean Roche<br>Categoria: Hist\u00f3ria\/Anais\/Encontros<br>Idioma: Portugu\u00eas<br>P\u00e1ginas: 824<br>Editora: Oikos<br><strong>Pre\u00e7o: R$ 165,00<\/strong><br><br><a rel=\"noreferrer noopener\" href=\"https:\/\/oikoseditora.com.br\/new\/obra\/index\/id\/1206\" target=\"_blank\">https:\/\/oikoseditora.com.br\/new\/obra\/index\/id\/1206 <\/a><\/p>\n\n\n\n<p><\/p>\n\n\n\n<p> <\/p>\n<\/div><\/div>\n\n\n\n<div style=\"height:100px\" aria-hidden=\"true\" class=\"wp-block-spacer\"><\/div>\n\n\n\n<div class=\"wp-block-media-text alignwide is-stacked-on-mobile\" style=\"grid-template-columns:34% auto\"><figure class=\"wp-block-media-text__media\"><img loading=\"lazy\" width=\"241\" height=\"360\" src=\"https:\/\/institutohistoricosl.com.br\/wp-content\/uploads\/2022\/03\/Capa-790a.jpg\" alt=\"\" class=\"wp-image-1106 size-full\" srcset=\"https:\/\/institutohistoricosl.com.br\/wp-content\/uploads\/2022\/03\/Capa-790a.jpg 241w, https:\/\/institutohistoricosl.com.br\/wp-content\/uploads\/2022\/03\/Capa-790a-201x300.jpg 201w\" sizes=\"(max-width: 241px) 100vw, 241px\" \/><\/figure><div class=\"wp-block-media-text__content\">\n<p><strong>A TRAJET\u00d3RIA DE UMA ESCRITORA IMIGRANTE: JOSEFINE WIERSCH ENTRE TR\u00caS MUNDOS<\/strong> <br><br>Autoria: Miqu\u00e9ias H. Mugge<br>Categoria: Hist\u00f3ria\/Anais\/Encontros<br>Idioma: Portugu\u00eas<br>P\u00e1ginas: 192<br>Editora: Oikos<br><strong>Pre\u00e7o: R$ 65,00<\/strong><br><br><a rel=\"noreferrer noopener\" href=\"https:\/\/oikoseditora.com.br\/new\/obra\/index\/id\/1202\" target=\"_blank\">https:\/\/oikoseditora.com.br\/new\/obra\/index\/id\/1202<\/a><\/p>\n<\/div><\/div>\n\n\n\n<div style=\"height:100px\" aria-hidden=\"true\" class=\"wp-block-spacer\"><\/div>\n\n\n\n<div class=\"wp-block-media-text alignwide is-stacked-on-mobile\" style=\"grid-template-columns:35% auto\"><figure class=\"wp-block-media-text__media\"><img loading=\"lazy\" width=\"250\" height=\"254\" src=\"https:\/\/institutohistoricosl.com.br\/wp-content\/uploads\/2022\/03\/Capa-777a.jpg\" alt=\"\" class=\"wp-image-1102 size-full\"\/><\/figure><div class=\"wp-block-media-text__content\">\n<p><strong>DER TRAUM DER GESCHWISTER M\u00dcGGE: VON DEUTSCHLAND NACH AMERIKA | ED. ALEM\u00c3O \/ DEUTSCH<\/strong><br><br>Autoria: Erny, Iria, Tobias e Miqu\u00e9ias M\u00fcgge<br>Categoria: Hist\u00f3ria\/Anais\/Encontros<br>Idioma: Alem\u00e3o<br>P\u00e1ginas: 256<br>Editora: Oikos<br><strong>Pre\u00e7o: R$ 120,00<\/strong><br><br><a href=\"https:\/\/oikoseditora.com.br\/obra\/index\/id\/1189\" target=\"_blank\" rel=\"noreferrer noopener\">https:\/\/oikoseditora.com.br\/obra\/index\/id\/1189<\/a><br><\/p>\n\n\n\n<p><\/p>\n<\/div><\/div>\n\n\n\n<div style=\"height:100px\" aria-hidden=\"true\" class=\"wp-block-spacer\"><\/div>\n\n\n\n<div class=\"wp-block-media-text alignwide is-stacked-on-mobile\" style=\"grid-template-columns:34% auto\"><figure class=\"wp-block-media-text__media\"><img loading=\"lazy\" width=\"231\" height=\"360\" src=\"https:\/\/institutohistoricosl.com.br\/wp-content\/uploads\/2022\/03\/Capanova-742a.jpg\" alt=\"\" class=\"wp-image-1099 size-full\" srcset=\"https:\/\/institutohistoricosl.com.br\/wp-content\/uploads\/2022\/03\/Capanova-742a.jpg 231w, https:\/\/institutohistoricosl.com.br\/wp-content\/uploads\/2022\/03\/Capanova-742a-193x300.jpg 193w\" sizes=\"(max-width: 231px) 100vw, 231px\" \/><\/figure><div class=\"wp-block-media-text__content\">\n<p><strong>QUADROS QUE FALAM: NARRATIVAS MIGRAT\u00d3RIAS \u00ad\u2013 VOL. 1 | EDI\u00c7\u00c3O EM BRAILE E EM FONTE AMPLIADA<\/strong><br><\/p>\n\n\n\n<p>Autoria: Dalva Neraci Reinheimer, Eloisa H. Capovilla da Luz Ramos, Erny M\u00fcgge, Isabel Cristina Arendt e Marcos Ant\u00f4nio Witt<br>Categoria: Hist\u00f3ria\/Anais\/Encontros<br>Idioma: Portugu\u00eas<br>P\u00e1ginas: 174<br>Editora: Oikos<br><br><a href=\"https:\/\/oikoseditora.com.br\/obra\/index\/id\/1187\" target=\"_blank\" rel=\"noreferrer noopener\">https:\/\/oikoseditora.com.br\/obra\/index\/id\/1187<\/a><\/p>\n\n\n\n<p><\/p>\n\n\n\n<p><br><br><br><\/p>\n\n\n\n<p><\/p>\n<\/div><\/div>\n\n\n\n<div style=\"height:79px\" aria-hidden=\"true\" class=\"wp-block-spacer\"><\/div>\n\n\n\n<div class=\"wp-block-media-text alignwide is-stacked-on-mobile\" style=\"grid-template-columns:34% auto\"><figure class=\"wp-block-media-text__media\"><img loading=\"lazy\" width=\"250\" height=\"358\" src=\"http:\/\/institutohistoricosl.com.br\/wp-content\/uploads\/2021\/08\/Capa-729a.jpg\" alt=\"\" class=\"wp-image-1090 size-full\" srcset=\"https:\/\/institutohistoricosl.com.br\/wp-content\/uploads\/2021\/08\/Capa-729a.jpg 250w, https:\/\/institutohistoricosl.com.br\/wp-content\/uploads\/2021\/08\/Capa-729a-209x300.jpg 209w\" sizes=\"(max-width: 250px) 100vw, 250px\" \/><\/figure><div class=\"wp-block-media-text__content\">\n<p><strong>VALE DO TR\u00caS FORQUILHAS \u2013 LITORAL NORTE\/RS: HIST\u00d3RIA E MEM\u00d3RIA<\/strong><\/p>\n\n\n\n<p>Autoria: Nilza Huyer Ely<br>Categoria: Hist\u00f3ria\/Anais\/Encontros<br>Idioma: Portugu\u00eas<br>P\u00e1ginas: 368<br>Editora: Oikos<br><strong>Pre\u00e7o: R$ 75,00<\/strong><br><br><a rel=\"noreferrer noopener\" href=\"http:\/\/oikoseditora.com.br\/obra\/index\/id\/1139\" target=\"_blank\">http:\/\/oikoseditora.com.br\/obra\/index\/id\/1139<\/a><\/p>\n<\/div><\/div>\n\n\n\n<div style=\"height:100px\" aria-hidden=\"true\" class=\"wp-block-spacer\"><\/div>\n\n\n\n<div class=\"wp-block-media-text alignwide is-stacked-on-mobile\" style=\"grid-template-columns:34% auto\"><figure class=\"wp-block-media-text__media\"><img loading=\"lazy\" width=\"232\" height=\"360\" src=\"http:\/\/institutohistoricosl.com.br\/wp-content\/uploads\/2021\/08\/capa-e-selo.jpg\" alt=\"\" class=\"wp-image-1088 size-full\" srcset=\"https:\/\/institutohistoricosl.com.br\/wp-content\/uploads\/2021\/08\/capa-e-selo.jpg 232w, https:\/\/institutohistoricosl.com.br\/wp-content\/uploads\/2021\/08\/capa-e-selo-193x300.jpg 193w\" sizes=\"(max-width: 232px) 100vw, 232px\" \/><\/figure><div class=\"wp-block-media-text__content\">\n<p><strong>QUADROS QUE FALAM: NARRATIVAS MIGRAT\u00d3RIAS | SPRECHENDE BILDER: MIGRATIONSBERICHTE | PAINTINGS THAT TALK: MIGRATORY NARRATIVES &#8211; OBRA TRIL\u00cdNGUE | FORMATO ESPECIAL<\/strong><\/p>\n\n\n\n<p>Autoria:<br>Categoria: Hist\u00f3ria\/Anais\/Encontros<br>Idioma: Obra tril\u00edngue ( portugu\u00eas, alem\u00e3o e ingl\u00eas)<br>P\u00e1ginas: 288<br>Editora: Oikos<br><br><a href=\"http:\/\/oikoseditora.com.br\/obra\/index\/id\/1154\" target=\"_blank\" rel=\"noreferrer noopener\">http:\/\/oikoseditora.com.br\/obra\/index\/id\/1154<\/a><br><\/p>\n<\/div><\/div>\n\n\n\n<div style=\"height:100px\" aria-hidden=\"true\" class=\"wp-block-spacer\"><\/div>\n\n\n\n<div class=\"wp-block-media-text alignwide is-stacked-on-mobile\" style=\"grid-template-columns:33% auto\"><figure class=\"wp-block-media-text__media\"><img loading=\"lazy\" width=\"250\" height=\"358\" src=\"http:\/\/institutohistoricosl.com.br\/wp-content\/uploads\/2021\/08\/Capa-753a.jpg\" alt=\"\" class=\"wp-image-1086 size-full\" srcset=\"https:\/\/institutohistoricosl.com.br\/wp-content\/uploads\/2021\/08\/Capa-753a.jpg 250w, https:\/\/institutohistoricosl.com.br\/wp-content\/uploads\/2021\/08\/Capa-753a-209x300.jpg 209w\" sizes=\"(max-width: 250px) 100vw, 250px\" \/><\/figure><div class=\"wp-block-media-text__content\">\n<p><strong>DEITANDO RA\u00cdZES: CR\u00d4NICA DE BOM JARDIM (IVOTI): FLAGRANTES DOS PRIMEIROS 70 ANOS DA IMIGRA\u00c7\u00c3O ALEM\u00c3<\/strong><\/p>\n\n\n\n<p>Autoria: Carl Schlitz<br>Categoria: Hist\u00f3ria\/Anais\/Encontros<br>Idioma: Portugu\u00eas<br>P\u00e1ginas: 248<br>Editora: Oikos<br><strong>Pre\u00e7o: R$ 68,00<\/strong><br><br><a href=\"http:\/\/oikoseditora.com.br\/obra\/index\/id\/1165\" target=\"_blank\" rel=\"noreferrer noopener\">http:\/\/oikoseditora.com.br\/obra\/index\/id\/1165<\/a><\/p>\n<\/div><\/div>\n\n\n\n<div style=\"height:100px\" aria-hidden=\"true\" class=\"wp-block-spacer\"><\/div>\n\n\n\n<div class=\"wp-block-media-text alignwide is-stacked-on-mobile\" style=\"grid-template-columns:33% auto\"><figure class=\"wp-block-media-text__media\"><img loading=\"lazy\" width=\"250\" height=\"352\" src=\"http:\/\/institutohistoricosl.com.br\/wp-content\/uploads\/2021\/08\/Capa-762a-2.jpg\" alt=\"\" class=\"wp-image-1083 size-full\" srcset=\"https:\/\/institutohistoricosl.com.br\/wp-content\/uploads\/2021\/08\/Capa-762a-2.jpg 250w, https:\/\/institutohistoricosl.com.br\/wp-content\/uploads\/2021\/08\/Capa-762a-2-213x300.jpg 213w\" sizes=\"(max-width: 250px) 100vw, 250px\" \/><\/figure><div class=\"wp-block-media-text__content\">\n<p><strong>MIGRA\u00c7\u00d5ES, TERRITORIALIDADES E AMBIENTE &#8211; E-BOOK<\/strong><\/p>\n\n\n\n<p>Autoria: Rosane Marcia Neumann, Carlise Schneiders, Jo\u00e3o Vitor Sand, Vanessa Ta\u00eds Fritzen, Kalinka de Oliveira Schmitz (Orgs.)<br>Categoria: eBooks<br>Idioma: Portugu\u00eas<br>P\u00e1ginas: 771<br>Editora: Oikos<br><br><a href=\"http:\/\/oikoseditora.com.br\/obra\/index\/id\/1174\" target=\"_blank\" rel=\"noreferrer noopener\">http:\/\/oikoseditora.com.br\/obra\/index\/id\/1174<\/a><br><\/p>\n<\/div><\/div>\n\n\n\n<div style=\"height:100px\" aria-hidden=\"true\" class=\"wp-block-spacer\"><\/div>\n\n\n\n<div class=\"wp-block-media-text alignwide is-stacked-on-mobile\" style=\"grid-template-columns:34% auto\"><figure class=\"wp-block-media-text__media\"><img loading=\"lazy\" width=\"244\" height=\"360\" src=\"http:\/\/institutohistoricosl.com.br\/wp-content\/uploads\/2021\/03\/Prins.jpg\" alt=\"\" class=\"wp-image-787 size-full\" srcset=\"https:\/\/institutohistoricosl.com.br\/wp-content\/uploads\/2021\/03\/Prins.jpg 244w, https:\/\/institutohistoricosl.com.br\/wp-content\/uploads\/2021\/03\/Prins-203x300.jpg 203w\" sizes=\"(max-width: 244px) 100vw, 244px\" \/><\/figure><div class=\"wp-block-media-text__content\">\n<p><strong>DAI KLAIR PRINS | ILUSTRADO<\/strong><\/p>\n\n\n\n<p>Autoria: Antoine de Aaint-Exup\u00e9ry<br>Categoria: Literatura Infantil e Infanto-Juvenil<br>Idioma: Pomerano<br>P\u00e1ginas: 96<br>Editora: Oikos<br><\/p>\n\n\n\n<p><a href=\"http:\/\/oikoseditora.com.br\/obra\/index\/id\/1100\">http:\/\/oikoseditora.com.br\/obra\/index\/id\/1100<\/a><\/p>\n<\/div><\/div>\n\n\n\n<div style=\"height:100px\" aria-hidden=\"true\" class=\"wp-block-spacer\"><\/div>\n\n\n\n<div class=\"wp-block-media-text alignwide is-stacked-on-mobile\" style=\"grid-template-columns:34% auto\"><figure class=\"wp-block-media-text__media\"><img loading=\"lazy\" width=\"240\" height=\"360\" src=\"http:\/\/institutohistoricosl.com.br\/wp-content\/uploads\/2021\/03\/terra.jpg\" alt=\"\" class=\"wp-image-783 size-full\" srcset=\"https:\/\/institutohistoricosl.com.br\/wp-content\/uploads\/2021\/03\/terra.jpg 240w, https:\/\/institutohistoricosl.com.br\/wp-content\/uploads\/2021\/03\/terra-200x300.jpg 200w\" sizes=\"(max-width: 240px) 100vw, 240px\" \/><\/figure><div class=\"wp-block-media-text__content\">\n<p><strong>NA TERRA ENSOLARADA DO BRASIL<\/strong><\/p>\n\n\n\n<p>Autoria: Karl Heinrich Oberacker<br>Categoria: Hist\u00f3ria\/Anais\/Encontros<br>Idioma: Portugu\u00eas<br>P\u00e1ginas: 315<br>Editora: Oikos<br>Pre\u00e7o: R$ 60,00<\/p>\n\n\n\n<p><a href=\"http:\/\/oikoseditora.com.br\/obra\/index\/id\/1099\">http:\/\/oikoseditora.com.br\/obra\/index\/id\/1099<\/a><\/p>\n<\/div><\/div>\n\n\n\n<div style=\"height:100px\" aria-hidden=\"true\" class=\"wp-block-spacer\"><\/div>\n\n\n\n<div class=\"wp-block-media-text alignwide is-stacked-on-mobile\" style=\"grid-template-columns:34% auto\"><figure class=\"wp-block-media-text__media\"><img loading=\"lazy\" width=\"235\" height=\"360\" src=\"http:\/\/institutohistoricosl.com.br\/wp-content\/uploads\/2021\/03\/diplomacia.jpg\" alt=\"\" class=\"wp-image-776 size-full\" srcset=\"https:\/\/institutohistoricosl.com.br\/wp-content\/uploads\/2021\/03\/diplomacia.jpg 235w, https:\/\/institutohistoricosl.com.br\/wp-content\/uploads\/2021\/03\/diplomacia-196x300.jpg 196w\" sizes=\"(max-width: 235px) 100vw, 235px\" \/><\/figure><div class=\"wp-block-media-text__content\">\n<p><strong>DIPLOMACIA, JOGOS POL\u00cdTICOS, INTRIGAS E GUERRA: A RELA\u00c7\u00c3O ENTRE ALEMANHA E BRASIL (1937-1942) | COLE\u00c7\u00c3O EHILA 45<\/strong><\/p>\n\n\n\n<p>Autoria: Andrea Helena Petry Rahmeier<br>Categoria: Hist\u00f3ria\/Anais\/Encontros<br>Idioma: Portugu\u00eas<br>P\u00e1ginas: 272<br>Editora: Oikos<br>Pre\u00e7o: R$ 65,00<\/p>\n\n\n\n<p><a href=\"http:\/\/oikoseditora.com.br\/obra\/index\/id\/1098\">http:\/\/oikoseditora.com.br\/obra\/index\/id\/1098<\/a><\/p>\n<\/div><\/div>\n\n\n\n<div style=\"height:100px\" aria-hidden=\"true\" class=\"wp-block-spacer\"><\/div>\n\n\n\n<div class=\"wp-block-media-text alignwide is-stacked-on-mobile\" style=\"grid-template-columns:34% auto\"><figure class=\"wp-block-media-text__media\"><img loading=\"lazy\" width=\"241\" height=\"360\" src=\"http:\/\/institutohistoricosl.com.br\/wp-content\/uploads\/2021\/03\/teatro.jpg\" alt=\"\" class=\"wp-image-771 size-full\" srcset=\"https:\/\/institutohistoricosl.com.br\/wp-content\/uploads\/2021\/03\/teatro.jpg 241w, https:\/\/institutohistoricosl.com.br\/wp-content\/uploads\/2021\/03\/teatro-201x300.jpg 201w\" sizes=\"(max-width: 241px) 100vw, 241px\" \/><\/figure><div class=\"wp-block-media-text__content\">\n<p><strong>O TEATRO DA SOCIABILIDADE: CLUBES SOCIAIS COMO ESPA\u00c7OS DE REPRESENTA\u00c7\u00c3O DAS ELITES URBANAS ALEM\u00c3S E TEUTO-BRASILEIRAS: S\u00c3O LEOPOLDO, 1850-1930 | COLE\u00c7\u00c3O EHILA 42<\/strong><\/p>\n\n\n\n<p>Autoria: Eloisa Capovila da Luz Ramos<br>Categoria: Hist\u00f3ria\/Anais\/Encontros<br>Idioma: Portugu\u00eas<br>P\u00e1ginas: 383<br>Editora: Oikos<br>Pre\u00e7o: R$ 76,00<\/p>\n\n\n\n<p><a href=\"http:\/\/oikoseditora.com.br\/obra\/index\/id\/1097\">http:\/\/oikoseditora.com.br\/obra\/index\/id\/1097<\/a><\/p>\n<\/div><\/div>\n\n\n\n<div style=\"height:100px\" aria-hidden=\"true\" class=\"wp-block-spacer\"><\/div>\n\n\n\n<div class=\"wp-block-media-text alignwide is-stacked-on-mobile\" style=\"grid-template-columns:34% auto\"><figure class=\"wp-block-media-text__media\"><img loading=\"lazy\" width=\"250\" height=\"243\" src=\"http:\/\/institutohistoricosl.com.br\/wp-content\/uploads\/2021\/03\/image.png\" alt=\"\" class=\"wp-image-762 size-full\"\/><\/figure><div class=\"wp-block-media-text__content\">\n<p class=\"has-text-align-left\"><strong>O SONHO DOS IRM\u00c3OS M\u00dcGGE: DA ALEMANHA PARA AS AM\u00c9RICAS<\/strong><\/p>\n\n\n\n<p>Autoria: Erny, Iria, Tobias e Miqu\u00e9ias M\u00fcgge<br>Categoria: Hist\u00f3ria\/Anais\/Encontros<br>Idioma: Portugu\u00eas<br>P\u00e1ginas: 256<br>Editora: Oikos<br>Pre\u00e7o: R$ 120,00<\/p>\n\n\n\n<p><a href=\"http:\/\/oikoseditora.com.br\/obra\/index\/id\/1096\">http:\/\/oikoseditora.com.br\/obra\/index\/id\/1096<\/a><\/p>\n<\/div><\/div>\n\n\n\n<div style=\"height:89px\" aria-hidden=\"true\" class=\"wp-block-spacer\"><\/div>\n\n\n\n<div class=\"wp-block-media-text alignwide is-stacked-on-mobile\" style=\"grid-template-columns:56% auto\"><figure class=\"wp-block-media-text__media\"><img loading=\"lazy\" width=\"1024\" height=\"576\" src=\"http:\/\/institutohistoricosl.com.br\/wp-content\/uploads\/2020\/05\/Divulga\u00e7\u00e3o-Livro-01-1024x576.jpg\" alt=\"\" class=\"wp-image-243 size-full\" srcset=\"https:\/\/institutohistoricosl.com.br\/wp-content\/uploads\/2020\/05\/Divulga\u00e7\u00e3o-Livro-01-1024x576.jpg 1024w, https:\/\/institutohistoricosl.com.br\/wp-content\/uploads\/2020\/05\/Divulga\u00e7\u00e3o-Livro-01-300x169.jpg 300w, https:\/\/institutohistoricosl.com.br\/wp-content\/uploads\/2020\/05\/Divulga\u00e7\u00e3o-Livro-01-768x432.jpg 768w, https:\/\/institutohistoricosl.com.br\/wp-content\/uploads\/2020\/05\/Divulga\u00e7\u00e3o-Livro-01-540x304.jpg 540w, https:\/\/institutohistoricosl.com.br\/wp-content\/uploads\/2020\/05\/Divulga\u00e7\u00e3o-Livro-01-1140x641.jpg 1140w, https:\/\/institutohistoricosl.com.br\/wp-content\/uploads\/2020\/05\/Divulga\u00e7\u00e3o-Livro-01.jpg 1280w\" sizes=\"(max-width: 1024px) 100vw, 1024px\" \/><\/figure><div class=\"wp-block-media-text__content\">\n<p><strong>A IMIGRA\u00c7\u00c3O ALEM\u00c3 PARA O SUL DO BRASIL AT\u00c9 O ANO DE 1859 | 2\u00aa. EDI\u00c7\u00c3O<\/strong><\/p>\n\n\n\n<p>Autoria: Ferdinand Schr\u00f6der<br>Tradu\u00e7\u00e3o e atualiza\u00e7\u00e3o: Martin N. Dreher<br>Categoria: Hist\u00f3ria\/Anais\/Encontros<br>Idioma: Portugu\u00eas<br>P\u00e1ginas: 176<br>Editora: Oikos<br>Pre\u00e7o: R$ 40,00<\/p>\n\n\n\n<p><a href=\"http:\/\/oikoseditora.com.br\/obra\/index\/id\/1016\">http:\/\/oikoseditora.com.br\/obra\/index\/id\/1016<\/a><\/p>\n<\/div><\/div>\n\n\n\n<div style=\"height:100px\" aria-hidden=\"true\" class=\"wp-block-spacer\"><\/div>\n\n\n\n<div class=\"wp-block-media-text alignwide is-stacked-on-mobile\" style=\"grid-template-columns:58% auto\"><figure class=\"wp-block-media-text__media\"><img loading=\"lazy\" width=\"1024\" height=\"569\" src=\"http:\/\/institutohistoricosl.com.br\/wp-content\/uploads\/2020\/05\/Divulga\u00e7\u00e3o-Livro-02-1024x569.jpg\" alt=\"\" class=\"wp-image-246 size-full\" srcset=\"https:\/\/institutohistoricosl.com.br\/wp-content\/uploads\/2020\/05\/Divulga\u00e7\u00e3o-Livro-02-1024x569.jpg 1024w, https:\/\/institutohistoricosl.com.br\/wp-content\/uploads\/2020\/05\/Divulga\u00e7\u00e3o-Livro-02-300x167.jpg 300w, https:\/\/institutohistoricosl.com.br\/wp-content\/uploads\/2020\/05\/Divulga\u00e7\u00e3o-Livro-02-768x427.jpg 768w, https:\/\/institutohistoricosl.com.br\/wp-content\/uploads\/2020\/05\/Divulga\u00e7\u00e3o-Livro-02.jpg 1235w\" sizes=\"(max-width: 1024px) 100vw, 1024px\" \/><\/figure><div class=\"wp-block-media-text__content\">\n<p><strong>OS EMIGRANTES PARA O BRASIL OU A CABANA \u00c0S MARGENS DO GIGITONHONHA<\/strong><\/p>\n\n\n\n<p>Autoria: Amalia Schoppe | Gerson R. Neumann (Org.).<br>Categoria: Hist\u00f3ria\/Anais\/Encontros<br>Idioma: Portugu\u00eas<br>P\u00e1ginas: 112<br>Editora: Oikos<br>Pre\u00e7o: R$ 38,00<\/p>\n\n\n\n<p><a href=\"http:\/\/oikoseditora.com.br\/obra\/index\/id\/969\">http:\/\/oikoseditora.com.br\/obra\/index\/id\/969<\/a><\/p>\n<\/div><\/div>\n\n\n\n<div style=\"height:100px\" aria-hidden=\"true\" class=\"wp-block-spacer\"><\/div>\n\n\n\n<div class=\"wp-block-media-text alignwide is-stacked-on-mobile\" style=\"grid-template-columns:32% auto\"><figure class=\"wp-block-media-text__media\"><img loading=\"lazy\" width=\"241\" height=\"360\" src=\"http:\/\/institutohistoricosl.com.br\/wp-content\/uploads\/2020\/08\/Capa-667a.jpg\" alt=\"\" class=\"wp-image-616 size-full\" srcset=\"https:\/\/institutohistoricosl.com.br\/wp-content\/uploads\/2020\/08\/Capa-667a.jpg 241w, https:\/\/institutohistoricosl.com.br\/wp-content\/uploads\/2020\/08\/Capa-667a-201x300.jpg 201w\" sizes=\"(max-width: 241px) 100vw, 241px\" \/><\/figure><div class=\"wp-block-media-text__content\">\n<p><strong>DIE AUSWANDERER NACH BRASILIEN ODER DIE H\u00dcTTE AM GIGITONHONHA | OS EMIGRANTES PARA O BRASIL OU A CABANA \u00c0S MARGENS DO GIGITONHONHA<\/strong><\/p>\n\n\n\n<p>Autoria: Amalia Schoppe <br>Gerson Roberto Neumann e Karen Pupp Spinass\u00e9 (Orgs.)<br>Categoria: Hist\u00f3ria\/Anais\/Encontros<br>Idioma: Edi\u00e7\u00e3o bil\u00edngue (alem\u00e3o e portugu\u00eas)<br>P\u00e1ginas: 200<br>Editora: Oikos<\/p>\n\n\n\n<p><a href=\"http:\/\/oikoseditora.com.br\/obra\/index\/id\/1071\">http:\/\/oikoseditora.com.br\/obra\/index\/id\/1071<\/a><\/p>\n<\/div><\/div>\n\n\n\n<div style=\"height:100px\" aria-hidden=\"true\" class=\"wp-block-spacer\"><\/div>\n\n\n\n<div class=\"wp-block-media-text alignwide is-stacked-on-mobile is-vertically-aligned-center\" style=\"grid-template-columns:56% auto\"><figure class=\"wp-block-media-text__media\"><img loading=\"lazy\" width=\"1024\" height=\"566\" src=\"http:\/\/institutohistoricosl.com.br\/wp-content\/uploads\/2020\/05\/Divulga\u00e7\u00e3o-Livro-03-1024x566.jpg\" alt=\"\" class=\"wp-image-251 size-full\" srcset=\"https:\/\/institutohistoricosl.com.br\/wp-content\/uploads\/2020\/05\/Divulga\u00e7\u00e3o-Livro-03-1024x566.jpg 1024w, https:\/\/institutohistoricosl.com.br\/wp-content\/uploads\/2020\/05\/Divulga\u00e7\u00e3o-Livro-03-300x166.jpg 300w, https:\/\/institutohistoricosl.com.br\/wp-content\/uploads\/2020\/05\/Divulga\u00e7\u00e3o-Livro-03-768x425.jpg 768w, https:\/\/institutohistoricosl.com.br\/wp-content\/uploads\/2020\/05\/Divulga\u00e7\u00e3o-Livro-03.jpg 1244w\" sizes=\"(max-width: 1024px) 100vw, 1024px\" \/><\/figure><div class=\"wp-block-media-text__content\">\n<p><strong>CARTAS DE IMIGRANTES DE FALA ALEM\u00c3: PONTES DE PAPEL DOS HUNSRIQUEANOS NO BRASIL<\/strong><\/p>\n\n\n\n<p>Autoria: Cl\u00e9o V. Altenhofen, Joachim Steffen e Harald Thun<br>Categoria: Hist\u00f3ria\/Anais\/Encontros<br>Idioma: Portugu\u00eas<br>P\u00e1ginas: 326<br>Editora: Oikos<\/p>\n\n\n\n<p><a href=\"http:\/\/oikoseditora.com.br\/obra\/index\/id\/951\">http:\/\/oikoseditora.com.br\/obra\/index\/id\/951<\/a><\/p>\n<\/div><\/div>\n\n\n\n<div style=\"height:100px\" aria-hidden=\"true\" class=\"wp-block-spacer\"><\/div>\n\n\n\n<div class=\"wp-block-media-text alignwide is-stacked-on-mobile\" style=\"grid-template-columns:56% auto\"><figure class=\"wp-block-media-text__media\"><img loading=\"lazy\" width=\"1024\" height=\"587\" src=\"http:\/\/institutohistoricosl.com.br\/wp-content\/uploads\/2020\/05\/Divulga\u00e7\u00e3o-Livro-04-1024x587.jpg\" alt=\"\" class=\"wp-image-253 size-full\" srcset=\"https:\/\/institutohistoricosl.com.br\/wp-content\/uploads\/2020\/05\/Divulga\u00e7\u00e3o-Livro-04-1024x587.jpg 1024w, https:\/\/institutohistoricosl.com.br\/wp-content\/uploads\/2020\/05\/Divulga\u00e7\u00e3o-Livro-04-300x172.jpg 300w, https:\/\/institutohistoricosl.com.br\/wp-content\/uploads\/2020\/05\/Divulga\u00e7\u00e3o-Livro-04-768x441.jpg 768w, https:\/\/institutohistoricosl.com.br\/wp-content\/uploads\/2020\/05\/Divulga\u00e7\u00e3o-Livro-04.jpg 1243w\" sizes=\"(max-width: 1024px) 100vw, 1024px\" \/><\/figure><div class=\"wp-block-media-text__content\">\n<p><strong>AFETOS E CIRCUNST\u00c2NCIAS: OS MUCKER E SEU TEMPO | COLE\u00c7\u00c3O EHILA VOL. 37<\/strong><\/p>\n\n\n\n<p>Autoria: Maria Am\u00e9lia Schmidt Dickie<br>Categoria: Hist\u00f3ria\/Anais\/Encontros<br>Idioma: Portugu\u00eas<br>P\u00e1ginas: 482<br>Editora: Oikos<br>Pre\u00e7o: R$ 75,00<\/p>\n\n\n\n<p><a href=\"http:\/\/oikoseditora.com.br\/obra\/index\/id\/904\">http:\/\/oikoseditora.com.br\/obra\/index\/id\/904<\/a><\/p>\n<\/div><\/div>\n\n\n\n<div style=\"height:121px\" aria-hidden=\"true\" class=\"wp-block-spacer\"><\/div>\n\n\n\n<div class=\"wp-block-media-text alignwide is-stacked-on-mobile\" style=\"grid-template-columns:30% auto\"><figure class=\"wp-block-media-text__media\"><img loading=\"lazy\" width=\"240\" height=\"360\" src=\"http:\/\/institutohistoricosl.com.br\/wp-content\/uploads\/2020\/06\/Capa-645a.jpg\" alt=\"\" class=\"wp-image-386 size-full\" srcset=\"https:\/\/institutohistoricosl.com.br\/wp-content\/uploads\/2020\/06\/Capa-645a.jpg 240w, https:\/\/institutohistoricosl.com.br\/wp-content\/uploads\/2020\/06\/Capa-645a-200x300.jpg 200w\" sizes=\"(max-width: 240px) 100vw, 240px\" \/><\/figure><div class=\"wp-block-media-text__content\">\n<p><strong>ADVERT\u00caNCIA E INSTRU\u00c7\u00c3O AOS EMIGRANTES ALEM\u00c3ES PARA O BRASIL \u2013 UM CONTRATO DE PARCERIA \/ OS ALEM\u00c3ES NO EXTERIOR<\/strong><br><\/p>\n\n\n\n<p>Autoria: Friedrich Gerst\u00e4cker <br>Gerson Roberto Neumann (Org.)<br>Categoria: Hist\u00f3ria\/Anais\/Encontros<br>Idioma: Portugu\u00eas<br>P\u00e1ginas: 192<br>Editora: Oikos<br><\/p>\n\n\n\n<p><a href=\"http:\/\/oikoseditora.com.br\/obra\/index\/id\/1049\">http:\/\/oikoseditora.com.br\/obra\/index\/id\/1049<\/a><\/p>\n<\/div><\/div>\n\n\n\n<div style=\"height:85px\" aria-hidden=\"true\" class=\"wp-block-spacer\"><\/div>\n\n\n\n<div class=\"wp-block-media-text alignwide is-stacked-on-mobile\" style=\"grid-template-columns:30% auto\"><figure class=\"wp-block-media-text__media\"><img loading=\"lazy\" width=\"241\" height=\"360\" src=\"http:\/\/institutohistoricosl.com.br\/wp-content\/uploads\/2020\/07\/Capa-658a.jpg\" alt=\"\" class=\"wp-image-460 size-full\" srcset=\"https:\/\/institutohistoricosl.com.br\/wp-content\/uploads\/2020\/07\/Capa-658a.jpg 241w, https:\/\/institutohistoricosl.com.br\/wp-content\/uploads\/2020\/07\/Capa-658a-201x300.jpg 201w\" sizes=\"(max-width: 241px) 100vw, 241px\" \/><\/figure><div class=\"wp-block-media-text__content\">\n<p><strong>UM NOVO LAR NA IMENSID\u00c3O DA MATA: REMINISC\u00caNCIAS DE PAUL RAMMINGER, UM IMIGRANTE ALEM\u00c3O NO OESTE CATARINENSE NA D\u00c9CADA DE 1920<\/strong><\/p>\n\n\n\n<p>Autoria: Leandro Mayer (Org.)<br>Categoria: Hist\u00f3ria\/Anais\/Encontros<br>Idioma: Portugu\u00eas<br>P\u00e1ginas: 120<br>Editora: Oikos<\/p>\n\n\n\n<p><a href=\"http:\/\/oikoseditora.com.br\/obra\/index\/id\/1062\">http:\/\/oikoseditora.com.br\/obra\/index\/id\/1062<\/a><br><\/p>\n<\/div><\/div>\n\n\n\n<div style=\"height:85px\" aria-hidden=\"true\" class=\"wp-block-spacer\"><\/div>\n\n\n\n<div class=\"wp-block-media-text alignwide is-stacked-on-mobile\" style=\"grid-template-columns:30% auto\"><figure class=\"wp-block-media-text__media\"><img loading=\"lazy\" width=\"237\" height=\"360\" src=\"http:\/\/institutohistoricosl.com.br\/wp-content\/uploads\/2020\/08\/Capa-663a.jpg\" alt=\"\" class=\"wp-image-610 size-full\" srcset=\"https:\/\/institutohistoricosl.com.br\/wp-content\/uploads\/2020\/08\/Capa-663a.jpg 237w, https:\/\/institutohistoricosl.com.br\/wp-content\/uploads\/2020\/08\/Capa-663a-198x300.jpg 198w\" sizes=\"(max-width: 237px) 100vw, 237px\" \/><\/figure><div class=\"wp-block-media-text__content\">\n<p><strong>PORTO NOVO: POVOA\u00c7\u00c3O DE CAT\u00d3LICOS ALEM\u00c3ES NA MATA VIRGEM NO SUL DO BRASIL<\/strong><\/p>\n\n\n\n<p><br>Autoria: Leandro Mayer e Maikel Gustavo Schneider (Orgs.)<br>Categoria: Hist\u00f3ria\/Anais\/Encontros<br>Idioma: Portugu\u00eas<br>P\u00e1ginas: 136<br>Editora: Oikos<br><br><a href=\"http:\/\/oikoseditora.com.br\/obra\/index\/id\/1067\">http:\/\/oikoseditora.com.br\/obra\/index\/id\/1067<\/a><\/p>\n<\/div><\/div>\n\n\n\n<div style=\"height:85px\" aria-hidden=\"true\" class=\"wp-block-spacer\"><\/div>\n\n\n\n<div class=\"wp-block-media-text alignwide is-stacked-on-mobile\" style=\"grid-template-columns:30% auto\"><figure class=\"wp-block-media-text__media\"><img loading=\"lazy\" width=\"250\" height=\"358\" src=\"http:\/\/institutohistoricosl.com.br\/wp-content\/uploads\/2020\/08\/Capa-670a.jpg\" alt=\"\" class=\"wp-image-731 size-full\" srcset=\"https:\/\/institutohistoricosl.com.br\/wp-content\/uploads\/2020\/08\/Capa-670a.jpg 250w, https:\/\/institutohistoricosl.com.br\/wp-content\/uploads\/2020\/08\/Capa-670a-209x300.jpg 209w\" sizes=\"(max-width: 250px) 100vw, 250px\" \/><\/figure><div class=\"wp-block-media-text__content\">\n<p>Autoria: Evandro Fernandes, Rosane M. Neumann e Roswithia Weber (Orgs.)<br>Categoria: eBooks<br>Idioma: Portugu\u00eas<br>P\u00e1ginas: 624<br>Editora: Oikos<br><br><a href=\"http:\/\/oikoseditora.com.br\/obra\/index\/id\/1074\">http:\/\/oikoseditora.com.br\/obra\/index\/id\/1074<\/a><\/p>\n<\/div><\/div>\n","protected":false},"excerpt":{"rendered":"<p>Alem\u00e3es e descendentes do Rio Grande do Sul na Guerra do Paraguai 2\u00aa. edi\u00e7\u00e3o Autor: Klaus Becker | Pref\u00e1cio Miqu\u00e9ias&hellip; <a class=\"read-more\" href=\"https:\/\/institutohistoricosl.com.br\/?page_id=74\">Continue lendo<\/a><\/p>\n","protected":false},"author":2,"featured_media":0,"parent":0,"menu_order":0,"comment_status":"closed","ping_status":"closed","template":"","meta":[],"_links":{"self":[{"href":"https:\/\/institutohistoricosl.com.br\/index.php?rest_route=\/wp\/v2\/pages\/74"}],"collection":[{"href":"https:\/\/institutohistoricosl.com.br\/index.php?rest_route=\/wp\/v2\/pages"}],"about":[{"href":"https:\/\/institutohistoricosl.com.br\/index.php?rest_route=\/wp\/v2\/types\/page"}],"author":[{"embeddable":true,"href":"https:\/\/institutohistoricosl.com.br\/index.php?rest_route=\/wp\/v2\/users\/2"}],"replies":[{"embeddable":true,"href":"https:\/\/institutohistoricosl.com.br\/index.php?rest_route=%2Fwp%2Fv2%2Fcomments&post=74"}],"version-history":[{"count":89,"href":"https:\/\/institutohistoricosl.com.br\/index.php?rest_route=\/wp\/v2\/pages\/74\/revisions"}],"predecessor-version":[{"id":1325,"href":"https:\/\/institutohistoricosl.com.br\/index.php?rest_route=\/wp\/v2\/pages\/74\/revisions\/1325"}],"wp:attachment":[{"href":"https:\/\/institutohistoricosl.com.br\/index.php?rest_route=%2Fwp%2Fv2%2Fmedia&parent=74"}],"curies":[{"name":"wp","href":"https:\/\/api.w.org\/{rel}","templated":true}]}}