{"id":72,"date":"2020-05-26T07:22:31","date_gmt":"2020-05-26T07:22:31","guid":{"rendered":"http:\/\/institutohistoricosl.com.br\/?page_id=72"},"modified":"2020-08-28T17:52:03","modified_gmt":"2020-08-28T17:52:03","slug":"pesquisadores-participantes","status":"publish","type":"page","link":"https:\/\/institutohistoricosl.com.br\/?page_id=72","title":{"rendered":"Pesquisadoras\/es"},"content":{"rendered":"\n<div style=\"height:43px\" aria-hidden=\"true\" class=\"wp-block-spacer\"><\/div>\n\n\n\n<p><strong>EQUIPE COORDENADORA:<\/strong><\/p>\n\n\n\n<div style=\"height:26px\" aria-hidden=\"true\" class=\"wp-block-spacer\"><\/div>\n\n\n\n<p>DALVA NERACI REINHEIMER<\/p>\n\n\n\n<p>ERNY M\u00dcGGE<\/p>\n\n\n\n<p>JORGE LUIZ DA CUNHA<\/p>\n\n\n\n<p>MARCOS ANTONIO WITT<\/p>\n\n\n\n<p>MARTIN NORBERTO DREHER<\/p>\n\n\n\n<div style=\"height:50px\" aria-hidden=\"true\" class=\"wp-block-spacer\"><\/div>\n\n\n\n<p><strong>PESQUISADORAS\/ES ASSOCIADAS\/OS:<\/strong><\/p>\n\n\n\n<div style=\"height:40px\" aria-hidden=\"true\" class=\"wp-block-spacer\"><\/div>\n\n\n\n<p>ADEMIR VALDIR DOS SANTOS<\/p>\n\n\n\n<p>ALFONS SAGENMUELLER<\/p>\n\n\n\n<p>ANDR\u00c9 HUYER<\/p>\n\n\n\n<p>ARTHUR BL\u00c1SIO RAMBO<\/p>\n\n\n\n<p>CARMO THUM<\/p>\n\n\n\n<p>CAROLINE VON M\u00dcHLEN<\/p>\n\n\n\n<p>CELESTE DE SOUSA<\/p>\n\n\n\n<p>CLAUDIA LIMA MARQUES<\/p>\n\n\n\n<p>CL\u00c9O VILSON ALTENHOFEN<\/p>\n\n\n\n<p>CRISTIANO NICOLINI<\/p>\n\n\n\n<p>CRISTINA SEIBERT SCHNEIDER<\/p>\n\n\n\n<p>DALVA NERACI REINHEIMER<\/p>\n\n\n\n<p>DANIELA ROTHFUSS<\/p>\n\n\n\n<p>D\u00d3RIS REJANE FERNANDES<\/p>\n\n\n\n<p>DRAITON GONZAGA DE SOUZA<\/p>\n\n\n\n<p>EDLA EGGERT<\/p>\n\n\n\n<p>ELCIO CECCHETTI<\/p>\n\n\n\n<p>ELISANDRA FORNECK<\/p>\n\n\n\n<p>ELOISA HELENA CAPOVILLA DA LUZ RAMOS<\/p>\n\n\n\n<p>EDUARDO RELLY<\/p>\n\n\n\n<p>ERNANI M\u00dcGGE<\/p>\n\n\n\n<p>ERNY M\u00dcGGE<\/p>\n\n\n\n<p>EUNICE SUELI NODARI<\/p>\n\n\n\n<p>FRANCISCO JOS\u00c9 FRANTZ<\/p>\n\n\n\n<p>GERSON ROBERTO NEUMANN<\/p>\n\n\n\n<p>GILVANE KERN<\/p>\n\n\n\n<p>G\u00dcNTER WEIMER<\/p>\n\n\n\n<p>IMGART GR\u00dcTZMANN<\/p>\n\n\n\n<p>ISABEL CRISTINA ARENDT<\/p>\n\n\n\n<p>ISABEL ROSA GRITTI<\/p>\n\n\n\n<p>JO\u00c3O BIEHL<\/p>\n\n\n\n<p>JO\u00c3O KLUG<\/p>\n\n\n\n<p>JONAS R\u00dcCKERT<\/p>\n\n\n\n<p>JORGE LUIZ DA CUNHA<\/p>\n\n\n\n<p>KAREN PUPP SPINASS\u00c9<\/p>\n\n\n\n<p>KARINA KRIEGSMANN<\/p>\n\n\n\n<p>LEANDRO MAYER<\/p>\n\n\n\n<p>LIENE MARIA MARTINS SCH\u00dcTZ<\/p>\n\n\n\n<p>LISSI BENDER AZAMBUJA<\/p>\n\n\n\n<p>MARCOS ANT\u00d4NIO WITT<\/p>\n\n\n\n<p>MAREUS DALMAZ<\/p>\n\n\n\n<p>MARIA CATARINA CHITOLINA ZANINI<\/p>\n\n\n\n<p>MARIA MEDIANEIRA PADOIN<\/p>\n\n\n\n<p>MARLUZA MARQUES HARRES<\/p>\n\n\n\n<p>MARTIN NORBERTO DREHER<\/p>\n\n\n\n<p>MIQU\u00c9IAS HENRIQUE M\u00dcGGE<\/p>\n\n\n\n<p>NILZA HUYER ELY<\/p>\n\n\n\n<p>OLG\u00c1RIO VOGT<\/p>\n\n\n\n<p>OSMAR LUIZ WITT<\/p>\n\n\n\n<p>OTTO TESCHE<\/p>\n\n\n\n<p>PATR\u00cdCIA SCHNEIDER<\/p>\n\n\n\n<p>PATR\u00cdCIA WEIDUSCHADT<\/p>\n\n\n\n<p>PAULO AFONSO ZARTH<\/p>\n\n\n\n<p>PAULO C\u00c9SAR MALTZAHN<\/p>\n\n\n\n<p>PEDRO IGN\u00c1CIO SCHMITZ<\/p>\n\n\n\n<p>REN\u00c9 ERNAINI GERTZ<\/p>\n\n\n\n<p>ROBERTO RAD\u00dcNZ<\/p>\n\n\n\n<p>RODRIGO LUIS DOS SANTOS<\/p>\n\n\n\n<p>ROMAR RUDOLFO BELING<\/p>\n\n\n\n<p>ROSANE M\u00c1RCIA NEUMANN<\/p>\n\n\n\n<p>ROSVITA K\u00d6LB BERNARDES<\/p>\n\n\n\n<p>ROSWITHIA WEBER<\/p>\n\n\n\n<p>SILVANA ROSSETTI FALEIRO<\/p>\n\n\n\n<p>STEFAN RINKE<\/p>\n\n\n\n<p>TERCIANE ANGELA LUCHESE<\/p>\n\n\n\n<p>TIAGO WEIZENMANN<\/p>\n\n\n\n<p>VANIA BEATRIZ MERLOTTI HER\u00c9DIA<\/p>\n\n\n\n<p>V\u00c2NIA IN\u00caS \u00c1VILA PRIAMO<\/p>\n\n\n\n<p>VINICIUS FAUSTINO FERREIRA DA SILVA<\/p>\n\n\n\n<p>WELLINGTON AUGUSTO BLUME<\/p>\n\n\n\n<p>WERNER ALTMANN<\/p>\n\n\n\n<p>ADEMIR VALDIR DOS SANTOS<\/p>\n\n\n\n<p>ALFONS SAGENMUELLER<\/p>\n\n\n\n<p>ANDR\u00c9 HUYER<\/p>\n\n\n\n<p>ARTHUR BL\u00c1SIO RAMBO<\/p>\n\n\n\n<p>CARMO THUM<\/p>\n\n\n\n<p>CAROLINE VON M\u00dcHLEN<\/p>\n\n\n\n<p>CELESTE DE SOUSA<\/p>\n\n\n\n<p>CLAUDIA LIMA MARQUES<\/p>\n\n\n\n<p>CL\u00c9O VILSON ALTENHOFEN<\/p>\n\n\n\n<p>CRISTIANO NICOLINI<\/p>\n\n\n\n<p>CRISTINA SEIBERT SCHNEIDER<\/p>\n\n\n\n<p>DALVA NERACI REINHEIMER<\/p>\n\n\n\n<p>DANIELA ROTHFUSS<\/p>\n\n\n\n<p>D\u00d3RIS REJANE FERNANDES<\/p>\n\n\n\n<p>DRAITON GONZAGA DE SOUZA<\/p>\n\n\n\n<p>EDLA EGGERT<\/p>\n\n\n\n<p>ELCIO CECCHETTI<\/p>\n\n\n\n<p>ELISANDRA FORNECK<\/p>\n\n\n\n<p>ELOISA HELENA CAPOVILLA DA LUZ RAMOS<\/p>\n\n\n\n<p>EDUARDO RELLY<\/p>\n\n\n\n<p>ERNANI M\u00dcGGE<\/p>\n\n\n\n<p>ERNY M\u00dcGGE<\/p>\n\n\n\n<p>EUNICE SUELI NODARI<\/p>\n\n\n\n<p>FRANCISCO JOS\u00c9 FRANTZ<\/p>\n\n\n\n<p>GERSON ROBERTO NEUMANN<\/p>\n\n\n\n<p>GILVANE KERN<\/p>\n\n\n\n<p>G\u00dcNTER WEIMER<\/p>\n\n\n\n<p>IMGART GR\u00dcTZMANN<\/p>\n\n\n\n<p>ISABEL CRISTINA ARENDT<\/p>\n\n\n\n<p>ISABEL ROSA GRITTI<\/p>\n\n\n\n<p>JO\u00c3O BIEHL<\/p>\n\n\n\n<p>JO\u00c3O KLUG<\/p>\n\n\n\n<p>JONAS R\u00dcCKERT<\/p>\n\n\n\n<p>JORGE LUIZ DA CUNHA<\/p>\n\n\n\n<p>KAREN PUPP SPINASS\u00c9<\/p>\n\n\n\n<p>KARINA KRIEGSMANN<\/p>\n\n\n\n<p>LEANDRO MAYER<\/p>\n\n\n\n<p>LIENE MARIA MARTINS SCH\u00dcTZ<\/p>\n\n\n\n<p>LISSI BENDER AZAMBUJA<\/p>\n\n\n\n<p>MARCOS ANT\u00d4NIO WITT<\/p>\n\n\n\n<p>MAREUS DALMAZ<\/p>\n\n\n\n<p>MARIA CATARINA CHITOLINA ZANINI<\/p>\n\n\n\n<p>MARIA MEDIANEIRA PADOIN<\/p>\n\n\n\n<p>MARLUZA MARQUES HARRES<\/p>\n\n\n\n<p>MARTIN NORBERTO DREHER<\/p>\n\n\n\n<p>MIQU\u00c9IAS HENRIQUE M\u00dcGGE<\/p>\n\n\n\n<p>NILZA HUYER ELY<\/p>\n\n\n\n<p>OLG\u00c1RIO VOGT<\/p>\n\n\n\n<p>OSMAR LUIZ WITT<\/p>\n\n\n\n<p>OTTO TESCHE<\/p>\n\n\n\n<p>PATR\u00cdCIA SCHNEIDER<\/p>\n\n\n\n<p>PATR\u00cdCIA WEIDUSCHADT<\/p>\n\n\n\n<p>PAULO AFONSO ZARTH<\/p>\n\n\n\n<p>PAULO C\u00c9SAR MALTZAHN<\/p>\n\n\n\n<p>PEDRO IGN\u00c1CIO SCHMITZ<\/p>\n\n\n\n<p>REN\u00c9 ERNAINI GERTZ<\/p>\n\n\n\n<p>ROBERTO RAD\u00dcNZ<\/p>\n\n\n\n<p>RODRIGO LUIS DOS SANTOS<\/p>\n\n\n\n<p>ROMAR RUDOLFO BELING<\/p>\n\n\n\n<p>ROSANE M\u00c1RCIA NEUMANN<\/p>\n\n\n\n<p>ROSVITA K\u00d6LB BERNARDES<\/p>\n\n\n\n<p>ROSWITHIA WEBER<\/p>\n\n\n\n<p>SILVANA ROSSETTI FALEIRO<\/p>\n\n\n\n<p>STEFAN RINKE<\/p>\n\n\n\n<p>TERCIANE ANGELA LUCHESE<\/p>\n\n\n\n<p>TIAGO WEIZENMANN<\/p>\n\n\n\n<p>VANIA BEATRIZ MERLOTTI HER\u00c9DIA<\/p>\n\n\n\n<p>V\u00c2NIA IN\u00caS \u00c1VILA PRIAMO<\/p>\n\n\n\n<p>VINICIUS FAUSTINO FERREIRA DA SILVA<\/p>\n\n\n\n<p>WELLINGTON AUGUSTO BLUME<\/p>\n\n\n\n<p>WERNER ALTMANN<\/p>\n\n\n\n<p>WILHELM WACHHOLZ<\/p>\n\n\n\n<div style=\"height:25px\" aria-hidden=\"true\" class=\"wp-block-spacer\"><\/div>\n\n\n\n<p><strong>COMIT\u00ca DE INTERNACIONALIZA\u00c7\u00c3O<\/strong><\/p>\n\n\n\n<p><br>CL\u00c9O VILSON ALTENHOFEN<br><\/p>\n\n\n\n<p>EDUARDO RELLY<br><\/p>\n\n\n\n<p>ERNY M\u00dcGGE<br><\/p>\n\n\n\n<p>GERSON ROBERTO NEUMANN<br><\/p>\n\n\n\n<p>ISABEL CRISTINA ARENDT<br><\/p>\n\n\n\n<p>JORGE LUIZ DA CUNHA<br><\/p>\n\n\n\n<p>KAREN PUPP SPINASS\u00c9<br><\/p>\n\n\n\n<p>MARCOS ANT\u00d4NIO WITT<br><\/p>\n\n\n\n<p>MARTIN NORBERTO DREHER<br><\/p>\n\n\n\n<p>MIQU\u00c9IAS HENRIQUE M\u00dcGGE<br><\/p>\n\n\n\n<p>VANIA BEATRIZ MERLOTTI HER\u00c9DIA<\/p>\n","protected":false},"excerpt":{"rendered":"<p>EQUIPE COORDENADORA: DALVA NERACI REINHEIMER ERNY M\u00dcGGE JORGE LUIZ DA CUNHA MARCOS ANTONIO WITT MARTIN NORBERTO DREHER PESQUISADORAS\/ES ASSOCIADAS\/OS: ADEMIR&hellip; <a class=\"read-more\" href=\"https:\/\/institutohistoricosl.com.br\/?page_id=72\">Continue lendo<\/a><\/p>\n","protected":false},"author":2,"featured_media":0,"parent":0,"menu_order":0,"comment_status":"closed","ping_status":"closed","template":"","meta":[],"_links":{"self":[{"href":"https:\/\/institutohistoricosl.com.br\/index.php?rest_route=\/wp\/v2\/pages\/72"}],"collection":[{"href":"https:\/\/institutohistoricosl.com.br\/index.php?rest_route=\/wp\/v2\/pages"}],"about":[{"href":"https:\/\/institutohistoricosl.com.br\/index.php?rest_route=\/wp\/v2\/types\/page"}],"author":[{"embeddable":true,"href":"https:\/\/institutohistoricosl.com.br\/index.php?rest_route=\/wp\/v2\/users\/2"}],"replies":[{"embeddable":true,"href":"https:\/\/institutohistoricosl.com.br\/index.php?rest_route=%2Fwp%2Fv2%2Fcomments&post=72"}],"version-history":[{"count":14,"href":"https:\/\/institutohistoricosl.com.br\/index.php?rest_route=\/wp\/v2\/pages\/72\/revisions"}],"predecessor-version":[{"id":736,"href":"https:\/\/institutohistoricosl.com.br\/index.php?rest_route=\/wp\/v2\/pages\/72\/revisions\/736"}],"wp:attachment":[{"href":"https:\/\/institutohistoricosl.com.br\/index.php?rest_route=%2Fwp%2Fv2%2Fmedia&parent=72"}],"curies":[{"name":"wp","href":"https:\/\/api.w.org\/{rel}","templated":true}]}}