{"id":660,"date":"2020-08-08T09:27:20","date_gmt":"2020-08-08T09:27:20","guid":{"rendered":"http:\/\/institutohistoricosl.com.br\/?page_id=660"},"modified":"2020-09-19T04:22:16","modified_gmt":"2020-09-19T04:22:16","slug":"simposios","status":"publish","type":"page","link":"https:\/\/institutohistoricosl.com.br\/?page_id=660","title":{"rendered":"Simp\u00f3sios"},"content":{"rendered":"\n<div style=\"height:34px\" aria-hidden=\"true\" class=\"wp-block-spacer\"><\/div>\n\n\n\n<p>O\u00a0primeiro Simp\u00f3sio de Hist\u00f3ria da Imigra\u00e7\u00e3o e Coloniza\u00e7\u00e3o foi realizado em 1974.\u00a0De l\u00e1 para c\u00e1, at\u00e9 a XXIII edi\u00e7\u00e3o, o evento ocorreu de dois em dois anos (a partir do XXIV encontro, ser\u00e1 trianual). De simp\u00f3sio, foi al\u00e7ado \u00e0 categoria de semin\u00e1rio internacional, no ano 2000, quando se efetivou a XIV edi\u00e7\u00e3o. Os resultados dos primeiros simp\u00f3sios eram publicados em Anais, a partir de 1994 em CDs e mais recentemente em e-books\u00a0e livros impressos. Interessados neste material podem dirigir-se ao IHSL.\u00a0<\/p>\n\n\n\n<div style=\"height:48px\" aria-hidden=\"true\" class=\"wp-block-spacer\"><\/div>\n\n\n\n<figure class=\"wp-block-table\"><table><tbody><tr><td><strong>Simp\u00f3sio<\/strong><\/td><td><strong>Ano da realiza\u00e7\u00e3o<\/strong><\/td><td><strong>Ano e t\u00edtulo da publica\u00e7\u00e3o<\/strong><\/td><\/tr><tr><td>I Simp\u00f3sio de Hist\u00f3ria da Imigra\u00e7\u00e3o e Coloniza\u00e7\u00e3o Alem\u00e3<br><\/td><td>1974<\/td><td>1975 \u2013 Anais do I Simp\u00f3sio de Hist\u00f3ria da Imigra\u00e7\u00e3o e Coloniza\u00e7\u00e3o Alem\u00e3 no RS<\/td><\/tr><tr><td><br><br><\/td><td><\/td><td><\/td><\/tr><tr><td>II Simp\u00f3sio de Hist\u00f3ria da Imigra\u00e7\u00e3o e Coloniza\u00e7\u00e3o Alem\u00e3<br><\/td><td>1976<\/td><td>1977 \u2013 Anais do 2\u00ba Simp\u00f3sio de Hist\u00f3ria da Imigra\u00e7\u00e3o e Coloniza\u00e7\u00e3o Alem\u00e3 no RS<\/td><\/tr><tr><td><br><br><\/td><td><\/td><td><\/td><\/tr><tr><td>III Simp\u00f3sio de Hist\u00f3ria da Imigra\u00e7\u00e3o e Coloniza\u00e7\u00e3o Alem\u00e3 no RS<\/td><td>1978<\/td><td>1980 \u2013 Anais do 3\u00ba Simp\u00f3sio da Imigra\u00e7\u00e3o e Coloniza\u00e7\u00e3o Alem\u00e3 no RS<\/td><\/tr><tr><td><br><br><\/td><td><\/td><td><\/td><\/tr><tr><td>IV Simp\u00f3sio de Hist\u00f3ria da Imigra\u00e7\u00e3o e Coloniza\u00e7\u00e3o Alem\u00e3 no RS<\/td><td>1980<\/td><td>1987 \u2013 Anais do 4\u00ba Simp\u00f3sio de Hist\u00f3ria da Imigra\u00e7\u00e3o e Coloniza\u00e7\u00e3o Alem\u00e3 no RS<\/td><\/tr><tr><td><br><br><\/td><td><\/td><td><\/td><\/tr><tr><td>V Simp\u00f3sio de Hist\u00f3ria da Imigra\u00e7\u00e3o e Coloniza\u00e7\u00e3o Alem\u00e3 no RS<\/td><td>1982<\/td><td>1989 \u2013 Anais do 5\u00ba Simp\u00f3sio de Hist\u00f3ria da Imigra\u00e7\u00e3o e Coloniza\u00e7\u00e3o no RS<\/td><\/tr><tr><td><br><br><\/td><td><\/td><td><\/td><\/tr><tr><td>VI Simp\u00f3sio de Hist\u00f3ria da Imigra\u00e7\u00e3o e Coloniza\u00e7\u00e3o Alem\u00e3 no RS<\/td><td>1984<\/td><td>1994 \u2013 Anais do 6\u00ba Simp\u00f3sio de Hist\u00f3ria da Imigra\u00e7\u00e3o e Coloniza\u00e7\u00e3o Alem\u00e3s no RS<\/td><\/tr><tr><td><br><br><\/td><td><\/td><td><\/td><\/tr><tr><td>VII Simp\u00f3sio de Hist\u00f3ria da Imigra\u00e7\u00e3o e Coloniza\u00e7\u00e3o Alem\u00e3 no RS<\/td><td>1986<\/td><td>1998 \u2013 Anais do 7\u00ba Simp\u00f3sio de Hist\u00f3ria da Imigra\u00e7\u00e3o e Coloniza\u00e7\u00e3o Alem\u00e3s no RS<\/td><\/tr><tr><td><br><br><\/td><td><\/td><td><\/td><\/tr><tr><td>VIII Simp\u00f3sio de Hist\u00f3ria da Imigra\u00e7\u00e3o e Coloniza\u00e7\u00e3o Alem\u00e3 no RS<\/td><td>1988<\/td><td>1998 (o VIII e o IX Simp\u00f3sios foram publicados num \u00fanico livro) \u2013 Anais do VIII e IX Simp\u00f3sios de Hist\u00f3ria da Imigra\u00e7\u00e3o e Coloniza\u00e7\u00e3o Alem\u00e3s no RS<\/td><\/tr><tr><td><br><br><\/td><td><\/td><td><\/td><\/tr><tr><td>IX Simp\u00f3sio de Hist\u00f3ria da Imigra\u00e7\u00e3o e Coloniza\u00e7\u00e3o Alem\u00e3 no RS<\/td><td>1990<\/td><td>1998 (o VIII e o IX Simp\u00f3sios foram publicados num \u00fanico livro) &#8211; Anais do VIII e IX Simp\u00f3sios de Hist\u00f3ria da Imigra\u00e7\u00e3o e Coloniza\u00e7\u00e3o Alem\u00e3s no RS<\/td><\/tr><tr><td><br><br><\/td><td><\/td><td><\/td><\/tr><tr><td>X Simp\u00f3sio de Hist\u00f3ria da Imigra\u00e7\u00e3o e Coloniza\u00e7\u00e3o Alem\u00e3s<\/td><td>1992<\/td><td>1994 \u2013 Livro: Nacionaliza\u00e7\u00e3o e Imigra\u00e7\u00e3o Alem\u00e3<\/td><\/tr><tr><td><br><br><\/td><td><\/td><td><\/td><\/tr><tr><td>XI Simp\u00f3sio de Hist\u00f3ria da Imigra\u00e7\u00e3o e Coloniza\u00e7\u00e3o<\/td><td>1994<\/td><td>2010 (o XI, o XII e o XIV Simp\u00f3sios foram publicados num \u00fanico livro [CD]) &#8211; Sa\u00fade: corporeidade \u2013 educa\u00e7\u00e3o<\/td><\/tr><tr><td><br><br><\/td><td><\/td><td><\/td><\/tr><tr><td>XII Simp\u00f3sio de Hist\u00f3ria da Imigra\u00e7\u00e3o e Coloniza\u00e7\u00e3o<\/td><td>1996<\/td><td>2010 (o XI, o XII e o XIV Simp\u00f3sios foram publicados num \u00fanico livro [CD]) &#8211; Sa\u00fade: corporeidade \u2013 educa\u00e7\u00e3o<\/td><\/tr><tr><td><br><br><\/td><td><\/td><td><\/td><\/tr><tr><td>XIII Simp\u00f3sio de Hist\u00f3ria da Imigra\u00e7\u00e3o e Coloniza\u00e7\u00e3o<\/td><td>1998<\/td><td>no prelo (sem previs\u00e3o de publica\u00e7\u00e3o)<\/td><\/tr><tr><td><br><br><\/td><td><\/td><td><\/td><\/tr><tr><td>XIV Simp\u00f3sio de Hist\u00f3ria da Imigra\u00e7\u00e3o e Coloniza\u00e7\u00e3o<\/td><td>2000<\/td><td>2010 (o XI, o XII e o XIV Simp\u00f3sios foram publicados num \u00fanico livro [CD]) &#8211; Sa\u00fade: corporeidade \u2013 educa\u00e7\u00e3o<\/td><\/tr><tr><td><br><br><\/td><td><\/td><td><\/td><\/tr><tr><td>XV Simp\u00f3sio de Hist\u00f3ria da Imigra\u00e7\u00e3o e Coloniza\u00e7\u00e3o: imigra\u00e7\u00e3o e imprensa<\/td><td>2002<\/td><td>2004 \u2013 Livro impresso: Imigra\u00e7\u00e3o e Imprensa<\/td><\/tr><tr><td><br><br><\/td><td><\/td><td><\/td><\/tr><tr><td>XVI Simp\u00f3sio de Hist\u00f3ria da Imigra\u00e7\u00e3o e Coloniza\u00e7\u00e3o: leituras e interpreta\u00e7\u00f5es da imigra\u00e7\u00e3o na Am\u00e9rica Latina<\/td><td>2004<\/td><td>2007 \u2013 Leituras e Interpreta\u00e7\u00f5es da Imigra\u00e7\u00e3o na Am\u00e9rica Latina (CD)<\/td><\/tr><tr><td><br><br><\/td><td><\/td><td><\/td><\/tr><tr><td>XVII Simp\u00f3sio de Hist\u00f3ria da Imigra\u00e7\u00e3o e Coloniza\u00e7\u00e3o: imigra\u00e7\u00e3o e rela\u00e7\u00f5es inter\u00e9tnicas<\/td><td>2006<\/td><td>2008 \u2013 Imigra\u00e7\u00e3o e Rela\u00e7\u00f5es Inter\u00e9tnicas (CD)<\/td><\/tr><tr><td><br><br><\/td><td><\/td><td><\/td><\/tr><tr><td>XVIII Simp\u00f3sio de Hist\u00f3ria da Imigra\u00e7\u00e3o e Coloniza\u00e7\u00e3o: sa\u00fade, corporeidade e educa\u00e7\u00e3o<\/td><td>2008<\/td><td>2010 \u2013 Sa\u00fade: corporeidade \u2013 educa\u00e7\u00e3o (CD)<\/td><\/tr><tr><td><br><br><\/td><td><\/td><td><\/td><\/tr><tr><td>XIX Simp\u00f3sio de Hist\u00f3ria da Imigra\u00e7\u00e3o e Coloniza\u00e7\u00e3o: Migra\u00e7\u00f5es: mobilidade social e espacial<\/td><td>2010<\/td><td>2010 \u2013 Migra\u00e7\u00f5es: mobilidade social e espacial (CD)<\/td><\/tr><tr><td><br><br><\/td><td><\/td><td><\/td><\/tr><tr><td>XX Simp\u00f3sio de Hist\u00f3ria da Imigra\u00e7\u00e3o e Coloniza\u00e7\u00e3o: Hist\u00f3ria da Imigra\u00e7\u00e3o e sua(s) escrita(s)<\/td><td>2012<\/td><td>2012 \u2013 Hist\u00f3ria da imigra\u00e7\u00e3o e sua(s) escrita(s) (CD) 2013 \u2013 Livro impresso: Hist\u00f3ria da imigra\u00e7\u00e3o: possibilidades e escrita<\/td><\/tr><tr><td><br><br><\/td><td><\/td><td><\/td><\/tr><tr><td>XXI Simp\u00f3sio de Hist\u00f3ria da Imigra\u00e7\u00e3o e Coloniza\u00e7\u00e3o: festas, comemora\u00e7\u00f5es e rememora\u00e7\u00f5es na imigra\u00e7\u00e3o<\/td><td>2014<\/td><td>2014 \u2013 Festas, comemora\u00e7\u00f5es e rememora\u00e7\u00f5es na imigra\u00e7\u00e3o (CD) 2016 \u2013 E-book Imigra\u00e7\u00e3o, pr\u00e1ticas culturais e sociabilidade: novos estudos para a Am\u00e9rica Latina<\/td><\/tr><tr><td><br><br><\/td><td><\/td><td><\/td><\/tr><tr><td>Semin\u00e1rio Internacional Migra\u00e7\u00f5es: religi\u00f5es e espiritualidades e XXII Simp\u00f3sio de Hist\u00f3ria da Imigra\u00e7\u00e3o e Coloniza\u00e7\u00e3o &nbsp;<\/td><td>2016<\/td><td>2016 \u2013 E-book Migra\u00e7\u00f5es: religi\u00f5es e espiritualidades &nbsp; 2016 \u2013 E-book Religiosidades em migra\u00e7\u00f5es hist\u00f3ricas e contempor\u00e2neas<\/td><\/tr><tr><td><br><\/td><td><\/td><td><\/td><\/tr><tr><td>Semin\u00e1rio Internacional Migra\u00e7\u00f5es: perspectivas e avan\u00e7os te\u00f3rico-metodol\u00f3gicos &nbsp;e XXIII Simp\u00f3sio de Hist\u00f3ria da Imigra\u00e7\u00e3o e Coloniza\u00e7\u00e3o<\/td><td>2018<\/td><td>2018 \u2013 E-book Migra\u00e7\u00f5es: perspectivas e avan\u00e7os te\u00f3rico-metodol\u00f3gicos &nbsp; 2020 \u2013 Livro impresso: Migra\u00e7\u00f5es: narrativas autobiogr\u00e1ficas, liter\u00e1rias e patrimoniais<\/td><\/tr><\/tbody><\/table><\/figure>\n","protected":false},"excerpt":{"rendered":"<p>O\u00a0primeiro Simp\u00f3sio de Hist\u00f3ria da Imigra\u00e7\u00e3o e Coloniza\u00e7\u00e3o foi realizado em 1974.\u00a0De l\u00e1 para c\u00e1, at\u00e9 a XXIII edi\u00e7\u00e3o, o&hellip; <a class=\"read-more\" href=\"https:\/\/institutohistoricosl.com.br\/?page_id=660\">Continue lendo<\/a><\/p>\n","protected":false},"author":2,"featured_media":0,"parent":0,"menu_order":0,"comment_status":"closed","ping_status":"closed","template":"","meta":[],"_links":{"self":[{"href":"https:\/\/institutohistoricosl.com.br\/index.php?rest_route=\/wp\/v2\/pages\/660"}],"collection":[{"href":"https:\/\/institutohistoricosl.com.br\/index.php?rest_route=\/wp\/v2\/pages"}],"about":[{"href":"https:\/\/institutohistoricosl.com.br\/index.php?rest_route=\/wp\/v2\/types\/page"}],"author":[{"embeddable":true,"href":"https:\/\/institutohistoricosl.com.br\/index.php?rest_route=\/wp\/v2\/users\/2"}],"replies":[{"embeddable":true,"href":"https:\/\/institutohistoricosl.com.br\/index.php?rest_route=%2Fwp%2Fv2%2Fcomments&post=660"}],"version-history":[{"count":7,"href":"https:\/\/institutohistoricosl.com.br\/index.php?rest_route=\/wp\/v2\/pages\/660\/revisions"}],"predecessor-version":[{"id":751,"href":"https:\/\/institutohistoricosl.com.br\/index.php?rest_route=\/wp\/v2\/pages\/660\/revisions\/751"}],"wp:attachment":[{"href":"https:\/\/institutohistoricosl.com.br\/index.php?rest_route=%2Fwp%2Fv2%2Fmedia&parent=660"}],"curies":[{"name":"wp","href":"https:\/\/api.w.org\/{rel}","templated":true}]}}