{"id":60,"date":"2020-05-26T07:17:46","date_gmt":"2020-05-26T07:17:46","guid":{"rendered":"http:\/\/institutohistoricosl.com.br\/?page_id=60"},"modified":"2026-04-12T17:15:57","modified_gmt":"2026-04-12T17:15:57","slug":"obras-publicadas-pelo-ihsl","status":"publish","type":"page","link":"https:\/\/institutohistoricosl.com.br\/?page_id=60","title":{"rendered":"Obras publicadas pelo IHSL"},"content":{"rendered":"\n<div style=\"height:41px\" aria-hidden=\"true\" class=\"wp-block-spacer\"><\/div>\n\n\n\n<p class=\"has-text-align-left\"><strong>PUBLICA\u00c7\u00d5ES<\/strong><\/p>\n\n\n\n<div class=\"wp-container-3 wp-block-group\"><div class=\"wp-block-group__inner-container\">\n<div class=\"wp-container-2 wp-block-columns\">\n<div class=\"wp-container-1 wp-block-column\" style=\"flex-basis:100%\">\n<figure class=\"wp-block-table is-style-regular\"><table><tbody><tr><td><\/td><td><\/td><\/tr><tr><td><strong>T\u00edtulo\/Refer\u00eancia<\/strong><\/td><td> <\/td><td><strong>Formato<\/strong><\/td><\/tr><tr><td><strong>Anais do I Simp\u00f3sio da Imigra\u00e7\u00e3o e Coloniza\u00e7\u00e3o Alem\u00e3 no Rio Grande do<\/strong><em> <\/em><strong>Sul<\/strong>. S\u00e3o Leopoldo: Rotermund, 1974.<\/td><td><\/td><td>Impresso<\/td><\/tr><tr><td><strong>Anais do II Simp\u00f3sio da Imigra\u00e7\u00e3o e Coloniza\u00e7\u00e3o Alem\u00e3 no Rio Grande do Sul<\/strong>. S\u00e3o Leopoldo: Instituto Hist\u00f3rico de S\u00e3o Leopoldo, 1976.<\/td><td><\/td><td>Impresso<\/td><\/tr><tr><td><strong>Anais do III Simp\u00f3sio da Imigra\u00e7\u00e3o e Coloniza\u00e7\u00e3o Alem\u00e3 no Rio Grande do Sul<\/strong>. S\u00e3o Leopoldo: Instituto Hist\u00f3rico de S\u00e3o Leopoldo, 1980.<\/td><td><\/td><td>Impresso<\/td><\/tr><tr><td><strong>Anais do IV Simp\u00f3sio da Imigra\u00e7\u00e3o e Coloniza\u00e7\u00e3o Alem\u00e3 no Rio Grande do Sul<\/strong>. S\u00e3o Leopoldo: Instituto Hist\u00f3rico de S\u00e3o Leopoldo, 1987.<\/td><td><\/td><td>Impresso<\/td><\/tr><tr><td><strong>Anais do V Simp\u00f3sio da Imigra\u00e7\u00e3o e Coloniza\u00e7\u00e3o Alem\u00e3 no Rio Grande do Sul<\/strong>. Campo Bom: Caet\u00e9, 1989.<\/td><td><\/td><td>Impresso<\/td><\/tr><tr><td><strong>Anais do VI Simp\u00f3sio da Imigra\u00e7\u00e3o e Coloniza\u00e7\u00e3o Alem\u00e3 no Rio Grande do Sul<\/strong>. S\u00e3o Leopoldo: Instituto Hist\u00f3rico de S\u00e3o Leopoldo, 1984.<\/td><td><\/td><td>Impresso<\/td><\/tr><tr><td><strong>Anais do VII Simp\u00f3sio da Imigra\u00e7\u00e3o e Coloniza\u00e7\u00e3o Alem\u00e3 no Rio Grande do Sul<\/strong>. Nova Petr\u00f3polis: Editora Amstad, 2000.<\/td><td><\/td><td>Impresso<\/td><\/tr><tr><td>M\u00dcLLER, Telmo Lauro (org.). <strong>Nacionaliza\u00e7\u00e3o e Imigra\u00e7\u00e3o Alem\u00e3<\/strong>. S\u00e3o Leopoldo: Ed. UNISINOS, 1994.<\/td><td><\/td><td>Impresso<\/td><\/tr><tr><td>RAMBO, Arthur Bl\u00e1sio (org.). <strong>Anais do VIII e IX Simp\u00f3sio da Imigra\u00e7\u00e3o e Coloniza\u00e7\u00e3o Alem\u00e3 no Rio Grande do Sul<\/strong>. Nova Petr\u00f3polis: Editora Amstad, 1998.<\/td><td><\/td><td>Impresso<\/td><\/tr><tr><td>DREHER, Martin Norberto; RAMBO, Arthur Bl\u00e1sio; TRAMONTINI, Marcos Justo (orgs.). <strong>Imigra\u00e7\u00e3o &amp; Imprensa<\/strong>. Porto Alegre: EST; S\u00e3o Leopoldo: Instituto Hist\u00f3rico de S\u00e3o Leopoldo, 2004.<\/td><td><\/td><td>Impresso<\/td><\/tr><tr><td>DREHER, Martin Norberto; TRAMONTINI, Marcos Justo (orgs). <strong>Leituras e Interpreta\u00e7\u00f5es da Imigra\u00e7\u00e3o na Am\u00e9rica Latina<\/strong>. S\u00e3o Leopoldo: Oikos, 2007.<\/td><td><\/td><td>Ebook (CD)<\/td><\/tr><tr><td>DREHER, Martin Norberto; KUNZ, Jaqueline Anschau; M\u00dcGGE, Miqu\u00e9ias Henrique (orgs.). <strong>Imigra\u00e7\u00e3o e Rela\u00e7\u00f5es Inter\u00e9tnicas<\/strong>. S\u00e3o Leopoldo: Oikos, 2008.<\/td><td><\/td><td>Ebook (CD)<\/td><\/tr><tr><td>DREHER, Martin; ARENDT; Isabel; M\u00dcGGE, Miqu\u00e9ias; SPINASS\u00c9, Karen Pupp; WITT, Marcos (orgs.). <strong>Sa\u00fade<\/strong>: Corporeidade e Educa\u00e7\u00e3o. S\u00e3o Leopoldo: Oikos, 2009.<\/td><td><\/td><td>Ebook (CD)<\/td><\/tr><tr><td>DREHER, Martin (org.). <strong>Migra\u00e7\u00f5es<\/strong>: mobilidade social e espacial. S\u00e3o Leopoldo: Oikos, 2010.<\/td><td><\/td><td>Ebook (CD)<\/td><\/tr><tr><td>RAMOS, Eloisa Helena Capovilla da Luz; ARENDT, Isabel Cristina; WITT, Marcos Ant\u00f4nio (orgs.). <strong>A Hist\u00f3ria da Imigra\u00e7\u00e3o e Sua(s) Escrita(s)<\/strong> [ebook]. S\u00e3o Leopoldo: Oikos, 2012.<\/td><td><\/td><td>Ebook (CD)<\/td><\/tr><tr><td>RAMOS, Eloisa Helena Capovilla da Luz; ARENDT, Isabel Cristina; WITT, Marcos Ant\u00f4nio (orgs.). <strong>Festas, comemora\u00e7\u00f5es e rememora\u00e7\u00f5es na imigra\u00e7\u00e3o<\/strong>. S\u00e3o Leopoldo: Oikos, 2014.<\/td><td><\/td><td>Ebook (online \u2013 Site Editora Oikos) Link: <a href=\"http:\/\/oikoseditora.com.br\/obra\/index\/id\/589\">http:\/\/oikoseditora.com.br\/obra\/index\/id\/589<\/a><\/td><\/tr><tr><td>ARENDT, Isabel Cristina; WITT, Marcos Ant\u00f4nio; SANTOS, Rodrigo Luis dos (orgs.). <strong>Migra\u00e7\u00f5es<\/strong>: religi\u00f5es e espiritualidades. S\u00e3o Leopoldo: Oikos, 2016.<\/td><td><\/td><td>Ebook (online \u2013 Site Editora Oikos) Link: <a href=\"http:\/\/oikoseditora.com.br\/obra\/index\/id\/765\">http:\/\/oikoseditora.com.br\/obra\/index\/id\/765<\/a><\/td><\/tr><tr><td>ARENDT, Isabel Cristina; CUNHA, Jorge Luiz da; SANTOS, Rodrigo Luis dos (orgs.). <strong>Migra\u00e7\u00f5es<\/strong>: perspectivas e avan\u00e7os te\u00f3rico-metodol\u00f3gicos. S\u00e3o Leopoldo: Oikos, 2018.<\/td><td><\/td><td>Ebook (online \u2013 Site Editora Oikos) Link: <a href=\"http:\/\/oikoseditora.com.br\/obra\/index\/id\/954\">http:\/\/oikoseditora.com.br\/obra\/index\/id\/954<\/a><\/td><\/tr><tr><td>RAMOS, Eloisa Helena Capovilla da Luz, MART\u00cdNEZ, Elda E. Gonz\u00e1lez; ARENDT, Isabel Cristina; CUNHA, Jorge Luiz da; WITT, Marcos Ant\u00f4nio (orgs.) <strong>Hist\u00f3ria da Imigra\u00e7\u00e3o<\/strong>: possibilidades e escrita. S\u00e3o Leopoldo: Oikos, 2013 (Cole\u00e7\u00e3o EHILA, 07).<\/td><td><\/td><td>Impresso Link: <a href=\"http:\/\/oikoseditora.com.br\/obra\/index\/id\/456\">http:\/\/oikoseditora.com.br\/obra\/index\/id\/456<\/a><\/td><\/tr><tr><td>REINHEIMER, Dalva Neraci; RAMOS, Eloisa Helena Capovilla da Luz; WITT, Marcos Ant\u00f4nio (orgs.). <strong>Migra\u00e7\u00f5es<\/strong>: narrativas autobiogr\u00e1ficas, liter\u00e1rias e patrimoniais. S\u00e3o Leopoldo: Oikos, 2020 (Cole\u00e7\u00e3o EHILA, 43)<\/td><td><\/td><td>Impresso<\/td><\/tr><tr><td><strong>Migra\u00e7\u00f5es e diversidade, m\u00faltiplos olhares<\/strong>. [E-book]. \/ Organizadores: Maria<br>Medianeira Padoin, Marluza Marques Harres, Rodrigo Luis dos Santos e<br>Terciane Angela Luchese. \u2013 S\u00e3o Leopoldo: Oikos, 2022. Dispon\u00edvel em: <a href=\"https:\/\/oikoseditora.com.br\/obra\/index\/id\/1235\" target=\"_blank\" rel=\"noreferrer noopener\">https:\/\/oikoseditora.com.br\/obra\/index\/id\/1235<\/a><\/td><td>          <\/td><\/tr><tr><td><a href=\"http:\/\/oikoseditora.com.br\/obra\/index\/id\/1426\"><strong>Hist\u00f3ria das migra\u00e7\u00f5es no contexto dos 200 anos de migra\u00e7\u00f5es alem\u00e3s para o Brasil<\/strong><\/a>. Karen Pupp Spinass\u00e9, Marcos Ant\u00f4nio Witt e Wilhelm Wachholz (orgs.). S\u00e3o Leopoldo: Oikos, 2024.<\/td><td><\/td><\/tr><tr><td><\/td><td><\/td><\/tr><\/tbody><\/table><\/figure>\n<\/div>\n<\/div>\n<\/div><\/div>\n","protected":false},"excerpt":{"rendered":"<p>PUBLICA\u00c7\u00d5ES T\u00edtulo\/Refer\u00eancia Formato Anais do I Simp\u00f3sio da Imigra\u00e7\u00e3o e Coloniza\u00e7\u00e3o Alem\u00e3 no Rio Grande do Sul. S\u00e3o Leopoldo: Rotermund,&hellip; <a class=\"read-more\" href=\"https:\/\/institutohistoricosl.com.br\/?page_id=60\">Continue lendo<\/a><\/p>\n","protected":false},"author":2,"featured_media":0,"parent":0,"menu_order":0,"comment_status":"closed","ping_status":"closed","template":"","meta":[],"_links":{"self":[{"href":"https:\/\/institutohistoricosl.com.br\/index.php?rest_route=\/wp\/v2\/pages\/60"}],"collection":[{"href":"https:\/\/institutohistoricosl.com.br\/index.php?rest_route=\/wp\/v2\/pages"}],"about":[{"href":"https:\/\/institutohistoricosl.com.br\/index.php?rest_route=\/wp\/v2\/types\/page"}],"author":[{"embeddable":true,"href":"https:\/\/institutohistoricosl.com.br\/index.php?rest_route=\/wp\/v2\/users\/2"}],"replies":[{"embeddable":true,"href":"https:\/\/institutohistoricosl.com.br\/index.php?rest_route=%2Fwp%2Fv2%2Fcomments&post=60"}],"version-history":[{"count":6,"href":"https:\/\/institutohistoricosl.com.br\/index.php?rest_route=\/wp\/v2\/pages\/60\/revisions"}],"predecessor-version":[{"id":1327,"href":"https:\/\/institutohistoricosl.com.br\/index.php?rest_route=\/wp\/v2\/pages\/60\/revisions\/1327"}],"wp:attachment":[{"href":"https:\/\/institutohistoricosl.com.br\/index.php?rest_route=%2Fwp%2Fv2%2Fmedia&parent=60"}],"curies":[{"name":"wp","href":"https:\/\/api.w.org\/{rel}","templated":true}]}}