{"id":54,"date":"2020-05-26T07:16:11","date_gmt":"2020-05-26T07:16:11","guid":{"rendered":"http:\/\/institutohistoricosl.com.br\/?page_id=54"},"modified":"2021-05-23T13:16:18","modified_gmt":"2021-05-23T13:16:18","slug":"eventos","status":"publish","type":"page","link":"https:\/\/institutohistoricosl.com.br\/?page_id=54","title":{"rendered":"Eventos"},"content":{"rendered":"\n<div style=\"height:49px\" aria-hidden=\"true\" class=\"wp-block-spacer\"><\/div>\n\n\n\n<p><strong>Semin\u00e1rio Internacional \u201cMigra\u00e7\u00f5es: fronteiras, territ\u00f3rios e culturas\u201d e XXIV Simp\u00f3sio de Hist\u00f3ria da Imigra\u00e7\u00e3o e Coloniza\u00e7\u00e3o<\/strong> (28,29 e 30 de setembro de 2021)<\/p>\n\n\n\n<p><a rel=\"noreferrer noopener\" href=\"http:\/\/institutohistoricosl.com.br\/wp-content\/uploads\/2021\/03\/Programa-vers\u00e3o-15-jan-2021-SEM-OFICINAS.docx\" target=\"_blank\">Baixe aqui a programa\u00e7\u00e3o do evento<\/a><\/p>\n\n\n\n<div style=\"height:49px\" aria-hidden=\"true\" class=\"wp-block-spacer\"><\/div>\n\n\n\n<p><strong>Semin\u00e1rio Internacional Migra\u00e7\u00f5es, territorialidades e ambiente<\/strong> <strong>&amp; <\/strong><br><strong>XV Semin\u00e1rio Nacional de Pesquisadores da Hist\u00f3ria<\/strong><br><strong>das Comunidades Teuto-brasileiras<\/strong> (05, 06 e 07 de maio de 2021)<\/p>\n\n\n\n<p>Site do evento: <a rel=\"noreferrer noopener\" href=\"https:\/\/xvseminarioanphctb.wixsite.com\/seminariomigracoes\" target=\"_blank\">https:\/\/xvseminarioanphctb.wixsite.com\/seminariomigracoes<\/a><\/p>\n\n\n\n<p><a href=\"http:\/\/institutohistoricosl.com.br\/wp-content\/uploads\/2021\/03\/Programa-vers\u00e3o-15-jan-2021-1.docx\" target=\"_blank\" rel=\"noreferrer noopener\">Baixe aqui a programa\u00e7\u00e3o completa<\/a><\/p>\n\n\n\n<div style=\"height:22px\" aria-hidden=\"true\" class=\"wp-block-spacer\"><\/div>\n\n\n\n<div class=\"wp-container-2 wp-block-group\"><div class=\"wp-block-group__inner-container\">\n<div class=\"wp-container-1 wp-block-group\"><div class=\"wp-block-group__inner-container\">\n<figure class=\"wp-block-image size-large is-resized\"><img loading=\"lazy\" src=\"http:\/\/institutohistoricosl.com.br\/wp-content\/uploads\/2021\/03\/Flyer-Semin\u00e1rio-ANPHCTB_page-0001-4-352x1024.jpg\" alt=\"\" class=\"wp-image-801\" width=\"424\" height=\"1233\" srcset=\"https:\/\/institutohistoricosl.com.br\/wp-content\/uploads\/2021\/03\/Flyer-Semin\u00e1rio-ANPHCTB_page-0001-4-352x1024.jpg 352w, https:\/\/institutohistoricosl.com.br\/wp-content\/uploads\/2021\/03\/Flyer-Semin\u00e1rio-ANPHCTB_page-0001-4-103x300.jpg 103w, https:\/\/institutohistoricosl.com.br\/wp-content\/uploads\/2021\/03\/Flyer-Semin\u00e1rio-ANPHCTB_page-0001-4-768x2235.jpg 768w, https:\/\/institutohistoricosl.com.br\/wp-content\/uploads\/2021\/03\/Flyer-Semin\u00e1rio-ANPHCTB_page-0001-4-528x1536.jpg 528w, https:\/\/institutohistoricosl.com.br\/wp-content\/uploads\/2021\/03\/Flyer-Semin\u00e1rio-ANPHCTB_page-0001-4-704x2048.jpg 704w, https:\/\/institutohistoricosl.com.br\/wp-content\/uploads\/2021\/03\/Flyer-Semin\u00e1rio-ANPHCTB_page-0001-4-scaled.jpg 880w\" sizes=\"(max-width: 424px) 100vw, 424px\" \/><\/figure>\n<\/div><\/div>\n<\/div><\/div>\n\n\n\n<div style=\"height:72px\" aria-hidden=\"true\" class=\"wp-block-spacer\"><\/div>\n","protected":false},"excerpt":{"rendered":"<p>Semin\u00e1rio Internacional \u201cMigra\u00e7\u00f5es: fronteiras, territ\u00f3rios e culturas\u201d e XXIV Simp\u00f3sio de Hist\u00f3ria da Imigra\u00e7\u00e3o e Coloniza\u00e7\u00e3o (28,29 e 30 de&hellip; <a class=\"read-more\" href=\"https:\/\/institutohistoricosl.com.br\/?page_id=54\">Continue lendo<\/a><\/p>\n","protected":false},"author":2,"featured_media":0,"parent":0,"menu_order":0,"comment_status":"closed","ping_status":"closed","template":"","meta":[],"_links":{"self":[{"href":"https:\/\/institutohistoricosl.com.br\/index.php?rest_route=\/wp\/v2\/pages\/54"}],"collection":[{"href":"https:\/\/institutohistoricosl.com.br\/index.php?rest_route=\/wp\/v2\/pages"}],"about":[{"href":"https:\/\/institutohistoricosl.com.br\/index.php?rest_route=\/wp\/v2\/types\/page"}],"author":[{"embeddable":true,"href":"https:\/\/institutohistoricosl.com.br\/index.php?rest_route=\/wp\/v2\/users\/2"}],"replies":[{"embeddable":true,"href":"https:\/\/institutohistoricosl.com.br\/index.php?rest_route=%2Fwp%2Fv2%2Fcomments&post=54"}],"version-history":[{"count":15,"href":"https:\/\/institutohistoricosl.com.br\/index.php?rest_route=\/wp\/v2\/pages\/54\/revisions"}],"predecessor-version":[{"id":867,"href":"https:\/\/institutohistoricosl.com.br\/index.php?rest_route=\/wp\/v2\/pages\/54\/revisions\/867"}],"wp:attachment":[{"href":"https:\/\/institutohistoricosl.com.br\/index.php?rest_route=%2Fwp%2Fv2%2Fmedia&parent=54"}],"curies":[{"name":"wp","href":"https:\/\/api.w.org\/{rel}","templated":true}]}}