{"id":41,"date":"2020-05-26T07:06:59","date_gmt":"2020-05-26T07:06:59","guid":{"rendered":"http:\/\/institutohistoricosl.com.br\/?page_id=41"},"modified":"2026-04-11T20:44:53","modified_gmt":"2026-04-11T20:44:53","slug":"diretoria","status":"publish","type":"page","link":"https:\/\/institutohistoricosl.com.br\/?page_id=41","title":{"rendered":"Diretoria"},"content":{"rendered":"\n<div style=\"height:20px\" aria-hidden=\"true\" class=\"wp-block-spacer\"><\/div>\n\n\n\n<h4>Bi\u00eanio 2026\/2027<\/h4>\n\n\n\n<p><strong>Presidente:<\/strong> Karen Pupp Spinass\u00e9.<\/p>\n\n\n\n<p><strong>Vice-Presidente:<\/strong> Cristina Seibert Schneider<\/p>\n\n\n\n<p><strong>1<sup>a<\/sup> Secret\u00e1ria: <\/strong>V\u00e2nia In\u00eas Priamo<\/p>\n\n\n\n<p><strong>2<sup>o<\/sup> Secret\u00e1rio: <\/strong>Ren\u00e9 Ernaini Gertz<\/p>\n\n\n\n<p><strong>1\u00aa Tesoureira:<\/strong> Isabel Cristina Arendt<\/p>\n\n\n\n<p><strong>2\u00ba Tesoureiro: <\/strong>Oneide Bobsin<\/p>\n\n\n\n<p><strong>Diretor de Patrim\u00f4nio: <\/strong><\/p>\n\n\n\n<p><strong>Conselho Fiscal:<\/strong> Cl\u00e9o Vilson Altenhofen, Doris Rejane Fernandes, Vania Beatriz Merlotti Her\u00e9dia<\/p>\n\n\n\n<p><\/p>\n\n\n\n<h4>Bi\u00eanio 2024\/2025<\/h4>\n\n\n\n<p><strong>Presidente:<\/strong> Karen Pupp Spinass\u00e9.<\/p>\n\n\n\n<p><strong>Vice-Presidente:<\/strong> Cristina Seibert Schneider<\/p>\n\n\n\n<p><strong>1<sup>a<\/sup> Secret\u00e1ria: <\/strong>Cledes Markus<\/p>\n\n\n\n<p><strong>2<sup>o<\/sup> Secret\u00e1rio: <\/strong>Ren\u00e9 Ernaini Gertz<\/p>\n\n\n\n<p><strong>1\u00ba Tesoureiro:<\/strong> Andr\u00e9 Huyer<\/p>\n\n\n\n<p><strong>2\u00ba Tesoureiro: <\/strong>Oneide Bobsin<\/p>\n\n\n\n<p><strong>Diretor de Patrim\u00f4nio: <\/strong><\/p>\n\n\n\n<p><strong>Conselho Fiscal:<\/strong> Cl\u00e9o Vilson Altenhofen, Doris Rejane Fernandes, Vania Beatriz Merlotti Her\u00e9dia<\/p>\n\n\n\n<div style=\"height:49px\" aria-hidden=\"true\" class=\"wp-block-spacer\"><\/div>\n\n\n\n<h4>Bi\u00eanio 2022\/2023<\/h4>\n\n\n\n<p><strong>Presidente:<\/strong> Jorge Luiz da Cunha<\/p>\n\n\n\n<p><strong>Vice-Presidente:<\/strong> Isabel Cristina Arendt<\/p>\n\n\n\n<p><strong>1\u00ba Secret\u00e1rio: <\/strong>Marcos Ant\u00f4nio Witt<\/p>\n\n\n\n<p><strong>2\u00aa Secret\u00e1ria: <\/strong>Dalva Neraci Reinheimer<\/p>\n\n\n\n<p><strong>1\u00ba Tesoureiro:<\/strong> Andr\u00e9 Huyer<\/p>\n\n\n\n<p><strong>2\u00ba Tesoureiro: <\/strong>Rodrigo Luis dos Santos<\/p>\n\n\n\n<p><strong>Diretor de Patrim\u00f4nio: <\/strong>G\u00fcnter Weimer<\/p>\n\n\n\n<p><strong>Conselho Fiscal:<\/strong> Marluza Marques Harres,  V\u00e2nia In\u00eas Priamo e Rosane Marcia Neumann<\/p>\n\n\n\n<div style=\"height:33px\" aria-hidden=\"true\" class=\"wp-block-spacer\"><\/div>\n\n\n\n<h4><strong>Bi\u00eanio 2020\/2021<\/strong><\/h4>\n\n\n\n<p><strong>Presidente:<\/strong> Isabel Cristina Arendt<\/p>\n\n\n\n<p><strong>Vice-Presidente:<\/strong> Jorge Luiz da Cunha<\/p>\n\n\n\n<p><strong>1<sup>a<\/sup> Secret\u00e1ria: <\/strong>Dalva Neraci Reinheimer<\/p>\n\n\n\n<p><strong>2<sup>o<\/sup> Secret\u00e1rio: <\/strong>Andr\u00e9 Huyer<\/p>\n\n\n\n<p><strong>1\u00ba Tesoureiro:<\/strong> Rodrigo Luis dos Santos<\/p>\n\n\n\n<p><strong>2\u00aa Tesoureira: <\/strong>Vania In\u00eas Avila Priamo<\/p>\n\n\n\n<p><strong>Diretor de Patrim\u00f4nio: <\/strong>G\u00fcnter Weimer<\/p>\n\n\n\n<p><strong>Conselho Fiscal:<\/strong> Gerson Roberto Neumann, Marcos Ant\u00f4nio Witt e Rosane Marcia Neumann<\/p>\n","protected":false},"excerpt":{"rendered":"<p>Bi\u00eanio 2026\/2027 Presidente: Karen Pupp Spinass\u00e9. Vice-Presidente: Cristina Seibert Schneider 1a Secret\u00e1ria: V\u00e2nia In\u00eas Priamo 2o Secret\u00e1rio: Ren\u00e9 Ernaini Gertz&hellip; <a class=\"read-more\" href=\"https:\/\/institutohistoricosl.com.br\/?page_id=41\">Continue lendo<\/a><\/p>\n","protected":false},"author":2,"featured_media":0,"parent":0,"menu_order":0,"comment_status":"closed","ping_status":"closed","template":"","meta":[],"_links":{"self":[{"href":"https:\/\/institutohistoricosl.com.br\/index.php?rest_route=\/wp\/v2\/pages\/41"}],"collection":[{"href":"https:\/\/institutohistoricosl.com.br\/index.php?rest_route=\/wp\/v2\/pages"}],"about":[{"href":"https:\/\/institutohistoricosl.com.br\/index.php?rest_route=\/wp\/v2\/types\/page"}],"author":[{"embeddable":true,"href":"https:\/\/institutohistoricosl.com.br\/index.php?rest_route=\/wp\/v2\/users\/2"}],"replies":[{"embeddable":true,"href":"https:\/\/institutohistoricosl.com.br\/index.php?rest_route=%2Fwp%2Fv2%2Fcomments&post=41"}],"version-history":[{"count":6,"href":"https:\/\/institutohistoricosl.com.br\/index.php?rest_route=\/wp\/v2\/pages\/41\/revisions"}],"predecessor-version":[{"id":1297,"href":"https:\/\/institutohistoricosl.com.br\/index.php?rest_route=\/wp\/v2\/pages\/41\/revisions\/1297"}],"wp:attachment":[{"href":"https:\/\/institutohistoricosl.com.br\/index.php?rest_route=%2Fwp%2Fv2%2Fmedia&parent=41"}],"curies":[{"name":"wp","href":"https:\/\/api.w.org\/{rel}","templated":true}]}}