{"id":33,"date":"2020-05-26T07:04:38","date_gmt":"2020-05-26T07:04:38","guid":{"rendered":"http:\/\/institutohistoricosl.com.br\/?page_id=33"},"modified":"2020-07-08T18:36:52","modified_gmt":"2020-07-08T18:36:52","slug":"historico","status":"publish","type":"page","link":"https:\/\/institutohistoricosl.com.br\/?page_id=33","title":{"rendered":"Hist\u00f3rico"},"content":{"rendered":"\n<div style=\"height:24px\" aria-hidden=\"true\" class=\"wp-block-spacer\"><\/div>\n\n\n\n<p style=\"font-size:0\">O Instituto Hist\u00f3rico de S\u00e3o Leopoldo \u00e9 uma associa\u00e7\u00e3o cultural, sem fins lucrativos, fundado e instalado em 25 de julho de 1975, com sede e foro na cidade de S\u00e3o Leopoldo, no estado do Rio Grande do Sul.<\/p>\n\n\n\n<div style=\"height:20px\" aria-hidden=\"true\" class=\"wp-block-spacer\"><\/div>\n\n\n\n<p>Pelos idos de 1972, quando a dire\u00e7\u00e3o do Museu Hist\u00f3rico Visconde de S\u00e3o Leopoldo, institui\u00e7\u00e3o privada fundada em 1959, planejava sua nova sede, houve refer\u00eancia a uma sala destinada a um futuro Instituto Hist\u00f3rico. Telmo Lauro M\u00fcller e Germano Oscar Moehlecke, ent\u00e3o integrantes da diretoria do Museu Hist\u00f3rico Visconde de S\u00e3o Leopoldo, integraram \u00e0 \u00e9poca a Comiss\u00e3o Estadual das Comemora\u00e7\u00f5es do Sesquicenten\u00e1rio da Imigra\u00e7\u00e3o Alem\u00e3. Isso contribuiu para a formata\u00e7\u00e3o do Simp\u00f3sio de Hist\u00f3ria da Imigra\u00e7\u00e3o e Coloniza\u00e7\u00e3o Alem\u00e3s, que viria a ser realizado em S\u00e3o Leopoldo entre os dias 12 e 15 de setembro de 1974. Diante dos resultados e desafios do evento, o grupo respons\u00e1vel decidiu por sua realiza\u00e7\u00e3o a cada dois anos. Assim, a semente para a forma\u00e7\u00e3o do Instituto Hist\u00f3rico de S\u00e3o Leopoldo estava lan\u00e7ada.<\/p>\n\n\n\n<div style=\"height:20px\" aria-hidden=\"true\" class=\"wp-block-spacer\"><\/div>\n\n\n\n<p>Pe. Arthur Rabuske, um dos entusiastas da ideia, em encontros de estudos no Museu Hist\u00f3rico, e em conversas com o ent\u00e3o diretor Telmo Lauro M\u00fcller, ajudou a dar forma \u00e0 entidade. A iniciativa teve a ades\u00e3o imediata de Germano Oscar Moehlecke, Klaus Becker e Carlos de Souza Moraes.<\/p>\n\n\n\n<div style=\"height:20px\" aria-hidden=\"true\" class=\"wp-block-spacer\"><\/div>\n\n\n\n<p>A partir de ent\u00e3o, a autointitulada \u201ccomiss\u00e3o organizadora\u201d realizou uma s\u00e9rie de reuni\u00f5es com vistas, entre outros, \u00e0 elabora\u00e7\u00e3o do Estatuto, \u00e0 defini\u00e7\u00e3o dos patronos das cadeiras inicialmente previstas e das indica\u00e7\u00f5es de nomes para s\u00f3cios efetivos. A instala\u00e7\u00e3o do Instituto Hist\u00f3rico de S\u00e3o Leopoldo ocorreu nas depend\u00eancias da Biblioteca P\u00fablica Municipal do munic\u00edpio em 25 de julho de 1975. Neste dia, foi realizada a Assembleia Geral de funda\u00e7\u00e3o, com os nomes indicados para compor o grupo de s\u00f3cios efetivos, inicialmente em n\u00famero de 20, tendo sido ampliado mais tarde para 30.<\/p>\n\n\n\n<div style=\"height:20px\" aria-hidden=\"true\" class=\"wp-block-spacer\"><\/div>\n\n\n\n<p>O Instituto Hist\u00f3rico manteve suas reuni\u00f5es na Biblioteca P\u00fablica Municipal de S\u00e3o Leopoldo at\u00e9 a transfer\u00eancia das suas atividades para o pr\u00e9dio do Museu, t\u00e3o logo a primeira etapa da constru\u00e7\u00e3o havia sido inaugurada.<\/p>\n","protected":false},"excerpt":{"rendered":"<p>O Instituto Hist\u00f3rico de S\u00e3o Leopoldo \u00e9 uma associa\u00e7\u00e3o cultural, sem fins lucrativos, fundado e instalado em 25 de julho&hellip; <a class=\"read-more\" href=\"https:\/\/institutohistoricosl.com.br\/?page_id=33\">Continue lendo<\/a><\/p>\n","protected":false},"author":2,"featured_media":0,"parent":0,"menu_order":0,"comment_status":"closed","ping_status":"closed","template":"","meta":[],"_links":{"self":[{"href":"https:\/\/institutohistoricosl.com.br\/index.php?rest_route=\/wp\/v2\/pages\/33"}],"collection":[{"href":"https:\/\/institutohistoricosl.com.br\/index.php?rest_route=\/wp\/v2\/pages"}],"about":[{"href":"https:\/\/institutohistoricosl.com.br\/index.php?rest_route=\/wp\/v2\/types\/page"}],"author":[{"embeddable":true,"href":"https:\/\/institutohistoricosl.com.br\/index.php?rest_route=\/wp\/v2\/users\/2"}],"replies":[{"embeddable":true,"href":"https:\/\/institutohistoricosl.com.br\/index.php?rest_route=%2Fwp%2Fv2%2Fcomments&post=33"}],"version-history":[{"count":9,"href":"https:\/\/institutohistoricosl.com.br\/index.php?rest_route=\/wp\/v2\/pages\/33\/revisions"}],"predecessor-version":[{"id":535,"href":"https:\/\/institutohistoricosl.com.br\/index.php?rest_route=\/wp\/v2\/pages\/33\/revisions\/535"}],"wp:attachment":[{"href":"https:\/\/institutohistoricosl.com.br\/index.php?rest_route=%2Fwp%2Fv2%2Fmedia&parent=33"}],"curies":[{"name":"wp","href":"https:\/\/api.w.org\/{rel}","templated":true}]}}