{"id":17,"date":"2020-05-25T21:32:12","date_gmt":"2020-05-25T21:32:12","guid":{"rendered":"http:\/\/institutohistoricosl.com.br\/?page_id=17"},"modified":"2021-06-12T19:09:13","modified_gmt":"2021-06-12T19:09:13","slug":"linha-do-tempo","status":"publish","type":"page","link":"https:\/\/institutohistoricosl.com.br\/?page_id=17","title":{"rendered":"Fotografias"},"content":{"rendered":"\n<p><br><\/p>\n\n\n\n<div style=\"height:47px\" aria-hidden=\"true\" class=\"wp-block-spacer\"><\/div>\n\n\n\n<div class=\"wp-block-media-text alignwide is-stacked-on-mobile\" style=\"grid-template-columns:47% auto\"><figure class=\"wp-block-media-text__media\"><img loading=\"lazy\" width=\"960\" height=\"696\" src=\"http:\/\/institutohistoricosl.com.br\/wp-content\/uploads\/2020\/05\/027.jpg\" alt=\"\" class=\"wp-image-147\" srcset=\"https:\/\/institutohistoricosl.com.br\/wp-content\/uploads\/2020\/05\/027.jpg 960w, https:\/\/institutohistoricosl.com.br\/wp-content\/uploads\/2020\/05\/027-300x218.jpg 300w, https:\/\/institutohistoricosl.com.br\/wp-content\/uploads\/2020\/05\/027-768x557.jpg 768w\" sizes=\"(max-width: 960px) 100vw, 960px\" \/><\/figure><div class=\"wp-block-media-text__content\">\n<p>Reuni\u00e3o do Instituto Hist\u00f3rico de S\u00e3o Leopoldo no dia 27 de novembro de 1993. Posse do s\u00f3cio Marcos Justo Tramontini (<em>in memoriam<\/em>), \u00e0 esquerda da foto, recebendo o certificado das m\u00e3os do confrade Arthur Bl\u00e1sio Rambo.<\/p>\n<\/div><\/div>\n\n\n\n<div style=\"height:100px\" aria-hidden=\"true\" class=\"wp-block-spacer\"><\/div>\n\n\n\n<div class=\"wp-block-media-text alignwide is-stacked-on-mobile\" style=\"grid-template-columns:48% auto\"><figure class=\"wp-block-media-text__media\"><img loading=\"lazy\" width=\"960\" height=\"697\" src=\"http:\/\/institutohistoricosl.com.br\/wp-content\/uploads\/2020\/05\/028.jpg\" alt=\"\" class=\"wp-image-151\" srcset=\"https:\/\/institutohistoricosl.com.br\/wp-content\/uploads\/2020\/05\/028.jpg 960w, https:\/\/institutohistoricosl.com.br\/wp-content\/uploads\/2020\/05\/028-300x218.jpg 300w, https:\/\/institutohistoricosl.com.br\/wp-content\/uploads\/2020\/05\/028-768x558.jpg 768w\" sizes=\"(max-width: 960px) 100vw, 960px\" \/><\/figure><div class=\"wp-block-media-text__content\">\n<p>Reuni\u00e3o do Instituto Hist\u00f3rico de S\u00e3o Leopoldo no dia 27 de novembro de 1993. Posse dos s\u00f3cios Marcos Justo Tramontini (<em>in memoriam<\/em>) e Ricardo Willy Rieth. Em p\u00e9, da esquerda para a direita: Lu\u00eds de Boni, Martin Norberto Dreher, L\u00facio Kreutz, Ricardo Willy Rieth, Arthur Bl\u00e1sio Rambo, Gast\u00e3o Spohr, Bertholdo Weber, Gunter Weimer e Telmo Lauro M\u00fcller. Sentados, da esquerda para a direita: Klaus Becker, Marcos Justo Tramontini, Walter Koch, Eva Koch, Helga Piccolo, Joachim Fischer e Ren\u00e9 Ernaini Gertz.<\/p>\n<\/div><\/div>\n\n\n\n<div style=\"height:100px\" aria-hidden=\"true\" class=\"wp-block-spacer\"><\/div>\n\n\n\n<div class=\"wp-block-media-text alignwide is-stacked-on-mobile is-vertically-aligned-center\" style=\"grid-template-columns:49% auto\"><figure class=\"wp-block-media-text__media\"><img loading=\"lazy\" width=\"960\" height=\"624\" src=\"http:\/\/institutohistoricosl.com.br\/wp-content\/uploads\/2020\/05\/009.jpg\" alt=\"\" class=\"wp-image-131\" srcset=\"https:\/\/institutohistoricosl.com.br\/wp-content\/uploads\/2020\/05\/009.jpg 960w, https:\/\/institutohistoricosl.com.br\/wp-content\/uploads\/2020\/05\/009-300x195.jpg 300w, https:\/\/institutohistoricosl.com.br\/wp-content\/uploads\/2020\/05\/009-768x499.jpg 768w\" sizes=\"(max-width: 960px) 100vw, 960px\" \/><\/figure><div class=\"wp-block-media-text__content\">\n<p>Membros do Instituto Hist\u00f3rico de S\u00e3o Leopoldo, d\u00e9cada de 1990. Reuni\u00e3o ocorrida no Museu Hist\u00f3rico Visconde de S\u00e3o Leopoldo, em 29 de novembro de 1997. Sentados, da esquerda para a direita:  Werner Altmann, Pedro Ign\u00e1cio Schmitz, Arthur Bl\u00e1sio Rambo, L\u00facio Kreutz, Gast\u00e3o Jos\u00e9 Spohr, Cl\u00e9o Vilson Altenhofen, Ren\u00e9 Erna\u00edni Gertz e Bertholdo Weber. Em p\u00e9, da esquerda para a direita: Ricardo Willy Rieth, Luis Alberto de Boni, Telmo Lauro M\u00fcller, Marcos Justo Tramontini, G\u00fcnter Weimer, Joachim Fischer, Angela<br>Teresa Sperb, Helga Iracema Landgraf Piccolo e Jorge Luiz da Cunha.<\/p>\n<\/div><\/div>\n\n\n\n<div style=\"height:100px\" aria-hidden=\"true\" class=\"wp-block-spacer\"><\/div>\n\n\n\n<div class=\"wp-block-media-text alignwide is-stacked-on-mobile\" style=\"grid-template-columns:48% auto\"><figure class=\"wp-block-media-text__media\"><img loading=\"lazy\" width=\"960\" height=\"619\" src=\"http:\/\/institutohistoricosl.com.br\/wp-content\/uploads\/2020\/05\/001.jpg\" alt=\"\" class=\"wp-image-120\" srcset=\"https:\/\/institutohistoricosl.com.br\/wp-content\/uploads\/2020\/05\/001.jpg 960w, https:\/\/institutohistoricosl.com.br\/wp-content\/uploads\/2020\/05\/001-300x193.jpg 300w, https:\/\/institutohistoricosl.com.br\/wp-content\/uploads\/2020\/05\/001-768x495.jpg 768w\" sizes=\"(max-width: 960px) 100vw, 960px\" \/><\/figure><div class=\"wp-block-media-text__content\">\n<p>Reuni\u00e3o do Instituto Hist\u00f3rico de S\u00e3o Leopoldo, ocorrida no Museu Hist\u00f3rico Visconde de S\u00e3o Leopoldo, no dia 29 de novembro de 1997. Posso do Prof. Cl\u00e9o Vilson Altenhofen (UFRGS), tendo seu diploma de posse entregue pela Profa. Helga Piccolo (ent\u00e3o docente da UFRGS).<\/p>\n\n\n\n<p><\/p>\n<\/div><\/div>\n\n\n\n<div style=\"height:100px\" aria-hidden=\"true\" class=\"wp-block-spacer\"><\/div>\n\n\n\n<div class=\"wp-block-media-text alignwide is-stacked-on-mobile is-vertically-aligned-center\" style=\"grid-template-columns:47% auto\"><figure class=\"wp-block-media-text__media\"><img loading=\"lazy\" width=\"960\" height=\"634\" src=\"http:\/\/institutohistoricosl.com.br\/wp-content\/uploads\/2020\/05\/002.jpg\" alt=\"\" class=\"wp-image-121\" srcset=\"https:\/\/institutohistoricosl.com.br\/wp-content\/uploads\/2020\/05\/002.jpg 960w, https:\/\/institutohistoricosl.com.br\/wp-content\/uploads\/2020\/05\/002-300x198.jpg 300w, https:\/\/institutohistoricosl.com.br\/wp-content\/uploads\/2020\/05\/002-768x507.jpg 768w\" sizes=\"(max-width: 960px) 100vw, 960px\" \/><\/figure><div class=\"wp-block-media-text__content\">\n<p><br><br><br>Reuni\u00e3o do Instituto Hist\u00f3rico de S\u00e3o Leopoldo, ocorrida no Museu Hist\u00f3rico Visconde de S\u00e3o Leopoldo, no dia 29 de novembro de 1997. Posse do Prof. Werner Altmann (ent\u00e3o docente da UNISINOS), sendo seu diploma entregue pelo Prof. Pedro Ign\u00e1cio Schmitz (Instituto Anchietano de Pesquisas\/UNISINOS).<\/p>\n<\/div><\/div>\n\n\n\n<p><\/p>\n\n\n\n<div style=\"height:100px\" aria-hidden=\"true\" class=\"wp-block-spacer\"><\/div>\n\n\n\n<div class=\"wp-block-media-text alignwide is-stacked-on-mobile\" style=\"grid-template-columns:49% auto\"><figure class=\"wp-block-media-text__media\"><img loading=\"lazy\" width=\"960\" height=\"645\" src=\"http:\/\/institutohistoricosl.com.br\/wp-content\/uploads\/2020\/05\/003.jpg\" alt=\"\" class=\"wp-image-122\" srcset=\"https:\/\/institutohistoricosl.com.br\/wp-content\/uploads\/2020\/05\/003.jpg 960w, https:\/\/institutohistoricosl.com.br\/wp-content\/uploads\/2020\/05\/003-300x202.jpg 300w, https:\/\/institutohistoricosl.com.br\/wp-content\/uploads\/2020\/05\/003-768x516.jpg 768w\" sizes=\"(max-width: 960px) 100vw, 960px\" \/><\/figure><div class=\"wp-block-media-text__content\">\n<p>XVI Simp\u00f3sio de Hist\u00f3ria da Imigra\u00e7\u00e3o e Coloniza\u00e7\u00e3o, setembro de 2004, na UNISINOS. Da esquerda para a direita: Prof. Dr. Marcos Justo Tramontini (<em>in memoriam<\/em>) \u2013 UNISINOS\/IHSL, palestrante Prof. Dr. Helmuth Schmahl e Prof. Dr. Martin Norberto Dreher \u2013 UNISINOS\/IHSL.<\/p>\n<\/div><\/div>\n\n\n\n<div style=\"height:100px\" aria-hidden=\"true\" class=\"wp-block-spacer\"><\/div>\n\n\n\n<div class=\"wp-block-media-text alignwide is-stacked-on-mobile\" style=\"grid-template-columns:49% auto\"><figure class=\"wp-block-media-text__media\"><img loading=\"lazy\" width=\"960\" height=\"628\" src=\"http:\/\/institutohistoricosl.com.br\/wp-content\/uploads\/2020\/05\/004.jpg\" alt=\"\" class=\"wp-image-124\" srcset=\"https:\/\/institutohistoricosl.com.br\/wp-content\/uploads\/2020\/05\/004.jpg 960w, https:\/\/institutohistoricosl.com.br\/wp-content\/uploads\/2020\/05\/004-300x196.jpg 300w, https:\/\/institutohistoricosl.com.br\/wp-content\/uploads\/2020\/05\/004-768x502.jpg 768w\" sizes=\"(max-width: 960px) 100vw, 960px\" \/><\/figure><div class=\"wp-block-media-text__content\">\n<p>XVI Simp\u00f3sio de Hist\u00f3ria da Imigra\u00e7\u00e3o e Coloniza\u00e7\u00e3o, setembro de 2004, na UNISINOS.<\/p>\n<\/div><\/div>\n\n\n\n<div style=\"height:100px\" aria-hidden=\"true\" class=\"wp-block-spacer\"><\/div>\n\n\n\n<div class=\"wp-block-media-text alignwide is-stacked-on-mobile\" style=\"grid-template-columns:49% auto\"><figure class=\"wp-block-media-text__media\"><img loading=\"lazy\" width=\"960\" height=\"637\" src=\"http:\/\/institutohistoricosl.com.br\/wp-content\/uploads\/2020\/05\/005.jpg\" alt=\"\" class=\"wp-image-127\" srcset=\"https:\/\/institutohistoricosl.com.br\/wp-content\/uploads\/2020\/05\/005.jpg 960w, https:\/\/institutohistoricosl.com.br\/wp-content\/uploads\/2020\/05\/005-300x199.jpg 300w, https:\/\/institutohistoricosl.com.br\/wp-content\/uploads\/2020\/05\/005-768x510.jpg 768w\" sizes=\"(max-width: 960px) 100vw, 960px\" \/><\/figure><div class=\"wp-block-media-text__content\">\n<p>XVI Simp\u00f3sio de Hist\u00f3ria da Imigra\u00e7\u00e3o e Coloniza\u00e7\u00e3o, setembro de 2004, na UNISINOS. Da esquerda para a direita: Prof. Dr. Marcos Justo Tramontini (falecido) \u2013 UNISINOS\/IHSL, palestrante Prof. Dr. Helmuth Schmahl e Prof. Dr. Martin Norberto Dreher \u2013 UNISINOS\/IHSL.<\/p>\n<\/div><\/div>\n\n\n\n<div style=\"height:100px\" aria-hidden=\"true\" class=\"wp-block-spacer\"><\/div>\n\n\n\n<div class=\"wp-block-media-text alignwide is-stacked-on-mobile\" style=\"grid-template-columns:48% auto\"><figure class=\"wp-block-media-text__media\"><img loading=\"lazy\" width=\"960\" height=\"720\" src=\"http:\/\/institutohistoricosl.com.br\/wp-content\/uploads\/2020\/05\/006.jpg\" alt=\"\" class=\"wp-image-128\" srcset=\"https:\/\/institutohistoricosl.com.br\/wp-content\/uploads\/2020\/05\/006.jpg 960w, https:\/\/institutohistoricosl.com.br\/wp-content\/uploads\/2020\/05\/006-300x225.jpg 300w, https:\/\/institutohistoricosl.com.br\/wp-content\/uploads\/2020\/05\/006-768x576.jpg 768w, https:\/\/institutohistoricosl.com.br\/wp-content\/uploads\/2020\/05\/006-120x90.jpg 120w\" sizes=\"(max-width: 960px) 100vw, 960px\" \/><\/figure><div class=\"wp-block-media-text__content\">\n<p>XVI Simp\u00f3sio de Hist\u00f3ria da Imigra\u00e7\u00e3o e Coloniza\u00e7\u00e3o, setembro de 2004, na UNISINOS. Da esquerda para a direita: Prof. Dr. Marcos Justo Tramontini (falecido) \u2013 UNISINOS\/IHSL, palestrante Prof. Dr. Helmuth Schmahl e Prof. Dr. Martin Norberto Dreher \u2013 UNISINOS\/IHSL.<\/p>\n<\/div><\/div>\n\n\n\n<div style=\"height:100px\" aria-hidden=\"true\" class=\"wp-block-spacer\"><\/div>\n\n\n\n<div class=\"wp-block-media-text alignwide is-stacked-on-mobile\" style=\"grid-template-columns:49% auto\"><figure class=\"wp-block-media-text__media\"><img loading=\"lazy\" width=\"960\" height=\"639\" src=\"http:\/\/institutohistoricosl.com.br\/wp-content\/uploads\/2020\/05\/021.jpg\" alt=\"\" class=\"wp-image-146\" srcset=\"https:\/\/institutohistoricosl.com.br\/wp-content\/uploads\/2020\/05\/021.jpg 960w, https:\/\/institutohistoricosl.com.br\/wp-content\/uploads\/2020\/05\/021-300x200.jpg 300w, https:\/\/institutohistoricosl.com.br\/wp-content\/uploads\/2020\/05\/021-768x511.jpg 768w\" sizes=\"(max-width: 960px) 100vw, 960px\" \/><\/figure><div class=\"wp-block-media-text__content\">\n<p>Semin\u00e1rio Internacional Imigra\u00e7\u00e3o &amp; Imprensa e XV Simp\u00f3sio de Hist\u00f3ria da Imigra\u00e7\u00e3o e Coloniza\u00e7\u00e3o. Evento realizado nos dias 17, 18 e 19 de setembro de 2002, no campus S\u00e3o Leopoldo da UNISINOS. Cerim\u00f4nia de Abertura, no dia 17 de setembro.<\/p>\n<\/div><\/div>\n\n\n\n<div style=\"height:100px\" aria-hidden=\"true\" class=\"wp-block-spacer\"><\/div>\n\n\n\n<div class=\"wp-block-media-text alignwide is-stacked-on-mobile\" style=\"grid-template-columns:49% auto\"><figure class=\"wp-block-media-text__media\"><img loading=\"lazy\" width=\"960\" height=\"629\" src=\"http:\/\/institutohistoricosl.com.br\/wp-content\/uploads\/2020\/05\/010.jpg\" alt=\"\" class=\"wp-image-133\" srcset=\"https:\/\/institutohistoricosl.com.br\/wp-content\/uploads\/2020\/05\/010.jpg 960w, https:\/\/institutohistoricosl.com.br\/wp-content\/uploads\/2020\/05\/010-300x197.jpg 300w, https:\/\/institutohistoricosl.com.br\/wp-content\/uploads\/2020\/05\/010-768x503.jpg 768w\" sizes=\"(max-width: 960px) 100vw, 960px\" \/><\/figure><div class=\"wp-block-media-text__content\">\n<p>Semin\u00e1rio Internacional Imigra\u00e7\u00e3o &amp; Imprensa e XV Simp\u00f3sio de Hist\u00f3ria da Imigra\u00e7\u00e3o e Coloniza\u00e7\u00e3o. Evento realizado nos dias 17, 18 e 19 de setembro de 2002, no campus S\u00e3o Leopoldo da UNISINOS.<\/p>\n<\/div><\/div>\n\n\n\n<div style=\"height:100px\" aria-hidden=\"true\" class=\"wp-block-spacer\"><\/div>\n\n\n\n<div class=\"wp-block-media-text alignwide is-stacked-on-mobile is-vertically-aligned-center\" style=\"grid-template-columns:51% auto\"><figure class=\"wp-block-media-text__media\"><img loading=\"lazy\" width=\"960\" height=\"645\" src=\"http:\/\/institutohistoricosl.com.br\/wp-content\/uploads\/2020\/05\/011.jpg\" alt=\"\" class=\"wp-image-135\" srcset=\"https:\/\/institutohistoricosl.com.br\/wp-content\/uploads\/2020\/05\/011.jpg 960w, https:\/\/institutohistoricosl.com.br\/wp-content\/uploads\/2020\/05\/011-300x202.jpg 300w, https:\/\/institutohistoricosl.com.br\/wp-content\/uploads\/2020\/05\/011-768x516.jpg 768w\" sizes=\"(max-width: 960px) 100vw, 960px\" \/><\/figure><div class=\"wp-block-media-text__content\">\n<p><br>Semin\u00e1rio Internacional Imigra\u00e7\u00e3o &amp; Imprensa e XV Simp\u00f3sio de Hist\u00f3ria da Imigra\u00e7\u00e3o e Coloniza\u00e7\u00e3o. Evento realizado nos dias 17, 18 e 19 de setembro de 2002, no campus S\u00e3o Leopoldo da UNISINOS. Confer\u00eancia &#8220;Teorias antropol\u00f3gicas e imigra\u00e7\u00e3o na imprensa brasileira&#8221;, no dia 18 de setembro, com a Profa. Dra. T\u00e2nia Regina de Luca. Debatedor Prof. Dr. Marcos Justo Tramontini.<br><\/p>\n<\/div><\/div>\n\n\n\n<div style=\"height:100px\" aria-hidden=\"true\" class=\"wp-block-spacer\"><\/div>\n\n\n\n<div class=\"wp-block-media-text alignwide is-stacked-on-mobile\" style=\"grid-template-columns:51% auto\"><figure class=\"wp-block-media-text__media\"><img loading=\"lazy\" width=\"960\" height=\"636\" src=\"http:\/\/institutohistoricosl.com.br\/wp-content\/uploads\/2020\/05\/012.jpg\" alt=\"\" class=\"wp-image-137\" srcset=\"https:\/\/institutohistoricosl.com.br\/wp-content\/uploads\/2020\/05\/012.jpg 960w, https:\/\/institutohistoricosl.com.br\/wp-content\/uploads\/2020\/05\/012-300x199.jpg 300w, https:\/\/institutohistoricosl.com.br\/wp-content\/uploads\/2020\/05\/012-768x509.jpg 768w\" sizes=\"(max-width: 960px) 100vw, 960px\" \/><\/figure><div class=\"wp-block-media-text__content\">\n<p>Semin\u00e1rio Internacional Imigra\u00e7\u00e3o &amp; Imprensa e XV Simp\u00f3sio de Hist\u00f3ria da Imigra\u00e7\u00e3o e Coloniza\u00e7\u00e3o. Evento realizado nos dias 17, 18 e 19 de setembro de 2002, no campus S\u00e3o Leopoldo da UNISINOS.<\/p>\n<\/div><\/div>\n\n\n\n<div style=\"height:100px\" aria-hidden=\"true\" class=\"wp-block-spacer\"><\/div>\n\n\n\n<div class=\"wp-block-media-text alignwide is-stacked-on-mobile is-vertically-aligned-center\" style=\"grid-template-columns:51% auto\"><figure class=\"wp-block-media-text__media\"><img loading=\"lazy\" width=\"960\" height=\"650\" src=\"http:\/\/institutohistoricosl.com.br\/wp-content\/uploads\/2020\/05\/016.jpg\" alt=\"\" class=\"wp-image-139\" srcset=\"https:\/\/institutohistoricosl.com.br\/wp-content\/uploads\/2020\/05\/016.jpg 960w, https:\/\/institutohistoricosl.com.br\/wp-content\/uploads\/2020\/05\/016-300x203.jpg 300w, https:\/\/institutohistoricosl.com.br\/wp-content\/uploads\/2020\/05\/016-768x520.jpg 768w\" sizes=\"(max-width: 960px) 100vw, 960px\" \/><\/figure><div class=\"wp-block-media-text__content\">\n<p>Semin\u00e1rio Internacional Imigra\u00e7\u00e3o &amp; Imprensa e XV Simp\u00f3sio de Hist\u00f3ria da Imigra\u00e7\u00e3o e Coloniza\u00e7\u00e3o. Evento realizado nos dias 17, 18 e 19 de setembro de 2002, no campus S\u00e3o Leopoldo da UNISINOS. Palestras com a Profa. Dra. T\u00e2nia Regina de Luca, com o t\u00edtulo \u201cA imprensa e sua abordagem na investiga\u00e7\u00e3o hist\u00f3rica\u201d.<\/p>\n<\/div><\/div>\n\n\n\n<div style=\"height:100px\" aria-hidden=\"true\" class=\"wp-block-spacer\"><\/div>\n\n\n\n<div class=\"wp-block-media-text alignwide is-stacked-on-mobile\" style=\"grid-template-columns:51% auto\"><figure class=\"wp-block-media-text__media\"><img loading=\"lazy\" width=\"960\" height=\"638\" src=\"http:\/\/institutohistoricosl.com.br\/wp-content\/uploads\/2020\/05\/017-1.jpg\" alt=\"\" class=\"wp-image-142\" srcset=\"https:\/\/institutohistoricosl.com.br\/wp-content\/uploads\/2020\/05\/017-1.jpg 960w, https:\/\/institutohistoricosl.com.br\/wp-content\/uploads\/2020\/05\/017-1-300x199.jpg 300w, https:\/\/institutohistoricosl.com.br\/wp-content\/uploads\/2020\/05\/017-1-768x510.jpg 768w\" sizes=\"(max-width: 960px) 100vw, 960px\" \/><\/figure><div class=\"wp-block-media-text__content\">\n<p>Semin\u00e1rio Internacional Imigra\u00e7\u00e3o &amp; Imprensa e XV Simp\u00f3sio de Hist\u00f3ria da Imigra\u00e7\u00e3o e Coloniza\u00e7\u00e3o. Evento realizado nos dias 17, 18 e 19 de setembro de 2002, no campus S\u00e3o Leopoldo da UNISINOS. Palestras com a Profa. Dra. T\u00e2nia Regina de Luca, com o t\u00edtulo \u201cA imprensa e sua abordagem na investiga\u00e7\u00e3o hist\u00f3rica\u201d.<\/p>\n<\/div><\/div>\n\n\n\n<div style=\"height:100px\" aria-hidden=\"true\" class=\"wp-block-spacer\"><\/div>\n\n\n\n<div class=\"wp-block-media-text alignwide is-stacked-on-mobile\" style=\"grid-template-columns:51% auto\"><figure class=\"wp-block-media-text__media\"><img loading=\"lazy\" width=\"960\" height=\"636\" src=\"http:\/\/institutohistoricosl.com.br\/wp-content\/uploads\/2020\/05\/019.jpg\" alt=\"\" class=\"wp-image-144\" srcset=\"https:\/\/institutohistoricosl.com.br\/wp-content\/uploads\/2020\/05\/019.jpg 960w, https:\/\/institutohistoricosl.com.br\/wp-content\/uploads\/2020\/05\/019-300x199.jpg 300w, https:\/\/institutohistoricosl.com.br\/wp-content\/uploads\/2020\/05\/019-768x509.jpg 768w\" sizes=\"(max-width: 960px) 100vw, 960px\" \/><\/figure><div class=\"wp-block-media-text__content\">\n<p>Semin\u00e1rio Internacional Imigra\u00e7\u00e3o &amp; Imprensa e XV Simp\u00f3sio de Hist\u00f3ria da Imigra\u00e7\u00e3o e Coloniza\u00e7\u00e3o. Evento realizado nos dias 17, 18 e 19 de setembro de 2002, no campus S\u00e3o Leopoldo da UNISINOS. Confer\u00eancia de Encerramento, no dia 19 de setembro,<br>com o tema &#8220;A participa\u00e7\u00e3o do imigrante da imprensa brasileira&#8221;, tendo como conferencistas os professores Dr. Ren\u00e9 Ernaini Gertz e Dr. Martin Norberto Dreher.<\/p>\n<\/div><\/div>\n\n\n\n<div style=\"height:91px\" aria-hidden=\"true\" class=\"wp-block-spacer\"><\/div>\n\n\n\n<div class=\"wp-block-media-text alignwide is-stacked-on-mobile\"><figure class=\"wp-block-media-text__media\"><img loading=\"lazy\" width=\"1024\" height=\"768\" src=\"http:\/\/institutohistoricosl.com.br\/wp-content\/uploads\/2020\/06\/P1010076-1-1024x768.jpg\" alt=\"\" class=\"wp-image-390\" srcset=\"https:\/\/institutohistoricosl.com.br\/wp-content\/uploads\/2020\/06\/P1010076-1-1024x768.jpg 1024w, https:\/\/institutohistoricosl.com.br\/wp-content\/uploads\/2020\/06\/P1010076-1-300x225.jpg 300w, https:\/\/institutohistoricosl.com.br\/wp-content\/uploads\/2020\/06\/P1010076-1-768x576.jpg 768w, https:\/\/institutohistoricosl.com.br\/wp-content\/uploads\/2020\/06\/P1010076-1-1536x1152.jpg 1536w, https:\/\/institutohistoricosl.com.br\/wp-content\/uploads\/2020\/06\/P1010076-1-120x90.jpg 120w, https:\/\/institutohistoricosl.com.br\/wp-content\/uploads\/2020\/06\/P1010076-1.jpg 2048w\" sizes=\"(max-width: 1024px) 100vw, 1024px\" \/><\/figure><div class=\"wp-block-media-text__content\">\n<p>Reuni\u00e3o do Colegiado em  29 de novembro de 2008.<\/p>\n<\/div><\/div>\n\n\n\n<div style=\"height:100px\" aria-hidden=\"true\" class=\"wp-block-spacer\"><\/div>\n\n\n\n<div class=\"wp-block-media-text alignwide is-stacked-on-mobile\" style=\"grid-template-columns:49% auto\"><figure class=\"wp-block-media-text__media\"><img loading=\"lazy\" width=\"960\" height=\"540\" src=\"http:\/\/institutohistoricosl.com.br\/wp-content\/uploads\/2020\/08\/thumbnail_image-1-2.png\" alt=\"\" class=\"wp-image-704\" srcset=\"https:\/\/institutohistoricosl.com.br\/wp-content\/uploads\/2020\/08\/thumbnail_image-1-2.png 960w, https:\/\/institutohistoricosl.com.br\/wp-content\/uploads\/2020\/08\/thumbnail_image-1-2-300x169.png 300w, https:\/\/institutohistoricosl.com.br\/wp-content\/uploads\/2020\/08\/thumbnail_image-1-2-768x432.png 768w, https:\/\/institutohistoricosl.com.br\/wp-content\/uploads\/2020\/08\/thumbnail_image-1-2-540x304.png 540w\" sizes=\"(max-width: 960px) 100vw, 960px\" \/><\/figure><div class=\"wp-block-media-text__content\">\n<p>Presidente Isabel Cristina Arendt    (agosto 2018).<\/p>\n<\/div><\/div>\n\n\n\n<div style=\"height:100px\" aria-hidden=\"true\" class=\"wp-block-spacer\"><\/div>\n\n\n\n<div class=\"wp-block-media-text alignwide is-stacked-on-mobile\"><figure class=\"wp-block-media-text__media\"><img loading=\"lazy\" width=\"960\" height=\"540\" src=\"http:\/\/institutohistoricosl.com.br\/wp-content\/uploads\/2020\/08\/thumbnail_image-3.png\" alt=\"\" class=\"wp-image-706\" srcset=\"https:\/\/institutohistoricosl.com.br\/wp-content\/uploads\/2020\/08\/thumbnail_image-3.png 960w, https:\/\/institutohistoricosl.com.br\/wp-content\/uploads\/2020\/08\/thumbnail_image-3-300x169.png 300w, https:\/\/institutohistoricosl.com.br\/wp-content\/uploads\/2020\/08\/thumbnail_image-3-768x432.png 768w, https:\/\/institutohistoricosl.com.br\/wp-content\/uploads\/2020\/08\/thumbnail_image-3-540x304.png 540w\" sizes=\"(max-width: 960px) 100vw, 960px\" \/><\/figure><div class=\"wp-block-media-text__content\">\n<p>Grande Comunica\u00e7\u00e3o de Padre Ign\u00e1cio Schmitz  (agosto 2018).<\/p>\n<\/div><\/div>\n\n\n\n<div style=\"height:100px\" aria-hidden=\"true\" class=\"wp-block-spacer\"><\/div>\n\n\n\n<div class=\"wp-block-media-text alignwide is-stacked-on-mobile\"><figure class=\"wp-block-media-text__media\"><img loading=\"lazy\" width=\"1024\" height=\"498\" src=\"http:\/\/institutohistoricosl.com.br\/wp-content\/uploads\/2020\/08\/junho-2019-3-1024x498.jpg\" alt=\"\" class=\"wp-image-678\" srcset=\"https:\/\/institutohistoricosl.com.br\/wp-content\/uploads\/2020\/08\/junho-2019-3-1024x498.jpg 1024w, https:\/\/institutohistoricosl.com.br\/wp-content\/uploads\/2020\/08\/junho-2019-3-300x146.jpg 300w, https:\/\/institutohistoricosl.com.br\/wp-content\/uploads\/2020\/08\/junho-2019-3-768x373.jpg 768w, https:\/\/institutohistoricosl.com.br\/wp-content\/uploads\/2020\/08\/junho-2019-3-1536x747.jpg 1536w, https:\/\/institutohistoricosl.com.br\/wp-content\/uploads\/2020\/08\/junho-2019-3-2048x996.jpg 2048w\" sizes=\"(max-width: 1024px) 100vw, 1024px\" \/><\/figure><div class=\"wp-block-media-text__content\">\n<p>Reuni\u00e3o ordin\u00e1rio de maio de 2019.<\/p>\n<\/div><\/div>\n\n\n\n<div style=\"height:100px\" aria-hidden=\"true\" class=\"wp-block-spacer\"><\/div>\n\n\n\n<div class=\"wp-block-media-text alignwide is-stacked-on-mobile\"><figure class=\"wp-block-media-text__media\"><img loading=\"lazy\" width=\"1024\" height=\"498\" src=\"http:\/\/institutohistoricosl.com.br\/wp-content\/uploads\/2020\/08\/junho-2019-2-1024x498.jpg\" alt=\"\" class=\"wp-image-675\" srcset=\"https:\/\/institutohistoricosl.com.br\/wp-content\/uploads\/2020\/08\/junho-2019-2-1024x498.jpg 1024w, https:\/\/institutohistoricosl.com.br\/wp-content\/uploads\/2020\/08\/junho-2019-2-300x146.jpg 300w, https:\/\/institutohistoricosl.com.br\/wp-content\/uploads\/2020\/08\/junho-2019-2-768x373.jpg 768w, https:\/\/institutohistoricosl.com.br\/wp-content\/uploads\/2020\/08\/junho-2019-2-1536x747.jpg 1536w, https:\/\/institutohistoricosl.com.br\/wp-content\/uploads\/2020\/08\/junho-2019-2-2048x996.jpg 2048w\" sizes=\"(max-width: 1024px) 100vw, 1024px\" \/><\/figure><div class=\"wp-block-media-text__content\">\n<p>Reuni\u00e3o ordin\u00e1rio de maio de 2019.<\/p>\n<\/div><\/div>\n\n\n\n<div style=\"height:100px\" aria-hidden=\"true\" class=\"wp-block-spacer\"><\/div>\n\n\n\n<div class=\"wp-block-media-text alignwide is-stacked-on-mobile\" style=\"grid-template-columns:49% auto\"><figure class=\"wp-block-media-text__media\"><img loading=\"lazy\" width=\"1024\" height=\"498\" src=\"http:\/\/institutohistoricosl.com.br\/wp-content\/uploads\/2020\/08\/maio-2019-2-1024x498.jpg\" alt=\"\" class=\"wp-image-671\" srcset=\"https:\/\/institutohistoricosl.com.br\/wp-content\/uploads\/2020\/08\/maio-2019-2-1024x498.jpg 1024w, https:\/\/institutohistoricosl.com.br\/wp-content\/uploads\/2020\/08\/maio-2019-2-300x146.jpg 300w, https:\/\/institutohistoricosl.com.br\/wp-content\/uploads\/2020\/08\/maio-2019-2-768x373.jpg 768w, https:\/\/institutohistoricosl.com.br\/wp-content\/uploads\/2020\/08\/maio-2019-2-1536x747.jpg 1536w, https:\/\/institutohistoricosl.com.br\/wp-content\/uploads\/2020\/08\/maio-2019-2-2048x996.jpg 2048w\" sizes=\"(max-width: 1024px) 100vw, 1024px\" \/><\/figure><div class=\"wp-block-media-text__content\">\n<p>Reuni\u00e3o ordin\u00e1rio de maio de 2019.<\/p>\n<\/div><\/div>\n\n\n\n<div style=\"height:100px\" aria-hidden=\"true\" class=\"wp-block-spacer\"><\/div>\n\n\n\n<div class=\"wp-block-media-text alignwide is-stacked-on-mobile\"><figure class=\"wp-block-media-text__media\"><img loading=\"lazy\" width=\"1024\" height=\"502\" src=\"http:\/\/institutohistoricosl.com.br\/wp-content\/uploads\/2021\/06\/FSlivro-6sdsd-1-1-6-1024x502.jpg\" alt=\"\" class=\"wp-image-997\" srcset=\"https:\/\/institutohistoricosl.com.br\/wp-content\/uploads\/2021\/06\/FSlivro-6sdsd-1-1-6-1024x502.jpg 1024w, https:\/\/institutohistoricosl.com.br\/wp-content\/uploads\/2021\/06\/FSlivro-6sdsd-1-1-6-300x147.jpg 300w, https:\/\/institutohistoricosl.com.br\/wp-content\/uploads\/2021\/06\/FSlivro-6sdsd-1-1-6-768x377.jpg 768w, https:\/\/institutohistoricosl.com.br\/wp-content\/uploads\/2021\/06\/FSlivro-6sdsd-1-1-6-1536x754.jpg 1536w, https:\/\/institutohistoricosl.com.br\/wp-content\/uploads\/2021\/06\/FSlivro-6sdsd-1-1-6-2048x1005.jpg 2048w\" sizes=\"(max-width: 1024px) 100vw, 1024px\" \/><\/figure><div class=\"wp-block-media-text__content\">\n<p>Lan\u00e7amento do livro <strong><em>\u201cQuadros que falam: narrativas migrat\u00f3rias\u201d<\/em><\/strong> no atelier do artista pl\u00e1stico Fl\u00e1vio Scholles, em maio de 2021.<\/p>\n<\/div><\/div>\n\n\n\n<div style=\"height:92px\" aria-hidden=\"true\" class=\"wp-block-spacer\"><\/div>\n\n\n\n<div style=\"height:49px\" aria-hidden=\"true\" class=\"wp-block-spacer\"><\/div>\n\n\n\n<figure class=\"wp-container-2 wp-block-gallery-1 wp-block-gallery columns-3 is-cropped\"><ul class=\"blocks-gallery-grid\"><li class=\"blocks-gallery-item\"><figure><img loading=\"lazy\" width=\"1024\" height=\"768\" src=\"http:\/\/institutohistoricosl.com.br\/wp-content\/uploads\/2021\/06\/PHOTO-2021-05-14-07-59-18-1.jpg\" alt=\"\" data-id=\"928\" data-full-url=\"http:\/\/institutohistoricosl.com.br\/wp-content\/uploads\/2021\/06\/PHOTO-2021-05-14-07-59-18-1.jpg\" data-link=\"http:\/\/institutohistoricosl.com.br\/?attachment_id=928\" class=\"wp-image-928\" srcset=\"https:\/\/institutohistoricosl.com.br\/wp-content\/uploads\/2021\/06\/PHOTO-2021-05-14-07-59-18-1.jpg 1024w, https:\/\/institutohistoricosl.com.br\/wp-content\/uploads\/2021\/06\/PHOTO-2021-05-14-07-59-18-1-300x225.jpg 300w, https:\/\/institutohistoricosl.com.br\/wp-content\/uploads\/2021\/06\/PHOTO-2021-05-14-07-59-18-1-768x576.jpg 768w, https:\/\/institutohistoricosl.com.br\/wp-content\/uploads\/2021\/06\/PHOTO-2021-05-14-07-59-18-1-120x90.jpg 120w\" sizes=\"(max-width: 1024px) 100vw, 1024px\" \/><figcaption class=\"blocks-gallery-item__caption\"><br>Isabel Arendt e Erny M\u00fcgge com <br>Cleomar Prunzel (Vice-presidente de Administra\u00e7\u00e3o e Finan\u00e7as da Stihl) e Cl\u00e1udio Guenther (Presidente Stihl Brasil)<\/figcaption><\/figure><\/li><li class=\"blocks-gallery-item\"><figure><img loading=\"lazy\" width=\"768\" height=\"1024\" src=\"http:\/\/institutohistoricosl.com.br\/wp-content\/uploads\/2021\/06\/PHOTO-2021-05-19-13-35-08-1.jpg\" alt=\"\" data-id=\"929\" data-full-url=\"http:\/\/institutohistoricosl.com.br\/wp-content\/uploads\/2021\/06\/PHOTO-2021-05-19-13-35-08-1.jpg\" data-link=\"http:\/\/institutohistoricosl.com.br\/?attachment_id=929\" class=\"wp-image-929\" srcset=\"https:\/\/institutohistoricosl.com.br\/wp-content\/uploads\/2021\/06\/PHOTO-2021-05-19-13-35-08-1.jpg 768w, https:\/\/institutohistoricosl.com.br\/wp-content\/uploads\/2021\/06\/PHOTO-2021-05-19-13-35-08-1-225x300.jpg 225w\" sizes=\"(max-width: 768px) 100vw, 768px\" \/><figcaption class=\"blocks-gallery-item__caption\">Isabel Arendt e Erny M\u00fcgge com<br> Poliana Almeida (Comunica\u00e7\u00e3o e Marketing),<br> do Grupo Herval<\/figcaption><\/figure><\/li><li class=\"blocks-gallery-item\"><figure><img loading=\"lazy\" width=\"768\" height=\"1024\" src=\"http:\/\/institutohistoricosl.com.br\/wp-content\/uploads\/2021\/06\/PHOTO-2021-06-02-10-01-14-1.jpg\" alt=\"\" data-id=\"930\" data-full-url=\"http:\/\/institutohistoricosl.com.br\/wp-content\/uploads\/2021\/06\/PHOTO-2021-06-02-10-01-14-1.jpg\" data-link=\"http:\/\/institutohistoricosl.com.br\/?attachment_id=930\" class=\"wp-image-930\" srcset=\"https:\/\/institutohistoricosl.com.br\/wp-content\/uploads\/2021\/06\/PHOTO-2021-06-02-10-01-14-1.jpg 768w, https:\/\/institutohistoricosl.com.br\/wp-content\/uploads\/2021\/06\/PHOTO-2021-06-02-10-01-14-1-225x300.jpg 225w\" sizes=\"(max-width: 768px) 100vw, 768px\" \/><figcaption class=\"blocks-gallery-item__caption\">&nbsp;Isabel Arendt e Erny M\u00fcgge com <br>Nathalia Luiza Cardoso Spindler e<br>Guilherme Medaglia (Gerente de Marketing) da Tintas Killing<\/figcaption><\/figure><\/li><\/ul><\/figure>\n\n\n\n<p>Entrega dos exemplares de <strong><em>\u201cQuadros que falam: narrativas migrat\u00f3rias\u201d<\/em><\/strong> dos livros para as empresas patrocinadoras (Stihl, Grupo Herval e Tintas Killing), em maio de 2021.<\/p>\n","protected":false},"excerpt":{"rendered":"<p>Reuni\u00e3o do Instituto Hist\u00f3rico de S\u00e3o Leopoldo no dia 27 de novembro de 1993. Posse do s\u00f3cio Marcos Justo Tramontini&hellip; <a class=\"read-more\" href=\"https:\/\/institutohistoricosl.com.br\/?page_id=17\">Continue lendo<\/a><\/p>\n","protected":false},"author":2,"featured_media":0,"parent":0,"menu_order":0,"comment_status":"closed","ping_status":"closed","template":"","meta":[],"_links":{"self":[{"href":"https:\/\/institutohistoricosl.com.br\/index.php?rest_route=\/wp\/v2\/pages\/17"}],"collection":[{"href":"https:\/\/institutohistoricosl.com.br\/index.php?rest_route=\/wp\/v2\/pages"}],"about":[{"href":"https:\/\/institutohistoricosl.com.br\/index.php?rest_route=\/wp\/v2\/types\/page"}],"author":[{"embeddable":true,"href":"https:\/\/institutohistoricosl.com.br\/index.php?rest_route=\/wp\/v2\/users\/2"}],"replies":[{"embeddable":true,"href":"https:\/\/institutohistoricosl.com.br\/index.php?rest_route=%2Fwp%2Fv2%2Fcomments&post=17"}],"version-history":[{"count":67,"href":"https:\/\/institutohistoricosl.com.br\/index.php?rest_route=\/wp\/v2\/pages\/17\/revisions"}],"predecessor-version":[{"id":998,"href":"https:\/\/institutohistoricosl.com.br\/index.php?rest_route=\/wp\/v2\/pages\/17\/revisions\/998"}],"wp:attachment":[{"href":"https:\/\/institutohistoricosl.com.br\/index.php?rest_route=%2Fwp%2Fv2%2Fmedia&parent=17"}],"curies":[{"name":"wp","href":"https:\/\/api.w.org\/{rel}","templated":true}]}}