{"id":108,"date":"2020-05-26T09:01:36","date_gmt":"2020-05-26T09:01:36","guid":{"rendered":"http:\/\/institutohistoricosl.com.br\/?page_id=108"},"modified":"2026-04-12T15:53:09","modified_gmt":"2026-04-12T15:53:09","slug":"apresentacao","status":"publish","type":"page","link":"https:\/\/institutohistoricosl.com.br\/","title":{"rendered":"200 anos de Migra\u00e7\u00f5es Alem\u00e3s para o Litoral Norte do RS"},"content":{"rendered":"\n<p><\/p>\n\n\n\n<figure class=\"wp-block-image size-large\"><img loading=\"lazy\" width=\"733\" height=\"1024\" src=\"https:\/\/institutohistoricosl.com.br\/wp-content\/uploads\/2026\/04\/image-1-733x1024.png\" alt=\"\" class=\"wp-image-1319\" srcset=\"https:\/\/institutohistoricosl.com.br\/wp-content\/uploads\/2026\/04\/image-1-733x1024.png 733w, https:\/\/institutohistoricosl.com.br\/wp-content\/uploads\/2026\/04\/image-1-215x300.png 215w, https:\/\/institutohistoricosl.com.br\/wp-content\/uploads\/2026\/04\/image-1-768x1073.png 768w, https:\/\/institutohistoricosl.com.br\/wp-content\/uploads\/2026\/04\/image-1-1100x1536.png 1100w, https:\/\/institutohistoricosl.com.br\/wp-content\/uploads\/2026\/04\/image-1.png 1126w\" sizes=\"(max-width: 733px) 100vw, 733px\" \/><figcaption>200 Anos de Migra\u00e7\u00f5es Alem\u00e3s ao Litoral Norte do RS<\/figcaption><\/figure>\n\n\n\n<div style=\"height:100px\" aria-hidden=\"true\" class=\"wp-block-spacer\"><\/div>\n\n\n\n<h1 class=\"has-text-align-center\">IHSL completa 50 anos<\/h1>\n\n\n\n<div style=\"height:32px\" aria-hidden=\"true\" class=\"wp-block-spacer\"><\/div>\n\n\n\n<p>Contando com uma constela\u00e7\u00e3o pol\u00edtica favor\u00e1vel, que inclu\u00eda Euclides Triches, descendente de italianos, como governador do Rio Grande do Sul, Ernesto Geisel, descendente de alem\u00e3es, na presid\u00eancia da Rep\u00fablica, e ainda Arnaldo da Costa Prieto, pol\u00edtico com base eleitoral no Vale do Rio dos Sinos, como ministro do trabalho, foi comemorado, em 1974 e 1975, no estado, o \u201cbi\u00eanio da imigra\u00e7\u00e3o e coloniza\u00e7\u00e3o\u201d \u2013 o primeiro para rememorar os 150 anos da chegada de imigrantes alem\u00e3es a S\u00e3o Leopoldo, em 1824, o segundo os 100 anos de chegada de italianos para a serra ga\u00facha, em 1875.<\/p>\n\n\n\n<p>&nbsp;&nbsp;&nbsp;&nbsp;&nbsp;&nbsp;&nbsp;&nbsp;&nbsp;&nbsp;&nbsp; No primeiro ano, as comemora\u00e7\u00f5es, naturalmente, teriam como centro S\u00e3o Leopoldo, onde um irm\u00e3o do citado ministro \u2013 Henrique \u2013 era prefeito. Al\u00e9m dos muitos atos festivos programados e levados a efeito, aconteceu um evento mais \u201cacad\u00eamico\u201d sobre a hist\u00f3ria da imigra\u00e7\u00e3o alem\u00e3, n\u00e3o s\u00f3 para S\u00e3o Leopoldo, mas para todo o Rio Grande do Sul, denominado \u201cI Simp\u00f3sio de Hist\u00f3ria da Imigra\u00e7\u00e3o e Coloniza\u00e7\u00e3o Alem\u00e3 no Rio Grande do Sul\u201d, de 12 a 15 de setembro de 1974.<\/p>\n\n\n\n<p>&nbsp;&nbsp;&nbsp;&nbsp;&nbsp;&nbsp;&nbsp;&nbsp;&nbsp;&nbsp;&nbsp; Como era praxe na \u00e9poca, em eventos deste tipo, foram apresentadas e aprovadas v\u00e1rias \u201cmo\u00e7\u00f5es\u201d, uma das quais estabelecia que encontros deste tipo deveriam realizar-se de dois em dois anos. Paralelo \u00e0 institucionaliza\u00e7\u00e3o de encontros regulares para estudar a hist\u00f3ria da imigra\u00e7\u00e3o e coloniza\u00e7\u00e3o alem\u00e3, surgiu a ideia de cria\u00e7\u00e3o do Instituto Hist\u00f3rico de S\u00e3o Leopoldo. Ap\u00f3s v\u00e1rias tratativas informais, convocou-se uma reuni\u00e3o na qual foi aprovado o estatuto, publicado no Di\u00e1rio Oficial do RS, em 4 de setembro de 1975, e depositado no Registro Civil de Pessoas Jur\u00eddicas, em S\u00e3o Leopoldo, no dia 22 do mesmo m\u00eas e ano. Segundo o artigo primeiro, em sua reda\u00e7\u00e3o da \u00e9poca, \u201co Instituto Hist\u00f3rico de S\u00e3o Leopoldo, sociedade civil sem fins lucrativos, fundado e instalado em 25 de julho de 1975, com sede e foro na cidade de S\u00e3o Leopoldo, RS, tem por fim promover e divulgar estudos e investiga\u00e7\u00f5es que se relacionam com a hist\u00f3ria do Rio Grande do Sul, particularmente no tocante \u00e0 imigra\u00e7\u00e3o e coloniza\u00e7\u00e3o alem\u00e3\u201d.<\/p>\n\n\n\n<p>&nbsp;&nbsp;&nbsp;&nbsp;&nbsp;&nbsp;&nbsp;&nbsp;&nbsp;&nbsp;&nbsp; Inicialmente constitu\u00eddo por 20 \u201ccadeiras\u201d, os s\u00f3cios e as s\u00f3cias fundadores e respectivos patronos e patronas foram: Helga Iracema Landgraf Piccolo (Imperatriz Leopoldina), Ramiro Frota Barcelos (Visconde de S\u00e3o Leopoldo), Angela Tereza Sperb (Jos\u00e9 Thomaz de Lima), Bertholdo Weber (Jo\u00e3o Jorge Ehlers), Carlos Henrique Hunsche (Jo\u00e3o Daniel Hillebrand), Adolfo Zimmermann Netto (Afonso Mabilde), Germano Oscar Moehlecke (Jo\u00e3o Gr\u00fcnewald), Moacyr Domingues (Carlos von Koseritz), Arthur Rabuske (Ambr\u00f3sio Schupp), Guilherme Frederico Rotermund (Wilhelm Rotermund), Milton Valente (Carlos Teschauer), Ruben Celestino Neis (Theodor Amstad), Leandro Silva Telles (Pedro Weing\u00e4rtner), Klaus Becker (Arno Philipp), S\u00e9rgio Roberto Dillenburg (Jo\u00e3o Batista Hafkemeyer), Carlos de Souza Moraes (Aur\u00e9lio Porto), Liene Maria Martins Sch\u00fctz (Leopoldo Petry), Pedro Ign\u00e1cio Schmitz (Luiz Gonzaga Jaeger), Telmo Lauro M\u00fcller (Lindolfo Collor), Walter Koch (Erich Fausel). Mais tarde, o n\u00famero de \u201ccadeiras\u201d foi ampliado para 30. Quando uma cadeira fica vaga, qualquer s\u00f3cio ou s\u00f3cia efetivo(a) pode sugerir candidatos ou candidatas, uma comiss\u00e3o avalia seu curr\u00edculo, e emite um parecer; a seguir, o plen\u00e1rio vota. Para ser admitido, precisa obter o voto favor\u00e1vel da maioria dos s\u00f3cios-efetivos.<\/p>\n\n\n\n<p>&nbsp;&nbsp;&nbsp;&nbsp;&nbsp;&nbsp;&nbsp;&nbsp;&nbsp;&nbsp;&nbsp; A rotina do Instituto \u00e9 muito simples: os s\u00f3cios se re\u00fanem, em princ\u00edpio, no \u00faltimo s\u00e1bado dos meses de mar\u00e7o, abril, maio, junho, agosto, setembro, outubro e novembro para uma reuni\u00e3o mensal ordin\u00e1ria, com tr\u00eas horas de dura\u00e7\u00e3o; a de mar\u00e7o \u00e9 precedida por uma assembleia geral ordin\u00e1ria. Iniciando com assuntos administrativos, a sess\u00e3o segue com uma \u201cgrande comunica\u00e7\u00e3o\u201d, uma palestra, em geral proferida por um dos confrades ou uma das confreiras, ou por um convidado ou uma convidada. Ap\u00f3s um per\u00edodo de debates, v\u00eam as \u201cpequenas comunica\u00e7\u00f5es\u201d, quando cada s\u00f3cio ou s\u00f3cia tem oportunidade de apresentar ou comentar not\u00edcias de interesse geral, registrar a ocorr\u00eancia de eventos passados ou futuros, informar sobre o lan\u00e7amento de publica\u00e7\u00f5es etc.<\/p>\n\n\n\n<p>&nbsp;&nbsp;&nbsp;&nbsp;&nbsp;&nbsp;&nbsp;&nbsp;&nbsp;&nbsp;&nbsp; Criado de forma espec\u00edfica para dedicar-se \u00e0 hist\u00f3ria da imigra\u00e7\u00e3o e coloniza\u00e7\u00e3o alem\u00e3 \u2013 fato que se reflete na escolha dos patronos das \u201ccadeiras\u201d \u2013, o Instituto sofreu transforma\u00e7\u00f5es, no decorrer do tempo, e ampliou seu campo de interesse e de pesquisa, n\u00e3o se restringindo mais a deslocamentos humanos espec\u00edficos a determinadas etnias ou nacionalidades. Poderia dizer-se que, atualmente, a tem\u00e1tica do Instituto \u00e9 a hist\u00f3ria das (i)migra\u00e7\u00f5es.<\/p>\n\n\n\n<p>&nbsp;&nbsp;&nbsp;&nbsp;&nbsp;&nbsp;&nbsp;&nbsp;&nbsp;&nbsp;&nbsp; Al\u00e9m dos resultados para seus pr\u00f3prios s\u00f3cios e da eventual utiliza\u00e7\u00e3o de seus estudos e debates para orientar a\u00e7\u00f5es p\u00fablicas ou privadas, no campo da preserva\u00e7\u00e3o e do envolvimento com a hist\u00f3ria da sociedade, n\u00e3o h\u00e1 d\u00favida de que um dos mais importantes efeitos para um p\u00fablico mais amplo \u00e9 a organiza\u00e7\u00e3o dos simp\u00f3sios, que, em 2024 atingiram o n\u00famero XXV. Est\u00e3o sendo realizados desde o ano 2000 em parceria com o Programa de P\u00f3s-Gradua\u00e7\u00e3o em Hist\u00f3ria da Universidade do Vale do Rio dos Sinos \u2013 UNISINOS \u2013, motivo pelo qual os eventos passaram a ostentar, al\u00e9m do t\u00edtulo \u201cSimp\u00f3sio\u201d, mais outro sugerido pela institui\u00e7\u00e3o parceira. Cabe destacar que, devido ao encerramento do Programa de P\u00f3s-Gradua\u00e7\u00e3o em Hist\u00f3ria da Unisinos, no simp\u00f3sio de 2024 a parceria foi com a Faculdades EST. Os trabalhos apresentados nestes eventos, n\u00e3o s\u00f3 por s\u00f3cios e s\u00f3cias, mas por qualquer pessoa interessada (desde que de qualidade e atinentes \u00e0 tem\u00e1tica privilegiada pelo Instituto), est\u00e3o publicados em milhares de p\u00e1ginas, de f\u00e1cil acesso para quem quiser consult\u00e1-los. Al\u00e9m disso, o Instituto tem colaborado na divulga\u00e7\u00e3o de trabalhos considerados importantes, incentivando e apoiando sua publica\u00e7\u00e3o.<\/p>\n\n\n\n<p>&nbsp;&nbsp;&nbsp;&nbsp;&nbsp;&nbsp;&nbsp;&nbsp;&nbsp;&nbsp;&nbsp; Infelizmente, as conhecidas enchentes de 2024 atingiram em cheio as rememora\u00e7\u00f5es do bicenten\u00e1rio de in\u00edcio da imigra\u00e7\u00e3o e coloniza\u00e7\u00e3o alem\u00e3 para o Rio Grande do Sul. Apesar deste contratempo, as atividades do IHSL deram uma contribui\u00e7\u00e3o muito importante na produ\u00e7\u00e3o e na divulga\u00e7\u00e3o de estudos sobre este importante acontecimento hist\u00f3rico. Para evitar uma longa lista de publica\u00e7\u00f5es de grande relev\u00e2ncia, seja citada, aqui, de forma ilustrativa, a edi\u00e7\u00e3o do famoso cl\u00e1ssico de Jean Roche sobre A coloniza\u00e7\u00e3o alem\u00e3 e o Rio Grande do Sul (S\u00e3o Leopoldo: Oikos Editora, 2022). Num volume de 824 p\u00e1ginas, o p\u00fablico tem, agora, a seu dispor, uma edi\u00e7\u00e3o \u201ccompleta, revisada e atualizada\u201d, cabendo lembrar que na vers\u00e3o anteriormente publicada em portugu\u00eas faltavam notas de rodap\u00e9 e indica\u00e7\u00f5es bibliogr\u00e1ficas, al\u00e9m de um conjunto de imagens, constantes no texto original da tese de doutorado, em franc\u00eas.<\/p>\n\n\n\n<p>&nbsp;&nbsp;&nbsp;&nbsp;&nbsp;&nbsp;&nbsp;&nbsp;&nbsp;&nbsp;&nbsp; Para dar publicidade ao Instituto Hist\u00f3rico de S\u00e3o Leopoldo e a seus integrantes, resolveu-se editar um livro alusivo ao seu cinquenten\u00e1rio, com informa\u00e7\u00f5es b\u00e1sicas sobre patronos e patronas das \u201ccadeiras\u201d bem como sobre seus ocupantes atuais. O jubileu tamb\u00e9m foi lembrado numa reuni\u00e3o ordin\u00e1ria ocorrida no dia 29 de novembro de 2025, seguida de um frugal almo\u00e7o festivo.<\/p>\n\n\n\n<figure class=\"wp-block-image size-large\"><img loading=\"lazy\" width=\"1024\" height=\"576\" src=\"https:\/\/institutohistoricosl.com.br\/wp-content\/uploads\/2026\/04\/image-1024x576.png\" alt=\"\" class=\"wp-image-1300\" srcset=\"https:\/\/institutohistoricosl.com.br\/wp-content\/uploads\/2026\/04\/image-1024x576.png 1024w, https:\/\/institutohistoricosl.com.br\/wp-content\/uploads\/2026\/04\/image-300x169.png 300w, https:\/\/institutohistoricosl.com.br\/wp-content\/uploads\/2026\/04\/image-768x432.png 768w, https:\/\/institutohistoricosl.com.br\/wp-content\/uploads\/2026\/04\/image-540x304.png 540w, https:\/\/institutohistoricosl.com.br\/wp-content\/uploads\/2026\/04\/image.png 1140w\" sizes=\"(max-width: 1024px) 100vw, 1024px\" \/><figcaption>S\u00f3cios do IHSL, nov. 2025. Da esquerda para direita, fila da frente: Isabel, D\u00e9cio, Liene , Marluza, Dalva, Karen, Rosane, Cledes, Guinter; Fila de tr\u00e1s: Ren\u00e9, Elaine, Eduardo, Marcos, Andr\u00e9, Martin, D\u00f3ris, Gerson, Edmundo (convidado)<\/figcaption><\/figure>\n\n\n\n<div style=\"height:100px\" aria-hidden=\"true\" class=\"wp-block-spacer\"><\/div>\n\n\n\n<h2 class=\"has-text-align-center\">Marcos Ant\u00f4nio Witt publica livro sobre os 200 anos da imigra\u00e7\u00e3o alem\u00e3 no Litoral Norte<\/h2>\n\n\n\n<div style=\"height:45px\" aria-hidden=\"true\" class=\"wp-block-spacer\"><\/div>\n\n\n\n<p>O confrade Prof\u00ba Dr\u00ba Marcos Ant\u00f4nio Witt publicou o livro &#8220;Da Ponta das Torres ao Vale do Rio Tr\u00eas Forquilhas: 200 anos de coloniza\u00e7\u00e3o alem\u00e3 \u2013 recortes (1826-2026)&#8221;, que teve seu lan\u00e7amento no dia 15 de Novembro de 2015. O evento contou com a presen\u00e7a de autoridades da regi\u00e3o, convidados e amigos. <\/p>\n\n\n\n<p>Nas palavras da Prof\u00aa Dr\u00aa V\u00e9ra Lucia Maciel Barroso, o livro lan\u00e7a luz nos processos migrat\u00f3rios no Vale dos Tr\u00eas Forquilhas e evidencia aspectos de sua hist\u00f3ria muitas vezes esquecidos \u00e0 sombra da hist\u00f3ria de S\u00e3o Leopoldo.<\/p>\n\n\n\n<p>O livro se encontra dispon\u00edvel atrav\u00e9s da Editora Oikos, cujo link segue abaixo.<\/p>\n\n\n\n<p><a href=\"https:\/\/oikoseditora.com.br\/new\/obra\/index\/id\/1504\">https:\/\/oikoseditora.com.br\/new\/obra\/index\/id\/1504<\/a><\/p>\n\n\n\n<figure class=\"wp-block-image size-large\"><img loading=\"lazy\" width=\"1024\" height=\"671\" src=\"https:\/\/institutohistoricosl.com.br\/wp-content\/uploads\/2026\/01\/01-1024x671.jpeg\" alt=\"\" class=\"wp-image-1276\" srcset=\"https:\/\/institutohistoricosl.com.br\/wp-content\/uploads\/2026\/01\/01-1024x671.jpeg 1024w, https:\/\/institutohistoricosl.com.br\/wp-content\/uploads\/2026\/01\/01-300x197.jpeg 300w, https:\/\/institutohistoricosl.com.br\/wp-content\/uploads\/2026\/01\/01-768x503.jpeg 768w, https:\/\/institutohistoricosl.com.br\/wp-content\/uploads\/2026\/01\/01-1536x1006.jpeg 1536w, https:\/\/institutohistoricosl.com.br\/wp-content\/uploads\/2026\/01\/01.jpeg 1600w\" sizes=\"(max-width: 1024px) 100vw, 1024px\" \/><figcaption>Marcos Ant\u00f4nio Witt em sua fala de abertura.<\/figcaption><\/figure>\n\n\n\n<figure class=\"wp-block-image size-large\"><img loading=\"lazy\" width=\"1024\" height=\"768\" src=\"https:\/\/institutohistoricosl.com.br\/wp-content\/uploads\/2026\/01\/2-1024x768.jpeg\" alt=\"\" class=\"wp-image-1277\" srcset=\"https:\/\/institutohistoricosl.com.br\/wp-content\/uploads\/2026\/01\/2-1024x768.jpeg 1024w, https:\/\/institutohistoricosl.com.br\/wp-content\/uploads\/2026\/01\/2-300x225.jpeg 300w, https:\/\/institutohistoricosl.com.br\/wp-content\/uploads\/2026\/01\/2-768x576.jpeg 768w, https:\/\/institutohistoricosl.com.br\/wp-content\/uploads\/2026\/01\/2-120x90.jpeg 120w, https:\/\/institutohistoricosl.com.br\/wp-content\/uploads\/2026\/01\/2.jpeg 1280w\" sizes=\"(max-width: 1024px) 100vw, 1024px\" \/><figcaption>Membros do Instituto Hist\u00f3rico de S\u00e3o Leopoldo.<\/figcaption><\/figure>\n\n\n\n<p><\/p>\n\n\n\n<p><\/p>\n\n\n\n<p><\/p>\n\n\n\n<h2 class=\"has-text-align-center\">Semin\u00e1rio Internacional <br>\u201cHist\u00f3ria das migra\u00e7\u00f5es no contexto dos 200<br>anos de migra\u00e7\u00f5es alem\u00e3s para o Brasil\u201d e <br><em>XXV Simp\u00f3sio de Hist\u00f3ria da Imigra\u00e7\u00e3o e Coloniza\u00e7\u00e3o<\/em><\/h2>\n\n\n\n<h3 class=\"has-text-align-center\"><strong>11 \u2013 14 de novembro de 2024<\/strong><\/h3>\n\n\n\n<div style=\"height:45px\" aria-hidden=\"true\" class=\"wp-block-spacer\"><\/div>\n\n\n<div class=\"wp-block-image\">\n<figure class=\"aligncenter size-full\"><img loading=\"lazy\" width=\"532\" height=\"330\" src=\"https:\/\/institutohistoricosl.com.br\/wp-content\/uploads\/2023\/10\/image.png\" alt=\"\" class=\"wp-image-1205\" srcset=\"https:\/\/institutohistoricosl.com.br\/wp-content\/uploads\/2023\/10\/image.png 532w, https:\/\/institutohistoricosl.com.br\/wp-content\/uploads\/2023\/10\/image-300x186.png 300w\" sizes=\"(max-width: 532px) 100vw, 532px\" \/><figcaption><sub>Fl\u00e1vio Scholles, \u00caxodo, 2010.<\/sub><\/figcaption><\/figure><\/div>\n\n\n<p><strong>Data:<\/strong><br>11\/11\/24, segunda-feira, 18h-21h<br>12\/11\/24, ter\u00e7a-feira, (3 turnos)<br>13\/11\/24, quarta-feira, (3 turnos)<br>14\/11\/24, quinta-feira, (3 turnos)<br><br><strong>Local <\/strong>(evento presencial)<strong>:<\/strong><br>Faculdades EST\/Col\u00e9gio Sinodal, Morro do Espelho, S\u00e3o Leopoldo\/RS <\/p>\n\n\n\n<p><strong>E-mail para contato:<\/strong><br>xxvsimposioimigracao@gmail.com<br><br><a href=\"http:\/\/institutohistoricosl.com.br\/wp-content\/uploads\/2024\/10\/Programa-2-_-NOVEMBRO-EST_-XXV-Seminario-Imigracao-IHSL_2024.pdf\">Baixe o programa completo aqui<\/a><\/p>\n\n\n\n<p><a rel=\"noreferrer noopener\" href=\"http:\/\/institutohistoricosl.com.br\/wp-content\/uploads\/2024\/02\/Ficha-de-Comunicacao-XXV-Simposio-de-Imigracao-2024.docx\" target=\"_blank\">Acesse <\/a><a href=\"http:\/\/institutohistoricosl.com.br\/wp-content\/uploads\/2024\/10\/Ficha-3-_-comunicacao-prorrogada-ST-_-XXV-seminario-IHSL-_-EST.pdf\" target=\"_blank\" rel=\"noreferrer noopener\">aqui a ficha para inscri\u00e7\u00e3o nos simp\u00f3sios tem\u00e1ticos<\/a><\/p>\n\n\n\n<div style=\"height:39px\" aria-hidden=\"true\" class=\"wp-block-spacer\"><\/div>\n\n\n<div class=\"wp-block-image\">\n<figure class=\"aligncenter size-large is-resized\"><img loading=\"lazy\" src=\"https:\/\/institutohistoricosl.com.br\/wp-content\/uploads\/2024\/11\/CARD-11-nov-Abertura-evento-1024x576.jpeg\" alt=\"\" class=\"wp-image-1252\" width=\"578\" height=\"324\" srcset=\"https:\/\/institutohistoricosl.com.br\/wp-content\/uploads\/2024\/11\/CARD-11-nov-Abertura-evento-1024x576.jpeg 1024w, https:\/\/institutohistoricosl.com.br\/wp-content\/uploads\/2024\/11\/CARD-11-nov-Abertura-evento-300x169.jpeg 300w, https:\/\/institutohistoricosl.com.br\/wp-content\/uploads\/2024\/11\/CARD-11-nov-Abertura-evento-768x432.jpeg 768w, https:\/\/institutohistoricosl.com.br\/wp-content\/uploads\/2024\/11\/CARD-11-nov-Abertura-evento-540x304.jpeg 540w, https:\/\/institutohistoricosl.com.br\/wp-content\/uploads\/2024\/11\/CARD-11-nov-Abertura-evento-1140x641.jpeg 1140w, https:\/\/institutohistoricosl.com.br\/wp-content\/uploads\/2024\/11\/CARD-11-nov-Abertura-evento.jpeg 1280w\" sizes=\"(max-width: 578px) 100vw, 578px\" \/><\/figure><\/div>\n\n\n<p><br><\/p>\n\n\n<div class=\"wp-block-image\">\n<figure class=\"aligncenter size-large is-resized\"><img loading=\"lazy\" src=\"https:\/\/institutohistoricosl.com.br\/wp-content\/uploads\/2024\/11\/Apresentacao-e-lancamento-de-livros-936x1024.jpg\" alt=\"\" class=\"wp-image-1257\" width=\"498\" height=\"544\" srcset=\"https:\/\/institutohistoricosl.com.br\/wp-content\/uploads\/2024\/11\/Apresentacao-e-lancamento-de-livros-936x1024.jpg 936w, https:\/\/institutohistoricosl.com.br\/wp-content\/uploads\/2024\/11\/Apresentacao-e-lancamento-de-livros-274x300.jpg 274w, https:\/\/institutohistoricosl.com.br\/wp-content\/uploads\/2024\/11\/Apresentacao-e-lancamento-de-livros-768x840.jpg 768w, https:\/\/institutohistoricosl.com.br\/wp-content\/uploads\/2024\/11\/Apresentacao-e-lancamento-de-livros-1404x1536.jpg 1404w, https:\/\/institutohistoricosl.com.br\/wp-content\/uploads\/2024\/11\/Apresentacao-e-lancamento-de-livros.jpg 1462w\" sizes=\"(max-width: 498px) 100vw, 498px\" \/><\/figure><\/div>\n\n\n<div style=\"height:89px\" aria-hidden=\"true\" class=\"wp-block-spacer\"><\/div>\n\n\n<h3 class=\"fonts-plugin-block\" style=\"font-family: Sintony;font-weight: normal;\"><strong>\u00daltimos lan\u00e7amentos da Editora Oikos com o selo &#8220;A caminho de 2024: 200 anos de migra\u00e7\u00f5es alem\u00e3es para o Brasil&#8221;<\/strong><\/h3>\n\n\n<div style=\"height:52px\" aria-hidden=\"true\" class=\"wp-block-spacer\"><\/div>\n\n\n\n<div class=\"wp-block-media-text alignwide is-stacked-on-mobile\" style=\"grid-template-columns:34% auto\"><figure class=\"wp-block-media-text__media\"><img loading=\"lazy\" width=\"713\" height=\"1024\" src=\"https:\/\/institutohistoricosl.com.br\/wp-content\/uploads\/2023\/02\/Capa-879a-713x1024.jpg\" alt=\"\" class=\"wp-image-1177 size-full\" srcset=\"https:\/\/institutohistoricosl.com.br\/wp-content\/uploads\/2023\/02\/Capa-879a-713x1024.jpg 713w, https:\/\/institutohistoricosl.com.br\/wp-content\/uploads\/2023\/02\/Capa-879a-209x300.jpg 209w, https:\/\/institutohistoricosl.com.br\/wp-content\/uploads\/2023\/02\/Capa-879a-768x1104.jpg 768w, https:\/\/institutohistoricosl.com.br\/wp-content\/uploads\/2023\/02\/Capa-879a.jpg 883w\" sizes=\"(max-width: 713px) 100vw, 713px\" \/><\/figure><div class=\"wp-block-media-text__content\">\n<p><\/p>\n\n\n\n<p><strong>MIGRA\u00c7\u00d5ES, TERRITORIALIDADES E AMBIENTE<\/strong><\/p>\n\n\n\n<p>Autoria: Rosane Marcia Neumann, Welington Augusto Blume (orgs.)<br>Idioma: Portugu\u00eas<br>Editora: Oikos<br><a href=\"http:\/\/institutohistoricosl.com.br\/wp-content\/uploads\/2023\/02\/Migracoes-territorialidades-e-ambiente-E-book_compressed_compressed-2.pdf\" target=\"_blank\" rel=\"noreferrer noopener\">Baixe aqui o e-book gratuitamente<\/a><\/p>\n\n\n\n<p><\/p>\n\n\n\n<p class=\"has-large-font-size\"><\/p>\n<\/div><\/div>\n\n\n\n<p><\/p>\n\n\n\n<div class=\"wp-block-media-text alignwide is-stacked-on-mobile\" style=\"grid-template-columns:31% auto\"><figure class=\"wp-block-media-text__media\"><img src=\"https:\/\/institutohistoricosl.com.br\/wp-content\/uploads\/2022\/03\/Capa-803a-1.jpg\" alt=\"\"\/><\/figure><div class=\"wp-block-media-text__content\">\n<p><strong>MIGRA\u00c7\u00d5ES ALEM\u00c3S PARA O BRASIL: HIST\u00d3RIA E LITERATURA<\/strong><\/p>\n\n\n\n<p>Autoria: Gerson R. Neumann, Ernani M\u00fcgge e Miqu\u00e9ias H. M\u00fcgge (orgs.)<br>Categoria: Hist\u00f3ria\/Anais\/Encontros<br>Idioma: Portugu\u00eas<br>P\u00e1ginas: 240<br>Editora: Oikos<br><strong>Pre\u00e7o: R$ 60,00<\/strong><br><a href=\"https:\/\/oikoseditora.com.br\/obra\/index\/id\/1216\" target=\"_blank\" rel=\"noreferrer noopener\">https:\/\/oikoseditora.com.br\/obra\/index\/id\/1216<\/a><\/p>\n<\/div><\/div>\n\n\n\n<p><\/p>\n\n\n\n<div class=\"wp-block-media-text alignwide is-stacked-on-mobile\" style=\"grid-template-columns:31% auto\"><figure class=\"wp-block-media-text__media\"><img src=\"https:\/\/institutohistoricosl.com.br\/wp-content\/uploads\/2022\/03\/roche.jpg\" alt=\"\"\/><\/figure><div class=\"wp-block-media-text__content\">\n<p><strong>A COLONIZA\u00c7\u00c3O ALEM\u00c3 E O RIO GRANDE DO SUL | 2\u00aa ED. COMPLETA, REVISADA E ATUALIZADA<\/strong><\/p>\n\n\n\n<p>Autoria: Jean Roche<br>Categoria: Hist\u00f3ria\/Anais\/Encontros<br>Idioma: Portugu\u00eas<br>P\u00e1ginas: 824<br>Editora: Oikos<br><strong>Pre\u00e7o: R$ 165,00<\/strong><br><a href=\"https:\/\/oikoseditora.com.br\/new\/obra\/index\/id\/1206\" target=\"_blank\" rel=\"noreferrer noopener\">https:\/\/oikoseditora.com.br\/new\/obra\/index\/id\/1206<\/a><\/p>\n<\/div><\/div>\n\n\n\n<p><\/p>\n\n\n\n<p><\/p>\n\n\n\n<div style=\"height:20px\" aria-hidden=\"true\" class=\"wp-block-spacer\"><\/div>\n\n\n\n<h3 class=\"has-text-color\" style=\"color:#065bca\">A CAMINHO DE 2024<\/h3>\n\n\n\n<div style=\"height:20px\" aria-hidden=\"true\" class=\"wp-block-spacer\"><\/div>\n\n\n\n<p>Os pesquisadores do Instituto Hist\u00f3rico S\u00e3o Leopoldo Gerson Roberto Neumann e Jorge Luiz da Cunha publicaram na \u00faltima edi\u00e7\u00e3o da Revista T\u00f3picos um artigo sobre o projeto &#8220;A caminho de 2024&#8221;, que pretende celebrar o bicenten\u00e1rio da chegada dos imigrantes alem\u00e3es ao Brasil. <br><br>O artigo (p. 36 e 37), assim como a edi\u00e7\u00e3o completa da revista, pode ser acessado pelo link: <br><a rel=\"noreferrer noopener\" href=\"https:\/\/www.yumpu.com\/de\/document\/read\/65726327\/etopicos-ausgabe-2-2021-60-jahrgang\" target=\"_blank\">https:\/\/www.yumpu.com\/de\/document\/read\/65726327\/etopicos-ausgabe-2-2021-60-jahrgang<\/a> <\/p>\n\n\n\n<figure class=\"wp-block-image size-large is-resized\"><img loading=\"lazy\" src=\"http:\/\/institutohistoricosl.com.br\/wp-content\/uploads\/2021\/06\/Auf-dem-Weg-200-Jahre-1024x469.png\" alt=\"\" class=\"wp-image-1001\" width=\"1449\" height=\"664\" srcset=\"https:\/\/institutohistoricosl.com.br\/wp-content\/uploads\/2021\/06\/Auf-dem-Weg-200-Jahre-1024x469.png 1024w, https:\/\/institutohistoricosl.com.br\/wp-content\/uploads\/2021\/06\/Auf-dem-Weg-200-Jahre-300x137.png 300w, https:\/\/institutohistoricosl.com.br\/wp-content\/uploads\/2021\/06\/Auf-dem-Weg-200-Jahre-768x351.png 768w, https:\/\/institutohistoricosl.com.br\/wp-content\/uploads\/2021\/06\/Auf-dem-Weg-200-Jahre.png 1366w\" sizes=\"(max-width: 1449px) 100vw, 1449px\" \/><\/figure>\n\n\n\n<div style=\"height:100px\" aria-hidden=\"true\" class=\"wp-block-spacer\"><\/div>\n\n\n\n<h3 class=\"has-text-color\" style=\"color:#746a2a\"><strong>Livro <em>\u201cQuadros que falam: narrativas migrat\u00f3rias\u201d<\/em> acaba de ser publicado<\/strong><\/h3>\n\n\n\n<div style=\"height:24px\" aria-hidden=\"true\" class=\"wp-block-spacer\"><\/div>\n\n\n\n<div class=\"wp-block-media-text alignwide is-stacked-on-mobile is-vertically-aligned-center\" style=\"grid-template-columns:30% auto\"><figure class=\"wp-block-media-text__media\"><img src=\"http:\/\/oikoseditora.com.br\/static\/fotos-catalogo-obra\/1154\/250x360\/capa%20e%20selo.jpg\" alt=\"Quadros que falam: narrativas migrat\u00f3rias | Sprechende Bilder: Migrationsberichte | Paintings that talk: migratory narratives - Obra tril\u00edngue | Formato especial\"\/><\/figure><div class=\"wp-block-media-text__content\">\n<p><strong>Categoria:<\/strong> Hist\u00f3ria\/Anais\/Encontros<br><strong>Idioma:<\/strong> Obra tril\u00edngue (portugu\u00eas, alem\u00e3o e ingl\u00eas)<br><strong>P\u00e1ginas:<\/strong> 288<br><strong>Editora:<\/strong> Oikos<br><strong>Encomendas: <\/strong><a rel=\"noreferrer noopener\" href=\"http:\/\/oikoseditora.com.br\/obra\/index\/id\/1154\" target=\"_blank\">http:\/\/oikoseditora.com.br\/obra\/index\/id\/1154<\/a><\/p>\n\n\n\n<figure class=\"wp-block-image size-large is-resized\"><img loading=\"lazy\" src=\"http:\/\/institutohistoricosl.com.br\/wp-content\/uploads\/2021\/06\/Quadros-que-falam-Selo-2-1024x416.jpg\" alt=\"\" class=\"wp-image-980\" width=\"270\" height=\"109\" srcset=\"https:\/\/institutohistoricosl.com.br\/wp-content\/uploads\/2021\/06\/Quadros-que-falam-Selo-2-1024x416.jpg 1024w, https:\/\/institutohistoricosl.com.br\/wp-content\/uploads\/2021\/06\/Quadros-que-falam-Selo-2-300x122.jpg 300w, https:\/\/institutohistoricosl.com.br\/wp-content\/uploads\/2021\/06\/Quadros-que-falam-Selo-2-768x312.jpg 768w, https:\/\/institutohistoricosl.com.br\/wp-content\/uploads\/2021\/06\/Quadros-que-falam-Selo-2-1536x624.jpg 1536w, https:\/\/institutohistoricosl.com.br\/wp-content\/uploads\/2021\/06\/Quadros-que-falam-Selo-2.jpg 1574w\" sizes=\"(max-width: 270px) 100vw, 270px\" \/><\/figure>\n<\/div><\/div>\n\n\n\n<div style=\"height:20px\" aria-hidden=\"true\" class=\"wp-block-spacer\"><\/div>\n\n\n\n<p><\/p>\n\n\n\n<div style=\"height:20px\" aria-hidden=\"true\" class=\"wp-block-spacer\"><\/div>\n\n\n\n<p>O projeto est\u00e1 sendo desenvolvido pelo Instituto Hist\u00f3rico de S\u00e3o Leopoldo (IHSL), com patroc\u00ednio de Stihl, Grupo Herval e Tintas Killing. Al\u00e9m da publica\u00e7\u00e3o do livro, tril\u00edngue (portugu\u00eas, alem\u00e3o e ingl\u00eas) e em braille, o projeto prev\u00ea tamb\u00e9m oficinas pedag\u00f3gicas com professores\/as de escolas de dez munic\u00edpios do Vale do Rio dos Sinos.<\/p>\n\n\n\n<div style=\"height:36px\" aria-hidden=\"true\" class=\"wp-block-spacer\"><\/div>\n\n\n<div class=\"wp-block-image\">\n<figure class=\"aligncenter size-large is-resized\"><img loading=\"lazy\" src=\"http:\/\/institutohistoricosl.com.br\/wp-content\/uploads\/2021\/06\/FSlivro-6sdsd-1-1-2-1024x502.jpg\" alt=\"\" class=\"wp-image-948\" width=\"549\" height=\"269\" srcset=\"https:\/\/institutohistoricosl.com.br\/wp-content\/uploads\/2021\/06\/FSlivro-6sdsd-1-1-2-1024x502.jpg 1024w, https:\/\/institutohistoricosl.com.br\/wp-content\/uploads\/2021\/06\/FSlivro-6sdsd-1-1-2-300x147.jpg 300w, https:\/\/institutohistoricosl.com.br\/wp-content\/uploads\/2021\/06\/FSlivro-6sdsd-1-1-2-768x377.jpg 768w, https:\/\/institutohistoricosl.com.br\/wp-content\/uploads\/2021\/06\/FSlivro-6sdsd-1-1-2-1536x754.jpg 1536w, https:\/\/institutohistoricosl.com.br\/wp-content\/uploads\/2021\/06\/FSlivro-6sdsd-1-1-2-2048x1005.jpg 2048w\" sizes=\"(max-width: 549px) 100vw, 549px\" \/><\/figure><\/div>\n\n\n<div style=\"height:27px\" aria-hidden=\"true\" class=\"wp-block-spacer\"><\/div>\n\n\n\n<p>Por causa da pandemia do COVID-19, que impossibilita por enquanto um lan\u00e7amento presencial, decidimos fazer uma apresenta\u00e7\u00e3o do livro no atelier do Fl\u00e1vio Scholles (em Santa Maria do Herval), com um pequeno grupo de confrades e confreiras do Instituto, diretamente envolvidos no projeto, junto com o artista pl\u00e1stico Fl\u00e1vio Scholles e familiares. Todos\/as est\u00e1vamos devidamente preparados com m\u00e1scara e respeitamos o distanciamento necess\u00e1rio. Isso ocorreu no s\u00e1bado dia 22 de maio de 2021. Aproveitamos a oportunidade e fizemos a entrega oficial dos exemplares ao Fl\u00e1vio Scholles, aos que tinha direito conforme estabelece o projeto.<\/p>\n\n\n\n<p>Aguardamos o segundo semestre para analisarmos as condi\u00e7\u00f5es para um lan\u00e7amento presencial. Caso o evento presencial n\u00e3o seja poss\u00edvel, o faremos de forma virtual.<\/p>\n\n\n\n<div style=\"height:20px\" aria-hidden=\"true\" class=\"wp-block-spacer\"><\/div>\n\n\n\n<figure class=\"wp-container-2 wp-block-gallery-1 wp-block-gallery has-nested-images columns-default is-cropped\">\n<figure class=\"wp-block-image size-large\"><img loading=\"lazy\" width=\"1024\" height=\"768\" data-id=\"928\"  src=\"http:\/\/institutohistoricosl.com.br\/wp-content\/uploads\/2021\/06\/PHOTO-2021-05-14-07-59-18-1.jpg\" alt=\"\" class=\"wp-image-928\" srcset=\"https:\/\/institutohistoricosl.com.br\/wp-content\/uploads\/2021\/06\/PHOTO-2021-05-14-07-59-18-1.jpg 1024w, https:\/\/institutohistoricosl.com.br\/wp-content\/uploads\/2021\/06\/PHOTO-2021-05-14-07-59-18-1-300x225.jpg 300w, https:\/\/institutohistoricosl.com.br\/wp-content\/uploads\/2021\/06\/PHOTO-2021-05-14-07-59-18-1-768x576.jpg 768w, https:\/\/institutohistoricosl.com.br\/wp-content\/uploads\/2021\/06\/PHOTO-2021-05-14-07-59-18-1-120x90.jpg 120w\" sizes=\"(max-width: 1024px) 100vw, 1024px\" \/><figcaption><br>Isabel Arendt e Erny M\u00fcgge com <br>Cleomar Prunzel (Vice-presidente de Administra\u00e7\u00e3o e Finan\u00e7as da Stihl) e Cl\u00e1udio Guenther (Presidente Stihl Brasil)<\/figcaption><\/figure>\n\n\n\n<figure class=\"wp-block-image size-large\"><img loading=\"lazy\" width=\"768\" height=\"1024\" data-id=\"929\"  src=\"http:\/\/institutohistoricosl.com.br\/wp-content\/uploads\/2021\/06\/PHOTO-2021-05-19-13-35-08-1.jpg\" alt=\"\" class=\"wp-image-929\" srcset=\"https:\/\/institutohistoricosl.com.br\/wp-content\/uploads\/2021\/06\/PHOTO-2021-05-19-13-35-08-1.jpg 768w, https:\/\/institutohistoricosl.com.br\/wp-content\/uploads\/2021\/06\/PHOTO-2021-05-19-13-35-08-1-225x300.jpg 225w\" sizes=\"(max-width: 768px) 100vw, 768px\" \/><figcaption>Isabel Arendt e Erny M\u00fcgge com<br> Poliana Almeida (Comunica\u00e7\u00e3o e Marketing),<br> do Grupo Herval<\/figcaption><\/figure>\n\n\n\n<figure class=\"wp-block-image size-large\"><img loading=\"lazy\" width=\"768\" height=\"1024\" data-id=\"930\"  src=\"http:\/\/institutohistoricosl.com.br\/wp-content\/uploads\/2021\/06\/PHOTO-2021-06-02-10-01-14-1.jpg\" alt=\"\" class=\"wp-image-930\" srcset=\"https:\/\/institutohistoricosl.com.br\/wp-content\/uploads\/2021\/06\/PHOTO-2021-06-02-10-01-14-1.jpg 768w, https:\/\/institutohistoricosl.com.br\/wp-content\/uploads\/2021\/06\/PHOTO-2021-06-02-10-01-14-1-225x300.jpg 225w\" sizes=\"(max-width: 768px) 100vw, 768px\" \/><figcaption>&nbsp;Isabel Arendt e Erny M\u00fcgge com <br>Nathalia Luiza Cardoso Spindler e<br>Guilherme Medaglia (Gerente de Marketing) da Tintas Killing<\/figcaption><\/figure>\n<\/figure>\n\n\n\n<div style=\"height:20px\" aria-hidden=\"true\" class=\"wp-block-spacer\"><\/div>\n\n\n\n<p>A presidente do IHSL Isabel Arendt e o confrade Erny M\u00fcgge fizeram na semana anterior a entrega dos livros para as empresas patrocinadoras: Stihl, Grupo Herval e Tintas Killing. No momento, a Editora Oikos est\u00e1 preparando os pacotes para a distribui\u00e7\u00e3o dos demais exemplares para universidades p\u00fablicas brasileiras, incluindo: institutos federais; museus hist\u00f3ricos dos estados do sul do Brasil e institui\u00e7\u00f5es alem\u00e3s vinculadas \u00e0 pesquisa da emigra\u00e7\u00e3o\/imigra\u00e7\u00e3o; institui\u00e7\u00f5es de ensino\/universidades comunit\u00e1rias no sul do Brasil;&nbsp;institui\u00e7\u00f5es alem\u00e3s e americanas vinculadas \u00e0 pesquisa da emigra\u00e7\u00e3o\/imigra\u00e7\u00e3o e membros do IHSL (os exemplares ser\u00e3o enviados pelo correio). Al\u00e9m disso, ser\u00e3o reservados nos pr\u00f3ximos dias os exemplares para as escolas e institui\u00e7\u00f5es de ensino integradas nas oficinas pedag\u00f3gicas nos 10 (dez) munic\u00edpios do Vale do Sinos (Novo Hamburgo, Campo Bom, Sapiranga, Ivoti, Dois Irm\u00e3os, Nova Hartz, Morro Reuter, Est\u00e2ncia Velha, Santa Maria do Herval e S\u00e3o Leopoldo). Ainda no s\u00e1bado (22\/05), realizou-se uma entrevista com Fl\u00e1vio Scholles que ser\u00e1 utilizada nas oficinas pedag\u00f3gicas, a serem implementadas por Dalva Reinheimer, Vania Priamo e Rodrigo Luis dos Santos.<\/p>\n\n\n\n<div style=\"height:20px\" aria-hidden=\"true\" class=\"wp-block-spacer\"><\/div>\n\n\n\n<div style=\"height:20px\" aria-hidden=\"true\" class=\"wp-block-spacer\"><\/div>\n\n\n\n<div style=\"height:67px\" aria-hidden=\"true\" class=\"wp-block-spacer\"><\/div>\n\n\n\n<div class=\"wp-container-3 wp-block-group\"><div class=\"wp-block-group__inner-container\"><\/div><\/div>\n","protected":false},"excerpt":{"rendered":"<p>IHSL completa 50 anos Contando com uma constela\u00e7\u00e3o pol\u00edtica favor\u00e1vel, que inclu\u00eda Euclides Triches, descendente de italianos, como governador do&hellip; <a class=\"read-more\" href=\"https:\/\/institutohistoricosl.com.br\/\">Continue lendo<\/a><\/p>\n","protected":false},"author":2,"featured_media":0,"parent":0,"menu_order":0,"comment_status":"closed","ping_status":"closed","template":"","meta":[],"_links":{"self":[{"href":"https:\/\/institutohistoricosl.com.br\/index.php?rest_route=\/wp\/v2\/pages\/108"}],"collection":[{"href":"https:\/\/institutohistoricosl.com.br\/index.php?rest_route=\/wp\/v2\/pages"}],"about":[{"href":"https:\/\/institutohistoricosl.com.br\/index.php?rest_route=\/wp\/v2\/types\/page"}],"author":[{"embeddable":true,"href":"https:\/\/institutohistoricosl.com.br\/index.php?rest_route=\/wp\/v2\/users\/2"}],"replies":[{"embeddable":true,"href":"https:\/\/institutohistoricosl.com.br\/index.php?rest_route=%2Fwp%2Fv2%2Fcomments&post=108"}],"version-history":[{"count":185,"href":"https:\/\/institutohistoricosl.com.br\/index.php?rest_route=\/wp\/v2\/pages\/108\/revisions"}],"predecessor-version":[{"id":1320,"href":"https:\/\/institutohistoricosl.com.br\/index.php?rest_route=\/wp\/v2\/pages\/108\/revisions\/1320"}],"wp:attachment":[{"href":"https:\/\/institutohistoricosl.com.br\/index.php?rest_route=%2Fwp%2Fv2%2Fmedia&parent=108"}],"curies":[{"name":"wp","href":"https:\/\/api.w.org\/{rel}","templated":true}]}}